{"id":7421,"date":"2023-03-01T08:21:37","date_gmt":"2023-03-01T07:21:37","guid":{"rendered":"https:\/\/www.hsu-hh.de\/ztb\/?page_id=7421"},"modified":"2023-04-03T16:18:34","modified_gmt":"2023-04-03T14:18:34","slug":"call-for-papers2023","status":"publish","type":"page","link":"https:\/\/www.hsu-hh.de\/ztb\/call-for-papers2023","title":{"rendered":"Call for Papers 2023"},"content":{"rendered":"\n<figure class=\"wp-block-image size-full is-resized\"><img loading=\"lazy\" decoding=\"async\" src=\"https:\/\/www.hsu-hh.de\/ztb\/wp-content\/uploads\/sites\/665\/2023\/03\/AdobeStock_140753077_C_Alexander_Limbach.jpg\" data-credit=\"Alexander Limbach\/stock.adobe.\" alt=\"\" class=\"wp-image-7745\" width=\"1141\" height=\"337\" srcset=\"https:\/\/www.hsu-hh.de\/ztb\/wp-content\/uploads\/sites\/665\/2023\/03\/AdobeStock_140753077_C_Alexander_Limbach.jpg 1000w, https:\/\/www.hsu-hh.de\/ztb\/wp-content\/uploads\/sites\/665\/2023\/03\/AdobeStock_140753077_C_Alexander_Limbach-300x89.jpg 300w, https:\/\/www.hsu-hh.de\/ztb\/wp-content\/uploads\/sites\/665\/2023\/03\/AdobeStock_140753077_C_Alexander_Limbach-768x227.jpg 768w\" sizes=\"auto, (max-width: 1141px) 100vw, 1141px\" \/><\/figure>\n\n\n<div class=\"wp-block-image\">\n<figure class=\"alignleft size-full is-resized\"><img loading=\"lazy\" decoding=\"async\" src=\"https:\/\/www.hsu-hh.de\/ztb\/wp-content\/uploads\/sites\/665\/2020\/08\/Nur_Logo.jpg\" data-credit=\"HSU\" alt=\"LoGo\" class=\"wp-image-3684\" width=\"120\" height=\"120\" srcset=\"https:\/\/www.hsu-hh.de\/ztb\/wp-content\/uploads\/sites\/665\/2020\/08\/Nur_Logo.jpg 239w, https:\/\/www.hsu-hh.de\/ztb\/wp-content\/uploads\/sites\/665\/2020\/08\/Nur_Logo-150x150.jpg 150w, https:\/\/www.hsu-hh.de\/ztb\/wp-content\/uploads\/sites\/665\/2020\/08\/Nur_Logo-100x100.jpg 100w\" sizes=\"auto, (max-width: 120px) 100vw, 120px\" \/><\/figure>\n<\/div>\n\n\n<h3 class=\"wp-block-heading\">(Aus)Bildungskongress der Bundeswehr 2023<\/h3>\n\n\n\n<h2 class=\"has-x-large-font-size wp-block-heading\">Call for Papers 2023<\/h2>\n\n\n\n<hr class=\"wp-block-separator has-alpha-channel-opacity\" \/>\n\n\n\n<div style=\"height:28px\" aria-hidden=\"true\" class=\"wp-block-spacer\"><\/div>\n\n\n\n<h1 class=\"has-text-align-left wp-block-heading\" style=\"font-size:40px\">\u201eZeitenwende\u201c \u2013 Wie gelingt die Bew\u00e4ltigung der Herausforderungen?<\/h1>\n\n\n\n<div style=\"height:28px\" aria-hidden=\"true\" class=\"wp-block-spacer\"><\/div>\n\n\n\n<blockquote class=\"wp-block-quote has-text-align-center is-layout-flow wp-block-quote-is-layout-flow\">\n<p><\/p>\n\n\n\n<p>&nbsp;<em>\u201eWir erleben eine Zeitenwende.<br>Das bedeutet: Die Welt danach ist nicht mehr dieselbe wie die Welt davor.\u201c<\/em><\/p>\n<cite>Bundeskanzler Olaf Scholz am 27. Februar 2022<\/cite><\/blockquote>\n\n\n\n<div style=\"height:48px\" aria-hidden=\"true\" class=\"wp-block-spacer\"><\/div>\n\n\n\n<div class=\"wp-block-columns is-layout-flex wp-container-core-columns-is-layout-9d6595d7 wp-block-columns-is-layout-flex\">\n<div class=\"wp-block-column is-layout-flow wp-block-column-is-layout-flow\"><div class=\"wp-block-image\">\n<figure class=\"alignleft size-large\"><img loading=\"lazy\" decoding=\"async\" width=\"1024\" height=\"464\" src=\"https:\/\/www.hsu-hh.de\/ztb\/wp-content\/uploads\/sites\/665\/2023\/03\/AdobeStock_526623785_C_metamorworks-1024x464.jpeg\" data-credit=\"metamorworks \/ stock.adobe.com\" alt=\"\" class=\"wp-image-7641\" srcset=\"https:\/\/www.hsu-hh.de\/ztb\/wp-content\/uploads\/sites\/665\/2023\/03\/AdobeStock_526623785_C_metamorworks-1024x464.jpeg 1024w, https:\/\/www.hsu-hh.de\/ztb\/wp-content\/uploads\/sites\/665\/2023\/03\/AdobeStock_526623785_C_metamorworks-300x136.jpeg 300w, https:\/\/www.hsu-hh.de\/ztb\/wp-content\/uploads\/sites\/665\/2023\/03\/AdobeStock_526623785_C_metamorworks-768x348.jpeg 768w, https:\/\/www.hsu-hh.de\/ztb\/wp-content\/uploads\/sites\/665\/2023\/03\/AdobeStock_526623785_C_metamorworks-1536x695.jpeg 1536w, https:\/\/www.hsu-hh.de\/ztb\/wp-content\/uploads\/sites\/665\/2023\/03\/AdobeStock_526623785_C_metamorworks-2048x927.jpeg 2048w, https:\/\/www.hsu-hh.de\/ztb\/wp-content\/uploads\/sites\/665\/2023\/03\/AdobeStock_526623785_C_metamorworks-1100x498.jpeg 1100w\" sizes=\"auto, (max-width: 1024px) 100vw, 1024px\" \/><figcaption class=\"wp-element-caption\">Der <strong>(Aus)Bildungskongress der Bundeswehr 2023<\/strong>  hat die \u201eZeitenwende\u201c f\u00fcr Aus-, Fort- und Weiterbildung im Blick<\/figcaption><\/figure>\n<\/div>\n\n\n<p><\/p>\n<\/div>\n\n\n\n<div class=\"wp-block-column is-layout-flow wp-block-column-is-layout-flow\">\n<p>Was Bundeskanzler Olaf Scholz nach dem Angriff Russlands auf die Ukraine in seiner Regierungserkl\u00e4rung mit dem Begriff der \u201eZeitenwende\u201c deutlich zum Ausdruck brachte, gilt heute gleicherma\u00dfen f\u00fcr multiple weltumspannende Krisenlagen wie die Corona-Pandemie oder die Erderw\u00e4rmung: Diese stellen Menschen wie Institutionen, Staaten und B\u00fcndnisse  gesellschaftlich und technisch vor immense Herausforderungen.<\/p>\n\n\n\n<p>Diese Krisen wirken parallel in nahezu alle privaten und \u00f6ffentlichen Lebensbereiche und erzwingen ebenso schnellen wie tiefgreifenden Wandel, der irreversibel erscheint. Auf pers\u00f6nlichen wie institutionellen Ebenen erfordert dieser Wandel ein ungekanntes Ausma\u00df an Resilienzen und wird damit auch zur \u201eZeitenwende\u201c f\u00fcr Aus-, Fort- und Weiterbildung.<\/p>\n\n\n\n<p>Aus diesem Grund stellt der <br><strong>(Aus)Bildungskongress der Bundeswehr 2023 an der <\/strong><br><strong>Helmut-Schmidt-Universit\u00e4t\/Universit\u00e4t der Bundeswehr Hamburg, vom 12. \u2013 14. September<\/strong> die Frage:<\/p>\n\n\n\n<h3 class=\"has-medium-font-size wp-block-heading\"><strong>\u201eZeitenwende\u201c \u2013 Wie gelingt die Bew\u00e4ltigung der Herausforderungen?<\/strong><\/h3>\n\n\n\n<p>Hiermit laden wir Sie herzlich ein, am <strong>Call for Papers<\/strong> teilzunehmen und einen eigenen Beitrag zum Kongress-Programm einzureichen.<\/p>\n\n\n\n<p>Der <strong>Call for Papers<\/strong> steht Ihnen hier sowohl in Form einer <strong>Kurzfassung<\/strong> zu Verf\u00fcgung als auch in einer<strong> Langfassung <\/strong>mit ausgiebigem Hintergrund inklusive der Herleitung des Themenschwerpunkts und seiner Leitfragen:<\/p>\n\n\n\n<p>Zum <strong>Download<\/strong> clicken Sie bitte hier:                                       <\/p>\n\n\n\n<div class=\"wp-block-hsu-downloadblock\"><div class=\"thumbnail-area\"><img decoding=\"async\" src=\"\/wp-content\/themes\/hsu\/img\/dummy\/downloads_dummy.png\" alt=\"Download Symbol-Icon\" \/><\/div><div class=\"text-area\">Call for Papers 2023 &#8211; Kurzfassung<\/div><div class=\"download-area\"><a class=\"download-link\" href=\"https:\/\/www.hsu-hh.de\/ztb\/wp-content\/uploads\/sites\/665\/2023\/04\/2023-03-31_Call-for-Papers-2023_final.pdf\"><span class=\"download-name\">pdf laden<\/span><span class=\"download-icon\"><img decoding=\"async\" class=\"download-icon\" alt=\"download icon\" src=\"\/wp-content\/themes\/hsu\/img\/icons\/download_icon.png\" \/><\/span><span class=\"download-size\">610 kB<\/span><\/a><\/div><\/div>\n\n\n\n<div class=\"wp-block-hsu-downloadblock\"><div class=\"thumbnail-area\"><img decoding=\"async\" src=\"\/wp-content\/themes\/hsu\/img\/dummy\/downloads_dummy.png\" alt=\"Download Symbol-Icon\" \/><\/div><div class=\"text-area\">Call for Papers 2023 &#8211; Langfassung<\/div><div class=\"download-area\"><a class=\"download-link\" href=\"https:\/\/www.hsu-hh.de\/ztb\/wp-content\/uploads\/sites\/665\/2023\/04\/2023-03-31_HiGrU-Call-for-Papers-2023_final.pdf\"><span class=\"download-name\">pdf laden<\/span><span class=\"download-icon\"><img decoding=\"async\" class=\"download-icon\" alt=\"download icon\" src=\"\/wp-content\/themes\/hsu\/img\/icons\/download_icon.png\" \/><\/span><span class=\"download-size\">670 kB<\/span><\/a><\/div><\/div>\n\n\n\n<div class=\"wp-block-hsu-downloadblock\"><div class=\"thumbnail-area\"><img decoding=\"async\" src=\"\/wp-content\/themes\/hsu\/img\/dummy\/downloads_dummy.png\" alt=\"Download Symbol-Icon\" \/><\/div><div class=\"text-area\">Formate und Kriterien<\/div><div class=\"download-area\"><a class=\"download-link\" href=\"https:\/\/www.hsu-hh.de\/ztb\/wp-content\/uploads\/sites\/665\/2023\/04\/2023-03-31_-Formate-und-Kriterien_final.pdf\"><span class=\"download-name\">pdf laden<\/span><span class=\"download-icon\"><img decoding=\"async\" class=\"download-icon\" alt=\"download icon\" src=\"\/wp-content\/themes\/hsu\/img\/icons\/download_icon.png\" \/><\/span><span class=\"download-size\">431 kB<\/span><\/a><\/div><\/div>\n\n\n\n<div class=\"wp-block-hsu-downloadblock\"><div class=\"thumbnail-area\"><img decoding=\"async\" src=\"\/wp-content\/themes\/hsu\/img\/dummy\/downloads_dummy.png\" alt=\"Download Symbol-Icon\" \/><\/div><div class=\"text-area\">Formatvorlage\/Template<\/div><div class=\"download-area\"><a class=\"download-link\" href=\"https:\/\/www.hsu-hh.de\/ztb\/wp-content\/uploads\/sites\/665\/2023\/04\/2023-03-31_Formatvorlage-Abstracts-final.pdf\"><span class=\"download-name\">pdf laden<\/span><span class=\"download-icon\"><img decoding=\"async\" class=\"download-icon\" alt=\"download icon\" src=\"\/wp-content\/themes\/hsu\/img\/icons\/download_icon.png\" \/><\/span><span class=\"download-size\">668 kB<\/span><\/a><\/div><\/div>\n\n\n\n<p class=\"has-grey-background-color has-background has-medium-font-size\"><strong>Please find English Versions of all documents <a href=\"https:\/\/www.hsu-hh.de\/ztb\/en\/__trashed-4?preview_id=7615&amp;preview_nonce=9309d90d30&amp;preview=true\" target=\"_blank\" rel=\"noreferrer noopener\">here<\/a><\/strong><\/p>\n\n\n\n<div style=\"height:68px\" aria-hidden=\"true\" class=\"wp-block-spacer\"><\/div>\n\n\n\n<p class=\"has-grey-background-color has-background\">Bei Fragen stehen wir Ihnen gern unter <a href=\"mailto:ausbidungskongress@hsu-hh.de\" rel='nofollow'>ausbildungskongress@hsu-hh.de<\/a> zur Verf\u00fcgung.<\/p>\n<\/div>\n<\/div>\n\n\n\n<hr class=\"wp-block-separator has-alpha-channel-opacity\" \/>\n\n\n\n<div class=\"wp-block-columns is-layout-flex wp-container-core-columns-is-layout-9d6595d7 wp-block-columns-is-layout-flex\">\n<div class=\"wp-block-column is-layout-flow wp-block-column-is-layout-flow\"><div class=\"wp-block-image\">\n<figure class=\"aligncenter size-large is-resized\"><a href=\"https:\/\/www.hsu-hh.de\/ztb\/ausbildungskongress23\"><img loading=\"lazy\" decoding=\"async\" src=\"https:\/\/www.hsu-hh.de\/ztb\/wp-content\/uploads\/sites\/665\/2023\/03\/AdobeStock_526623785_C_metamorworks-edited-1024x576.jpeg\" data-credit=\" metamorworks\/stock.adobe.com\" alt=\"nachdenkende Frau\" class=\"wp-image-8066\" width=\"250\" height=\"135\" \/><\/a><figcaption class=\"wp-element-caption\"><a href=\"https:\/\/www.hsu-hh.de\/ztb\/ausbildungskongress23\">(Aus)Bildungskongress 2023<\/a><\/figcaption><\/figure>\n<\/div><\/div>\n\n\n\n<div class=\"wp-block-column is-layout-flow wp-block-column-is-layout-flow\"><div class=\"wp-block-image\">\n<figure class=\"aligncenter size-large is-resized\"><a href=\"https:\/\/www.hsu-hh.de\/ztb\/ausbildungskongress-news\"><img loading=\"lazy\" decoding=\"async\" src=\"https:\/\/www.hsu-hh.de\/ztb\/wp-content\/uploads\/sites\/665\/2023\/03\/AdobeStock_289249892_C_daboost-edited-1024x576.jpeg\" data-credit=\"daboost\/stock.adobe.com\" alt=\"\" class=\"wp-image-8065\" width=\"250\" height=\"135\" \/><\/a><figcaption class=\"wp-element-caption\"><a href=\"https:\/\/www.hsu-hh.de\/ztb\/ausbildungskongress-news\" data-type=\"URL\" data-id=\"https:\/\/www.hsu-hh.de\/ztb\/ausbildungskongress-news\">News<\/a><\/figcaption><\/figure>\n<\/div><\/div>\n<\/div>\n\n\n\n<div class=\"wp-block-columns is-layout-flex wp-container-core-columns-is-layout-9d6595d7 wp-block-columns-is-layout-flex\">\n<div class=\"wp-block-column is-layout-flow wp-block-column-is-layout-flow\"><div class=\"wp-block-image\">\n<figure class=\"aligncenter size-large is-resized\"><a href=\"https:\/\/www.hsu-hh.de\/ztb\/ausbildungskongress-archiv\"><img loading=\"lazy\" decoding=\"async\" src=\"https:\/\/www.hsu-hh.de\/ztb\/wp-content\/uploads\/sites\/665\/2023\/03\/AdobeStock_197922276_C_Lichtfexx-edited-scaled.jpeg\" data-credit=\" Lichtfexx\/stock.adobe.com\" alt=\"\" class=\"wp-image-7965\" width=\"250\" height=\"135\" \/><\/a><figcaption class=\"wp-element-caption\"><a href=\"https:\/\/www.hsu-hh.de\/ztb\/ausbildungskongress-archiv\" data-type=\"URL\" data-id=\"https:\/\/www.hsu-hh.de\/ztb\/ausbildungskongress-archiv\">Archiv<\/a><\/figcaption><\/figure>\n<\/div><\/div>\n\n\n\n<div class=\"wp-block-column is-layout-flow wp-block-column-is-layout-flow\"><div class=\"wp-block-image\">\n<figure class=\"aligncenter size-large is-resized\"><a href=\"https:\/\/www.hsu-hh.de\/ztb\/ausbildungskongress-faq\"><img loading=\"lazy\" decoding=\"async\" src=\"https:\/\/www.hsu-hh.de\/ztb\/wp-content\/uploads\/sites\/665\/2023\/03\/AdobeStock_271727064_C_Mediaparts-edited-scaled.jpeg\" data-credit=\" Mediaparts\/stock.adobe.com\" alt=\"\" class=\"wp-image-7959\" width=\"250\" height=\"135\" \/><\/a><figcaption class=\"wp-element-caption\"><a href=\"https:\/\/www.hsu-hh.de\/ztb\/ausbildungskongress-faq\" data-type=\"URL\" data-id=\"https:\/\/www.hsu-hh.de\/ztb\/ausbildungskongress-faq\"><abbr title=\"Freqently Asked Questions\">FAQ<\/abbr><\/a><\/figcaption><\/figure>\n<\/div><\/div>\n<\/div>\n\n\n\n<hr class=\"wp-block-separator has-alpha-channel-opacity\" \/>\n\n\n\n<hr class=\"wp-block-separator has-alpha-channel-opacity\" \/>\n\n\n\n<div class=\"wp-block-columns is-layout-flex wp-container-core-columns-is-layout-9d6595d7 wp-block-columns-is-layout-flex\">\n<div class=\"wp-block-column is-layout-flow wp-block-column-is-layout-flow\">\n<figure class=\"wp-block-image size-large\"><img loading=\"lazy\" decoding=\"async\" width=\"1024\" height=\"241\" src=\"https:\/\/www.hsu-hh.de\/ztb\/wp-content\/uploads\/sites\/665\/2023\/03\/dtec.bw_EU-Foederhinweis_CMYK_vertikal-1-1024x241.jpg\" data-credit=\"dtec.bw\" alt=\"\" class=\"wp-image-8038\" srcset=\"https:\/\/www.hsu-hh.de\/ztb\/wp-content\/uploads\/sites\/665\/2023\/03\/dtec.bw_EU-Foederhinweis_CMYK_vertikal-1-1024x241.jpg 1024w, https:\/\/www.hsu-hh.de\/ztb\/wp-content\/uploads\/sites\/665\/2023\/03\/dtec.bw_EU-Foederhinweis_CMYK_vertikal-1-300x71.jpg 300w, https:\/\/www.hsu-hh.de\/ztb\/wp-content\/uploads\/sites\/665\/2023\/03\/dtec.bw_EU-Foederhinweis_CMYK_vertikal-1-768x181.jpg 768w, https:\/\/www.hsu-hh.de\/ztb\/wp-content\/uploads\/sites\/665\/2023\/03\/dtec.bw_EU-Foederhinweis_CMYK_vertikal-1-1100x259.jpg 1100w, https:\/\/www.hsu-hh.de\/ztb\/wp-content\/uploads\/sites\/665\/2023\/03\/dtec.bw_EU-Foederhinweis_CMYK_vertikal-1.jpg 1418w\" sizes=\"auto, (max-width: 1024px) 100vw, 1024px\" \/><\/figure>\n<\/div>\n\n\n\n<div class=\"wp-block-column is-layout-flow wp-block-column-is-layout-flow\"><\/div>\n<\/div>\n\n\n\n<div class=\"wp-block-columns is-layout-flex wp-container-core-columns-is-layout-9d6595d7 wp-block-columns-is-layout-flex\">\n<div class=\"wp-block-column is-layout-flow wp-block-column-is-layout-flow\">\n<p>Das <a rel=\"noreferrer noopener\" href=\"https:\/\/dtecbw.de\" target=\"_blank\">dtec.bw \u2013 Zentrum f\u00fcr Digitalisierungs- und Technologieforschung der Bundeswehr<\/a> \u2013 ist ein von den Universit\u00e4ten der Bundeswehr Hamburg und M\u00fcnchen gemeinsam getragenes wissenschaftliches Zentrum und Bestandteil des Konjunkturprogramms der Bundesregierung zur \u00dcberwindung der COVID-19-Krise. Es unterliegt der akademischen Selbstverwaltung. Die Mittel, mit denen das dtec.bw ausgestattet wurde, werden an beiden Universit\u00e4ten der Bundeswehr zur Finanzierung von Forschungsprojekten und Projekten zum Wissens- und Technologietransfer eingesetzt. dtec.bw wird von der Europ\u00e4ischen Union \u2013 NextGenerationEU finanziert.<\/p>\n<\/div>\n<\/div>\n","protected":false},"excerpt":{"rendered":"<p>(Aus)Bildungskongress der Bundeswehr 2023 Call for Papers 2023 \u201eZeitenwende\u201c \u2013 Wie gelingt die Bew\u00e4ltigung der Herausforderungen? &nbsp;\u201eWir erleben eine Zeitenwende.Das bedeutet: Die Welt danach ist nicht mehr dieselbe wie die [&hellip;]<\/p>\n","protected":false},"author":3578,"featured_media":0,"parent":0,"menu_order":0,"comment_status":"closed","ping_status":"closed","template":"","meta":{"footnotes":""},"categories":[4,47],"tags":[105,111,95,109,97,113,119,117,115,107],"class_list":["post-7421","page","type-page","status-publish","hentry","category-forschung","category-kongress","tag-abk2023","tag-ausbildung","tag-ausbildungskongress","tag-bundeswehr","tag-call-for-papers","tag-fortbildung","tag-helmut-schmidt","tag-universitaet","tag-weiterbildung","tag-zeitenwende"],"_links":{"self":[{"href":"https:\/\/www.hsu-hh.de\/ztb\/wp-json\/wp\/v2\/pages\/7421","targetHints":{"allow":["GET"]}}],"collection":[{"href":"https:\/\/www.hsu-hh.de\/ztb\/wp-json\/wp\/v2\/pages"}],"about":[{"href":"https:\/\/www.hsu-hh.de\/ztb\/wp-json\/wp\/v2\/types\/page"}],"author":[{"embeddable":true,"href":"https:\/\/www.hsu-hh.de\/ztb\/wp-json\/wp\/v2\/users\/3578"}],"replies":[{"embeddable":true,"href":"https:\/\/www.hsu-hh.de\/ztb\/wp-json\/wp\/v2\/comments?post=7421"}],"version-history":[{"count":103,"href":"https:\/\/www.hsu-hh.de\/ztb\/wp-json\/wp\/v2\/pages\/7421\/revisions"}],"predecessor-version":[{"id":8249,"href":"https:\/\/www.hsu-hh.de\/ztb\/wp-json\/wp\/v2\/pages\/7421\/revisions\/8249"}],"wp:attachment":[{"href":"https:\/\/www.hsu-hh.de\/ztb\/wp-json\/wp\/v2\/media?parent=7421"}],"wp:term":[{"taxonomy":"category","embeddable":true,"href":"https:\/\/www.hsu-hh.de\/ztb\/wp-json\/wp\/v2\/categories?post=7421"},{"taxonomy":"post_tag","embeddable":true,"href":"https:\/\/www.hsu-hh.de\/ztb\/wp-json\/wp\/v2\/tags?post=7421"}],"curies":[{"name":"wp","href":"https:\/\/api.w.org\/{rel}","templated":true}]}}