{"id":12486,"date":"2025-07-28T10:26:20","date_gmt":"2025-07-28T08:26:20","guid":{"rendered":"https:\/\/www.hsu-hh.de\/ztb\/?page_id=12486"},"modified":"2025-10-24T11:47:45","modified_gmt":"2025-10-24T09:47:45","slug":"tagungsprogramm-dienstag-02-september-2025","status":"publish","type":"page","link":"https:\/\/www.hsu-hh.de\/ztb\/tagungsprogramm-dienstag-02-september-2025","title":{"rendered":"Tagungsprogramm, Dienstag, 02. September 2025"},"content":{"rendered":"\n<p><\/p>\n\n\n\n<p class=\"has-text-align-left has-medium-font-size\"><strong>Plenumsprogramm im H\u00f6rsaal 5<\/strong>*<\/p>\n\n\n\n<div class=\"wp-block-columns is-layout-flex wp-container-core-columns-is-layout-9d6595d7 wp-block-columns-is-layout-flex\">\n<div class=\"wp-block-column is-layout-flow wp-block-column-is-layout-flow\" style=\"flex-basis:33.33%\">\n<p>10:00 <strong>\u2013<\/strong> 10:10 Uhr<\/p>\n\n\n\n<p><\/p>\n<\/div>\n\n\n\n<div class=\"wp-block-column is-layout-flow wp-block-column-is-layout-flow\" style=\"flex-basis:66.66%\">\n<p><strong>Begr\u00fc\u00dfung<\/strong><br><abbr title=\"Professor\">Prof.<\/abbr> <abbr title=\"Doktor\">Dr.<\/abbr> Klaus Beckmann<br>Pr\u00e4sident der Helmut-Schmidt-Universit\u00e4t\/Universit\u00e4t der Bundeswehr Hamburg<\/p>\n\n\n\n<p><\/p>\n<\/div>\n<\/div>\n\n\n\n<div class=\"wp-block-columns is-layout-flex wp-container-core-columns-is-layout-9d6595d7 wp-block-columns-is-layout-flex\">\n<div class=\"wp-block-column is-layout-flow wp-block-column-is-layout-flow\" style=\"flex-basis:33.33%\">\n<p>10:15 <strong>\u2013<\/strong> 10:30 Uhr<\/p>\n\n\n\n<p><\/p>\n<\/div>\n\n\n\n<div class=\"wp-block-column is-layout-flow wp-block-column-is-layout-flow\" style=\"flex-basis:66.66%\">\n<p><strong>Er\u00f6ffnung<\/strong><br>Verteidigungsminister Boris Pistorius (o. V. i. A.)<br>Bundesministerium der Verteidigung<\/p>\n\n\n\n<p><\/p>\n<\/div>\n<\/div>\n\n\n\n<div class=\"wp-block-columns is-layout-flex wp-container-core-columns-is-layout-9d6595d7 wp-block-columns-is-layout-flex\">\n<div class=\"wp-block-column is-vertically-aligned-top is-layout-flow wp-block-column-is-layout-flow\" style=\"flex-basis:33.33%\">\n<p>10:35 <strong>\u2013<\/strong> 10:55 Uhr<\/p>\n<\/div>\n\n\n\n<div class=\"wp-block-column is-layout-flow wp-block-column-is-layout-flow\" style=\"flex-basis:66.66%\">\n<p><strong>Keynote<\/strong><br>&#8222;Die Bedeutung von k\u00fcnstlicher Intelligenz f\u00fcr die deutschen Streitkr\u00e4fte&#8220;<br>Generalleutnant Michael Vetter, Abteilungsleiter Cyber\/Informationstechnik<br>Bundesministerium der Verteidigung<\/p>\n\n\n\n<p><\/p>\n<\/div>\n<\/div>\n\n\n\n<div class=\"wp-block-columns is-layout-flex wp-container-core-columns-is-layout-9d6595d7 wp-block-columns-is-layout-flex\">\n<div class=\"wp-block-column is-layout-flow wp-block-column-is-layout-flow\" style=\"flex-basis:33.33%\">\n<p>10:55 <strong>\u2013<\/strong> 11:10 Uhr<\/p>\n<\/div>\n\n\n\n<div class=\"wp-block-column is-layout-flow wp-block-column-is-layout-flow\" style=\"flex-basis:66.66%\">\n<p><strong> Pause<\/strong><\/p>\n<\/div>\n<\/div>\n\n\n\n<div class=\"wp-block-columns is-layout-flex wp-container-core-columns-is-layout-9d6595d7 wp-block-columns-is-layout-flex\">\n<div class=\"wp-block-column is-layout-flow wp-block-column-is-layout-flow\" style=\"flex-basis:33.33%\">\n<p>11:15 <strong>\u2013<\/strong> 11:45 Uhr<\/p>\n<\/div>\n\n\n\n<div class=\"wp-block-column is-layout-flow wp-block-column-is-layout-flow\" style=\"flex-basis:66.66%\">\n<p><strong>Keynote<\/strong><br>&#8222;Medienkritik als Schl\u00fcsselkompetenz in einer digitalen Gesellschaft: Mehrdimensionale Urteilskompetenz als Basis f\u00fcr Critical Thinking&#8220;<br>Prof.in <abbr title=\"Doktor\">Dr.<\/abbr> Sonja Ganguin, Direktorin des Zentrums f\u00fcr Medienproduktion (ZMP)<br>Universit\u00e4t Leipzig<\/p>\n\n\n\n<p><\/p>\n<\/div>\n<\/div>\n\n\n\n<div class=\"wp-block-columns is-layout-flex wp-container-core-columns-is-layout-9d6595d7 wp-block-columns-is-layout-flex\">\n<div class=\"wp-block-column is-layout-flow wp-block-column-is-layout-flow\" style=\"flex-basis:33.33%\">\n<p>11:50 &#8211; 12:10 Uhr<\/p>\n<\/div>\n\n\n\n<div class=\"wp-block-column is-layout-flow wp-block-column-is-layout-flow\" style=\"flex-basis:66.66%\">\n<p><strong>Impulsvortrag<\/strong><br>Konteradmiral Axel Deertz, Stellvertreter der Abteilungsleiterin Einsatzbereitschaft und Unterst\u00fctzung Streitkr\u00e4fte<br>Bundesministerium der Verteidigung<br><\/p>\n\n\n\n<p><\/p>\n<\/div>\n<\/div>\n\n\n\n<div class=\"wp-block-columns is-layout-flex wp-container-core-columns-is-layout-9d6595d7 wp-block-columns-is-layout-flex\">\n<div class=\"wp-block-column is-layout-flow wp-block-column-is-layout-flow\" style=\"flex-basis:33.33%\">\n<p>12:15 <strong>\u2013<\/strong> 13:15 Uhr<\/p>\n<\/div>\n\n\n\n<div class=\"wp-block-column is-layout-flow wp-block-column-is-layout-flow\" style=\"flex-basis:66.66%\">\n<p><strong>Podiumsdiskussion<\/strong> <strong>&#8222;K\u00fcnstliche Intelligenz als gesellschaftlicher und medialer Disruptionsfaktor&#8220;<\/strong><br><br><strong>Generalleutnant Michael Vetter<\/strong><br>Abteilungsleiter Cyber\/Informationstechnik, Bundesministerium der Verteidigung<br><strong>Konteradmiral Axel Deertz<\/strong><br>Stellvertreter der Abteilungsleiterin Einsatzbereitschaft und Unterst\u00fctzung Streitkr\u00e4fte, Bundesministerium der Verteidigung<br><strong>Prof.in <abbr title=\"Doktor\">Dr.<\/abbr> Sonja Ganguin<\/strong><br>Direktorin des Zentrums f\u00fcr Medienproduktion (ZMP), Universit\u00e4t Leipzig<br><br>Moderation: Oberst i.G. <abbr title=\"Professor\">Prof.<\/abbr> <abbr title=\"Doktor\">Dr.<\/abbr> manuel schulz<\/p>\n\n\n\n<p><\/p>\n<\/div>\n<\/div>\n\n\n\n<div class=\"wp-block-columns is-layout-flex wp-container-core-columns-is-layout-9d6595d7 wp-block-columns-is-layout-flex\">\n<div class=\"wp-block-column is-layout-flow wp-block-column-is-layout-flow\" style=\"flex-basis:33.33%\">\n<p>13:15 <strong>\u2013<\/strong> 14:30 Uhr<\/p>\n<\/div>\n\n\n\n<div class=\"wp-block-column is-layout-flow wp-block-column-is-layout-flow\" style=\"flex-basis:66.66%\">\n<p><strong>Pause<\/strong><\/p>\n<\/div>\n<\/div>\n\n\n\n<div class=\"wp-block-columns is-layout-flex wp-container-core-columns-is-layout-9d6595d7 wp-block-columns-is-layout-flex\">\n<div class=\"wp-block-column is-layout-flow wp-block-column-is-layout-flow\" style=\"flex-basis:33.33%\"><\/div>\n\n\n\n<div class=\"wp-block-column is-layout-flow wp-block-column-is-layout-flow\" style=\"flex-basis:66.66%\">\n<p class=\"has-small-font-size\">* Bei allen Plenumsveranstaltungen gibt es eine Simultan\u00fcbersetzung deutsch-englisch und englisch-deutsch<br>* German-English and English-German translation available for the plenary programme <img loading=\"lazy\" decoding=\"async\" width=\"2556\" height=\"1475\" class=\"wp-image-11370\" style=\"width: 25px\" src=\"https:\/\/www.hsu-hh.de\/ztb\/wp-content\/uploads\/sites\/665\/2024\/05\/Union-Jack.png\" alt=\"\" srcset=\"https:\/\/www.hsu-hh.de\/ztb\/wp-content\/uploads\/sites\/665\/2024\/05\/Union-Jack.png 2556w, https:\/\/www.hsu-hh.de\/ztb\/wp-content\/uploads\/sites\/665\/2024\/05\/Union-Jack-300x173.png 300w, https:\/\/www.hsu-hh.de\/ztb\/wp-content\/uploads\/sites\/665\/2024\/05\/Union-Jack-1024x591.png 1024w, https:\/\/www.hsu-hh.de\/ztb\/wp-content\/uploads\/sites\/665\/2024\/05\/Union-Jack-768x443.png 768w, https:\/\/www.hsu-hh.de\/ztb\/wp-content\/uploads\/sites\/665\/2024\/05\/Union-Jack-1536x886.png 1536w, https:\/\/www.hsu-hh.de\/ztb\/wp-content\/uploads\/sites\/665\/2024\/05\/Union-Jack-2048x1182.png 2048w, https:\/\/www.hsu-hh.de\/ztb\/wp-content\/uploads\/sites\/665\/2024\/05\/Union-Jack-1100x635.png 1100w\" sizes=\"auto, (max-width: 2556px) 100vw, 2556px\" \/><\/p>\n<\/div>\n<\/div>\n\n\n\n<div style=\"height:25px\" aria-hidden=\"true\" class=\"wp-block-spacer\"><\/div>\n\n\n\n<div class=\"wp-block-columns is-layout-flex wp-container-core-columns-is-layout-9d6595d7 wp-block-columns-is-layout-flex\">\n<div class=\"wp-block-column is-layout-flow wp-block-column-is-layout-flow\" style=\"flex-basis:33.33%\">\n<p class=\"has-medium-font-size\"><strong>Panelprogramm<\/strong><\/p>\n<\/div>\n\n\n\n<div class=\"wp-block-column is-layout-flow wp-block-column-is-layout-flow\" style=\"flex-basis:66.66%\"><\/div>\n<\/div>\n\n\n\n<div class=\"wp-block-columns is-layout-flex wp-container-core-columns-is-layout-9d6595d7 wp-block-columns-is-layout-flex\">\n<div class=\"wp-block-column is-layout-flow wp-block-column-is-layout-flow\" style=\"flex-basis:33.33%\">\n<p>14:30 <strong>\u2013<\/strong> 16:00 Uhr<\/p>\n<\/div>\n\n\n\n<div class=\"wp-block-column is-layout-flow wp-block-column-is-layout-flow\" style=\"flex-basis:66.66%\">\n<p><strong>Panel Wissenschaft \u2013 W1<\/strong><br>Workshop<br>&#8222;Wem wir glauben. KI, Fake News und der Kampf um Wahrheit (Science Slam)&#8220;<br>Madlen Geidel, Friedrich-Alexander-Universit\u00e4t Erlangen-N\u00fcrnberg<br><abbr title=\"Professor\">Prof.<\/abbr> <abbr title=\"Doktor\">Dr.<\/abbr> Hektor Haark\u00f6tter, Hochschule Bonn-Rhein-Sieg<br><abbr title=\"Professor\">Prof.<\/abbr> <abbr title=\"Doktor\">Dr.<\/abbr> Thomas Zoglauer, Brandenburgische Technische Universit\u00e4t Cottbus<br><abbr title=\"Doktor\">Dr.<\/abbr> Bernd Zywietz, jugendschutz.net gGmbH<br>Moderation: Kathrin Bruder, Lukas Johrendt, <abbr title=\"Professor\">Prof.<\/abbr> <abbr title=\"Doktor\">Dr.<\/abbr> Gerhard Schreiber, Helmut Schmidt Universit\u00e4t\/Universit\u00e4t der Bundeswehr Hamburg<br>Raum: 401\/402<\/p>\n\n\n\n<p><\/p>\n<\/div>\n<\/div>\n\n\n\n<div class=\"wp-block-columns is-layout-flex wp-container-core-columns-is-layout-9d6595d7 wp-block-columns-is-layout-flex\">\n<div class=\"wp-block-column is-layout-flow wp-block-column-is-layout-flow\" style=\"flex-basis:33.33%\">\n<p class=\"has-text-align-left\">14:30 <strong>\u2013<\/strong> 16:00 Uhr<br>und<br>16:25 <strong>\u2013<\/strong> 17:55 Uhr<\/p>\n<\/div>\n\n\n\n<div class=\"wp-block-column is-layout-flow wp-block-column-is-layout-flow\" style=\"flex-basis:66.66%\">\n<p><strong>Panel EBU I 7<\/strong><br>Workshop <br>&#8222;Untersuchung von M\u00f6glichkeiten zur Verschr\u00e4nkung ziviler mit milit\u00e4rischer Ausbildung&#8220;<br>Bundesministerium der Verteidigung,<br>Referat Einsatzbereitschaft und Unterst\u00fctzung Streitkr\u00e4fte I 7,<br>Referat Einsatzbereitschaft und Unterst\u00fctzung Streitkr\u00e4fte I 5,<br>Referat Personal I 5, <br>Helmut Schmidt Universit\u00e4t\/Universit\u00e4t der Bundeswehr Hamburg, <br>Universit\u00e4t der Bundeswehr M\u00fcnchen, <br>Streitkr\u00e4fteamt Abteilung Ausbildung Streitkr\u00e4fte et al.<br>Raum: 405\/406<\/p>\n\n\n\n<p><\/p>\n<\/div>\n<\/div>\n\n\n\n<div class=\"wp-block-columns is-layout-flex wp-container-core-columns-is-layout-9d6595d7 wp-block-columns-is-layout-flex\">\n<div class=\"wp-block-column is-layout-flow wp-block-column-is-layout-flow\" style=\"flex-basis:33.33%\">\n<p>14:30 <strong>\u2013<\/strong> 15:15 Uhr<\/p>\n<\/div>\n\n\n\n<div class=\"wp-block-column is-layout-flow wp-block-column-is-layout-flow\" style=\"flex-basis:66.66%\">\n<p><strong>Panel reflektierte Praxis<\/strong> <strong>\u2013 rP1<\/strong><br>Vortrag<br>&#8222;Manipulative Elemente in visuellen Darstellungen erkennen, richtig deuten, vermeiden&#8220;<br>Leitender Wissenschaftlicher Direktor <abbr title=\"Doktor\">Dr.<\/abbr> Holger Morick, Bildungszentrum der Bundeswehr<br>Raum: 403<\/p>\n<\/div>\n<\/div>\n\n\n\n<div class=\"wp-block-columns is-layout-flex wp-container-core-columns-is-layout-9d6595d7 wp-block-columns-is-layout-flex\">\n<div class=\"wp-block-column is-layout-flow wp-block-column-is-layout-flow\" style=\"flex-basis:33.33%\">\n<p>14:30 <strong>\u2013<\/strong> 15:15 Uhr<\/p>\n<\/div>\n\n\n\n<div class=\"wp-block-column is-layout-flow wp-block-column-is-layout-flow\" style=\"flex-basis:66.66%\">\n<p><strong>Panel Streitkr\u00e4fte \u2013 SK1<\/strong><br>Vortrag<br>&#8222;Vorstellung ressort\u00fcbergreifendes Wargaming am Beispiel des Wargames &#8218;COHESION'&#8220;<br>Major Yvonne R\u00f6tter, Zentrum Digitalisierung der Bundeswehr<br>Raum: 404<\/p>\n<\/div>\n<\/div>\n\n\n\n<div class=\"wp-block-columns is-layout-flex wp-container-core-columns-is-layout-9d6595d7 wp-block-columns-is-layout-flex\">\n<div class=\"wp-block-column is-layout-flow wp-block-column-is-layout-flow\" style=\"flex-basis:33.33%\">\n<p>14:30 <strong>\u2013<\/strong> 16:00 Uhr<\/p>\n<\/div>\n\n\n\n<div class=\"wp-block-column is-layout-flow wp-block-column-is-layout-flow\" style=\"flex-basis:66.66%\">\n<p><strong>Panel Streitkr\u00e4fte \u2013 SK2<\/strong><br>Workshop<br>&#8222;Kritisches Denken im digitalen Zeitalter: Medien-Kompetenz als Schl\u00fcssel-Qualifikation f\u00fcr F\u00fchrungs- und Einsatzkr\u00e4fte&#8220;<br>Fregattenkapit\u00e4n Alexander Gottschalk, F\u00fchrungsakademie der Bundeswehr<br>Teresa Dapp, dpa-infocom<br>Stefanie Backs, dpa-Custom Content<br>Raum: H\u00f6rsaal 5<\/p>\n<\/div>\n<\/div>\n\n\n\n<div class=\"wp-block-columns is-layout-flex wp-container-core-columns-is-layout-9d6595d7 wp-block-columns-is-layout-flex\">\n<div class=\"wp-block-column is-layout-flow wp-block-column-is-layout-flow\" style=\"flex-basis:33.33%\">\n<p>15:45 <strong>\u2013<\/strong> 16:30 Uhr<\/p>\n<\/div>\n\n\n\n<div class=\"wp-block-column is-layout-flow wp-block-column-is-layout-flow\" style=\"flex-basis:66.66%\">\n<p><strong>Panel Wissenschaft \u2013 W2<\/strong> &#8211; <strong><code>entf\u00e4llt!<\/code><\/strong><br>Vortrag<br>&#8222;Desinformation, Post Truth und Resilienz in der Bundeswehr: Organisationsp\u00e4dagogische Ans\u00e4tze zur St\u00e4rkung epistemischer Sicherheit&#8220;<br>Dirk Jochen Netter, Philipps-Universit\u00e4t Marburg<br>Raum: 403<\/p>\n\n\n\n<p><\/p>\n<\/div>\n<\/div>\n\n\n\n<div class=\"wp-block-columns is-layout-flex wp-container-core-columns-is-layout-9d6595d7 wp-block-columns-is-layout-flex\">\n<div class=\"wp-block-column is-layout-flow wp-block-column-is-layout-flow\" style=\"flex-basis:33.33%\">\n<p>15:45 <strong>\u2013<\/strong> 16:30 Uhr<\/p>\n<\/div>\n\n\n\n<div class=\"wp-block-column is-layout-flow wp-block-column-is-layout-flow\" style=\"flex-basis:66.66%\">\n<p><strong>Panel reflektierte Praxis \u2013 rP2<\/strong><br>Vortrag<br>&#8222;KI als Enabler f\u00fcr Medienkompetenz und Critical Thinking \u2013 Strategien gegen Desinformation im digitalen Zeitalter&#8220;<br>Irina Joanna Gebauer, IU Group<br>Raum: 404<\/p>\n<\/div>\n<\/div>\n\n\n\n<div class=\"wp-block-columns is-layout-flex wp-container-core-columns-is-layout-9d6595d7 wp-block-columns-is-layout-flex\">\n<div class=\"wp-block-column is-layout-flow wp-block-column-is-layout-flow\" style=\"flex-basis:33.33%\">\n<p>15:45 <strong>\u2013<\/strong> 16:30 Uhr<\/p>\n<\/div>\n\n\n\n<div class=\"wp-block-column is-layout-flow wp-block-column-is-layout-flow\" style=\"flex-basis:66.66%\">\n<p><strong>Panel reflektierte Praxis \u2013 rP3<\/strong> <strong>&#8211; <code>entf\u00e4llt!<\/code><\/strong><br>Workshop<br>&#8222;Framing \u2013 Manipulation durch Sprache im milit\u00e4rischen Kontext&#8220;<br>Amanda Groschke,<br>David Schenk, Heinrich-B\u00f6ll-Stiftung Schleswig-Holstein e.V.<br>Raum: 401\/402<\/p>\n<\/div>\n<\/div>\n\n\n\n<div class=\"wp-block-columns is-layout-flex wp-container-core-columns-is-layout-9d6595d7 wp-block-columns-is-layout-flex\">\n<div class=\"wp-block-column is-layout-flow wp-block-column-is-layout-flow\" style=\"flex-basis:33.33%\">\n<p>17:00 <strong>\u2013<\/strong> 17:45 Uhr<\/p>\n<\/div>\n\n\n\n<div class=\"wp-block-column is-layout-flow wp-block-column-is-layout-flow\" style=\"flex-basis:66.66%\">\n<p><strong>Panel Wissenschaft \u2013 W3<\/strong> <strong>&#8211; <code>entf\u00e4llt!<\/code><\/strong><br>Vortrag<br>&#8222;Digitale Verteidigungsf\u00e4higkeit gegen hybride Bedrohungen Kritisches Denken als operative Ressource in der sicherheitspolitischen Aus- und Weiterbildung&#8220;<br><abbr title=\"Professor\">Prof.<\/abbr> <abbr title=\"Doktor\">Dr.<\/abbr> Christian Filk, Europa-Universit\u00e4t Flensburg<br>Raum: 403<\/p>\n<\/div>\n<\/div>\n\n\n\n<div class=\"wp-block-columns is-layout-flex wp-container-core-columns-is-layout-9d6595d7 wp-block-columns-is-layout-flex\">\n<div class=\"wp-block-column is-layout-flow wp-block-column-is-layout-flow\" style=\"flex-basis:33.33%\">\n<p>17:00 <strong>\u2013<\/strong> 17:45 Uhr<\/p>\n<\/div>\n\n\n\n<div class=\"wp-block-column is-layout-flow wp-block-column-is-layout-flow\" style=\"flex-basis:66.66%\">\n<p><strong>Panel Streitkr\u00e4fte \u2013 SK3<\/strong><br>Vortrag<br>&#8222;KI als entscheidungsunterst\u00fctzendes System in der Politikberatung ein methodisch didaktisches Experiment&#8220;<br>Oberstleutnant i.G. Thorsten Kodalle,<br>Oberstleutnant i.G. Michael Thiele, F\u00fchrungsakademie der Bundeswehr<br>Raum: 404<\/p>\n<\/div>\n<\/div>\n\n\n\n<div class=\"wp-block-columns is-layout-flex wp-container-core-columns-is-layout-9d6595d7 wp-block-columns-is-layout-flex\">\n<div class=\"wp-block-column is-layout-flow wp-block-column-is-layout-flow\" style=\"flex-basis:33.33%\">\n<p>16:25 <strong>\u2013<\/strong> 17:55 Uhr<\/p>\n<\/div>\n\n\n\n<div class=\"wp-block-column is-layout-flow wp-block-column-is-layout-flow\" style=\"flex-basis:66.66%\">\n<p><strong>Panel dtec.bw \u2013 dtec.bw5<\/strong><br>Workshop<br>&#8222;Virtuelle Realit\u00e4t in der Arbeitswelt: Einblicke in das dtec.bw Projekt &#8218;Digital Leadership and Health'&#8220;<br>Franziska M\u00fcnstermann,<br>Yannick Frontzkowski, Helmut-Schmidt-Universit\u00e4t\/Universit\u00e4t der Bundeswehr Hamburg<br>Raum: 401\/402<\/p>\n<\/div>\n<\/div>\n\n\n\n<div style=\"height:25px\" aria-hidden=\"true\" class=\"wp-block-spacer\"><\/div>\n\n\n\n<div class=\"wp-block-columns is-layout-flex wp-container-core-columns-is-layout-9d6595d7 wp-block-columns-is-layout-flex\">\n<div class=\"wp-block-column is-layout-flow wp-block-column-is-layout-flow\" style=\"flex-basis:33.33%\">\n<p class=\"has-medium-font-size\"><strong>Arena und Speakers Corner<\/strong><\/p>\n<\/div>\n\n\n\n<div class=\"wp-block-column is-layout-flow wp-block-column-is-layout-flow\" style=\"flex-basis:66.66%\">\n<p><\/p>\n<\/div>\n<\/div>\n\n\n\n<div style=\"height:25px\" aria-hidden=\"true\" class=\"wp-block-spacer\"><\/div>\n\n\n\n<div class=\"wp-block-columns is-layout-flex wp-container-core-columns-is-layout-9d6595d7 wp-block-columns-is-layout-flex\">\n<div class=\"wp-block-column is-layout-flow wp-block-column-is-layout-flow\" style=\"flex-basis:33.33%\">\n<p>14:30 <strong>\u2013<\/strong> 15:30 Uhr<\/p>\n<\/div>\n\n\n\n<div class=\"wp-block-column is-layout-flow wp-block-column-is-layout-flow\" style=\"flex-basis:66.66%\">\n<p><strong>Arena &#8211; A1<\/strong><br>&#8222;Die KOA Kaffeerunde zum (Aus)Bildungskongress der Bundeswehr 2025&#8220;<br>Fregattenkapit\u00e4n Stefan Schulz,<br>Major Nico-Daniel Schneider, Streitkr\u00e4fteamt<br>Raum: Arena<\/p>\n<\/div>\n<\/div>\n\n\n\n<div class=\"wp-block-columns is-layout-flex wp-container-core-columns-is-layout-9d6595d7 wp-block-columns-is-layout-flex\">\n<div class=\"wp-block-column is-layout-flow wp-block-column-is-layout-flow\" style=\"flex-basis:33.33%\">\n<p>14:30 <strong>\u2013<\/strong> 15:15 Uhr<\/p>\n<\/div>\n\n\n\n<div class=\"wp-block-column is-layout-flow wp-block-column-is-layout-flow\" style=\"flex-basis:66.66%\">\n<p><strong>Speakers Corner &#8211; SC1<\/strong><br>&#8222;Digitale Souver\u00e4nit\u00e4t und Resilienz: Future Skills f\u00fcr Soldatinnen und Soldaten der Bundeswehr&#8220;<br><abbr title=\"Professor\">Prof.<\/abbr> <abbr title=\"Doktor\">Dr.<\/abbr> Kurt Jeschke, IU Internationale Hochschule<br>Raum: Speakers Corner<\/p>\n\n\n\n<p><\/p>\n<\/div>\n<\/div>\n\n\n\n<div class=\"wp-block-columns is-layout-flex wp-container-core-columns-is-layout-9d6595d7 wp-block-columns-is-layout-flex\">\n<div class=\"wp-block-column is-layout-flow wp-block-column-is-layout-flow\" style=\"flex-basis:33.33%\">\n<p>15:45 <strong>\u2013<\/strong> 17:15 Uhr<\/p>\n<\/div>\n\n\n\n<div class=\"wp-block-column is-layout-flow wp-block-column-is-layout-flow\" style=\"flex-basis:66.66%\">\n<p><strong>Arena &#8211; A2<\/strong><br>&#8222;Technologiegest\u00fctzte Ausbildung: Ein Enabler f\u00fcr &#8218;Train while you fight'&#8220;<br>Oberstleutnant Michael Nickolaus, Streitkr\u00e4fteamt<br>Raum: Arena<\/p>\n<\/div>\n<\/div>\n\n\n\n<div class=\"wp-block-columns is-layout-flex wp-container-core-columns-is-layout-9d6595d7 wp-block-columns-is-layout-flex\">\n<div class=\"wp-block-column is-layout-flow wp-block-column-is-layout-flow\" style=\"flex-basis:33.33%\">\n<p>15:45 <strong>\u2013<\/strong> 16:30 Uhr<\/p>\n<\/div>\n\n\n\n<div class=\"wp-block-column is-layout-flow wp-block-column-is-layout-flow\" style=\"flex-basis:66.66%\">\n<p><strong>Speakers Corner &#8211; SC2<\/strong><br>&#8222;Critical Thinking \u2013 Schl\u00fcsselkompetenz f\u00fcr exzellentes Leadership&#8220;<br>Leitende Wissenschaftliche Direktorin Sina Glock, Bildungszentrum der Bundeswehr<br>Raum: Speakers Corner<\/p>\n\n\n\n<p><\/p>\n<\/div>\n<\/div>\n\n\n\n<div class=\"wp-block-columns is-layout-flex wp-container-core-columns-is-layout-9d6595d7 wp-block-columns-is-layout-flex\">\n<div class=\"wp-block-column is-layout-flow wp-block-column-is-layout-flow\" style=\"flex-basis:33.33%\">\n<p>17:00 <strong>\u2013<\/strong> 17:45 Uhr<\/p>\n<\/div>\n\n\n\n<div class=\"wp-block-column is-layout-flow wp-block-column-is-layout-flow\" style=\"flex-basis:66.66%\">\n<p><strong>Speakers Corner &#8211; SC3<\/strong><br>&#8222;Digitale Selbstverteidigung: Medienkompetenz f\u00fcr eine starke Demokratie&#8220;<br>Fabian Kursawe, mohio e.V.<br>Raum: Speakers Corner<\/p>\n\n\n\n<p><\/p>\n<\/div>\n<\/div>\n\n\n\n<div style=\"height:25px\" aria-hidden=\"true\" class=\"wp-block-spacer\"><\/div>\n\n\n\n<p class=\"has-medium-font-size\"><strong>Abendveranstaltung<\/strong><\/p>\n\n\n\n<div style=\"height:25px\" aria-hidden=\"true\" class=\"wp-block-spacer\"><\/div>\n\n\n\n<div class=\"wp-block-columns is-layout-flex wp-container-core-columns-is-layout-9d6595d7 wp-block-columns-is-layout-flex\">\n<div class=\"wp-block-column is-layout-flow wp-block-column-is-layout-flow\" style=\"flex-basis:33.33%\">\n<p>18:30 Uhr<\/p>\n<\/div>\n\n\n\n<div class=\"wp-block-column is-layout-flow wp-block-column-is-layout-flow\" style=\"flex-basis:66.66%\">\n<p><strong>Bustransfer <\/strong>zur Abendveranstaltung des 20. (Aus)Bildungskongresses der Bundeswehr<br>Dinnner auf der Elbe ab Helmut-Schmidt-Universit\u00e4t\/Universit\u00e4t der Bundeswehr Hamburg<\/p>\n<\/div>\n<\/div>\n\n\n\n<div class=\"wp-block-columns is-layout-flex wp-container-core-columns-is-layout-9d6595d7 wp-block-columns-is-layout-flex\">\n<div class=\"wp-block-column is-layout-flow wp-block-column-is-layout-flow\" style=\"flex-basis:33.33%\">\n<p>20:00 Uhr<\/p>\n<\/div>\n\n\n\n<div class=\"wp-block-column is-layout-flow wp-block-column-is-layout-flow\" style=\"flex-basis:66.66%\">\n<p><strong>Abendveranstaltung: Dinner auf der Elbe<\/strong> &#8211; Abfahrt des Schiffes<\/p>\n<\/div>\n<\/div>\n\n\n\n<div class=\"wp-block-columns is-layout-flex wp-container-core-columns-is-layout-9d6595d7 wp-block-columns-is-layout-flex\">\n<div class=\"wp-block-column is-layout-flow wp-block-column-is-layout-flow\" style=\"flex-basis:33.33%\">\n<p>ca. 23:00 Uhr<\/p>\n<\/div>\n\n\n\n<div class=\"wp-block-column is-layout-flow wp-block-column-is-layout-flow\" style=\"flex-basis:66.66%\">\n<p>Anschlie\u00dfender <strong>Bustransfer <\/strong>zur\u00fcck zur Helmut-Schmidt-Universit\u00e4t\/Universit\u00e4t der Bundeswehr Hamburg<\/p>\n<\/div>\n<\/div>\n\n\n\n<p class=\"has-grey-background-color has-background has-medium-font-size\">Wir bitten Sie, sofern eine Teilnahme an der Schifffahrt gew\u00fcnscht ist, um Anmeldung \u00fcber <a href=\"mailto:ztb-ausbildungskongress@bundeswehr.org\" rel='nofollow'>ztb-ausbildungskongress@bundeswehr.org<\/a> oder entsprechende Markierung in der Online-Anmeldung zum Kongress.<br>Ein Ticket zur Teilnahme an der Schifffahrt kostet einschl. Buffet, Live-Musik und Busshuttle von der <abbr title=\"Helmut Schmidt Universit\u00e4t\">HSU<\/abbr>\/UniBw H und retour 95,00 EUR.<\/p>\n\n\n\n<p>________________________________________________________________________________________________________________________________________________________<\/p>\n\n\n\n<figure class=\"wp-block-image size-large is-resized\"><img loading=\"lazy\" decoding=\"async\" width=\"1024\" height=\"241\" src=\"https:\/\/www.hsu-hh.de\/ztb\/wp-content\/uploads\/sites\/665\/2023\/03\/dtec.bw_EU-Foederhinweis_CMYK_vertikal-1-1024x241.jpg\" data-credit=\"dtec.bw\" alt=\"\" class=\"wp-image-8038\" style=\"width:554px;height:auto\" srcset=\"https:\/\/www.hsu-hh.de\/ztb\/wp-content\/uploads\/sites\/665\/2023\/03\/dtec.bw_EU-Foederhinweis_CMYK_vertikal-1-1024x241.jpg 1024w, https:\/\/www.hsu-hh.de\/ztb\/wp-content\/uploads\/sites\/665\/2023\/03\/dtec.bw_EU-Foederhinweis_CMYK_vertikal-1-300x71.jpg 300w, https:\/\/www.hsu-hh.de\/ztb\/wp-content\/uploads\/sites\/665\/2023\/03\/dtec.bw_EU-Foederhinweis_CMYK_vertikal-1-768x181.jpg 768w, https:\/\/www.hsu-hh.de\/ztb\/wp-content\/uploads\/sites\/665\/2023\/03\/dtec.bw_EU-Foederhinweis_CMYK_vertikal-1-1100x259.jpg 1100w, https:\/\/www.hsu-hh.de\/ztb\/wp-content\/uploads\/sites\/665\/2023\/03\/dtec.bw_EU-Foederhinweis_CMYK_vertikal-1.jpg 1418w\" sizes=\"auto, (max-width: 1024px) 100vw, 1024px\" \/><\/figure>\n\n\n\n<p>Das <a href=\"https:\/\/dtecbw.de\" target=\"_blank\" rel=\"noreferrer noopener\">dtec.bw \u2013 Zentrum f\u00fcr Digitalisierungs- und Technologieforschung der Bundeswehr<\/a> \u2013 ist ein von den Universit\u00e4ten der Bundeswehr Hamburg und M\u00fcnchen gemeinsam getragenes wissenschaftliches Zentrum und Bestandteil des Konjunkturprogramms der Bundesregierung zur \u00dcberwindung der COVID-19-Krise. Es unterliegt der akademischen Selbstverwaltung. Die Mittel, mit denen das dtec.bw ausgestattet wurde, werden an beiden Universit\u00e4ten der Bundeswehr zur Finanzierung von Forschungsprojekten und Projekten zum Wissens- und Technologietransfer eingesetzt. dtec.bw wird von der Europ\u00e4ischen Union \u2013 NextGenerationEU finanziert.<\/p>\n","protected":false},"excerpt":{"rendered":"<p>Plenumsprogramm im H\u00f6rsaal 5* 10:00 \u2013 10:10 Uhr Begr\u00fc\u00dfungProf. Dr. Klaus BeckmannPr\u00e4sident der Helmut-Schmidt-Universit\u00e4t\/Universit\u00e4t der Bundeswehr Hamburg 10:15 \u2013 10:30 Uhr Er\u00f6ffnungVerteidigungsminister Boris Pistorius (o. V. i. A.)Bundesministerium der Verteidigung [&hellip;]<\/p>\n","protected":false},"author":4157,"featured_media":0,"parent":0,"menu_order":0,"comment_status":"closed","ping_status":"closed","template":"","meta":{"footnotes":""},"categories":[4],"tags":[],"class_list":["post-12486","page","type-page","status-publish","hentry","category-forschung"],"_links":{"self":[{"href":"https:\/\/www.hsu-hh.de\/ztb\/wp-json\/wp\/v2\/pages\/12486","targetHints":{"allow":["GET"]}}],"collection":[{"href":"https:\/\/www.hsu-hh.de\/ztb\/wp-json\/wp\/v2\/pages"}],"about":[{"href":"https:\/\/www.hsu-hh.de\/ztb\/wp-json\/wp\/v2\/types\/page"}],"author":[{"embeddable":true,"href":"https:\/\/www.hsu-hh.de\/ztb\/wp-json\/wp\/v2\/users\/4157"}],"replies":[{"embeddable":true,"href":"https:\/\/www.hsu-hh.de\/ztb\/wp-json\/wp\/v2\/comments?post=12486"}],"version-history":[{"count":39,"href":"https:\/\/www.hsu-hh.de\/ztb\/wp-json\/wp\/v2\/pages\/12486\/revisions"}],"predecessor-version":[{"id":12891,"href":"https:\/\/www.hsu-hh.de\/ztb\/wp-json\/wp\/v2\/pages\/12486\/revisions\/12891"}],"wp:attachment":[{"href":"https:\/\/www.hsu-hh.de\/ztb\/wp-json\/wp\/v2\/media?parent=12486"}],"wp:term":[{"taxonomy":"category","embeddable":true,"href":"https:\/\/www.hsu-hh.de\/ztb\/wp-json\/wp\/v2\/categories?post=12486"},{"taxonomy":"post_tag","embeddable":true,"href":"https:\/\/www.hsu-hh.de\/ztb\/wp-json\/wp\/v2\/tags?post=12486"}],"curies":[{"name":"wp","href":"https:\/\/api.w.org\/{rel}","templated":true}]}}