{"id":442,"date":"2023-12-29T11:36:38","date_gmt":"2023-12-29T10:36:38","guid":{"rendered":"https:\/\/www.hsu-hh.de\/theevs\/?page_id=442"},"modified":"2026-03-27T14:39:48","modified_gmt":"2026-03-27T13:39:48","slug":"lukas-johrendt","status":"publish","type":"page","link":"https:\/\/www.hsu-hh.de\/theevs\/lukas-johrendt","title":{"rendered":"Lukas Johrendt"},"content":{"rendered":"\n<h3 class=\"wp-block-heading\">Wissenschaftlicher Mitarbeiter am Lehrstuhl f\u00fcr Evangelische Theologie<\/h3>\n\n\n\n<div style=\"height:20px\" aria-hidden=\"true\" class=\"wp-block-spacer\"><\/div>\n\n\n\n<div class=\"wp-block-columns is-layout-flex wp-container-core-columns-is-layout-9d6595d7 wp-block-columns-is-layout-flex\">\n<div class=\"wp-block-column is-layout-flow wp-block-column-is-layout-flow\">\n<figure class=\"wp-block-image size-large\"><img decoding=\"async\" src=\"https:\/\/www.hsu-hh.de\/theevs\/wp-content\/uploads\/sites\/736\/2026\/03\/HSU_Tagung_20260319_Foto_Thomas_Panzau-179-scaled.jpg\" alt=\"\" \/><\/figure>\n<\/div>\n\n\n\n<div class=\"wp-block-column is-layout-flow wp-block-column-is-layout-flow\">\n<h2 class=\"wp-block-heading\">Kontakt<\/h2>\n\n\n\n<p><strong>E-Mail: <a href=\"mailto:lukas.johrendt@hsu.hamburg\" data-type=\"mailto\" data-id=\"mailto:lukas.johrendt@hsu.hamburg\" rel='nofollow'>lukas.johrendt@hsu.hamburg<\/a><\/strong><\/p>\n\n\n\n<p><strong>Telefon<\/strong>: (040) 6541-4844<\/p>\n<\/div>\n\n\n\n<div class=\"wp-block-column is-layout-flow wp-block-column-is-layout-flow\">\n<h3 class=\"wp-block-heading\">Besucheranschrift<\/h3>\n\n\n\n<p>Helmut-Schmidt-Universit\u00e4t<br>Geb\u00e4ude H52, Raum 044<br>Am Stadtrand 52<br>22047 Hamburg<\/p>\n\n\n\n<h3 class=\"wp-block-heading\">Postanschrift<\/h3>\n\n\n\n<p>Helmut-Schmidt-Universit\u00e4t<br>Evangelische Theologie<br>Postfach 70 08 22<br>22008 Hamburg<\/p>\n<\/div>\n<\/div>\n\n\n\n<div style=\"height:40px\" aria-hidden=\"true\" class=\"wp-block-spacer\"><\/div>\n\n\n\n<h2 class=\"wp-block-heading\">Lebenslauf<\/h2>\n\n\n\n<ul class=\"wp-block-list\">\n<li>2012 \u2013 2019: Studium der ev. Theologie an der Friedrich-Alexander Universit\u00e4t Erlangen-N\u00fcrnberg und an der Humboldt Universit\u00e4t zu Berlin. Abgeschlossen mit der theologischen Aufnahmepr\u00fcfung der Evangelisch-Lutherischen Kirche in Bayern.<\/li>\n\n\n\n<li>2019 \u2013 2021: Schriftleiter des &#8222;Jahrbuchs Sozialer Protestantismus&#8220;.<\/li>\n\n\n\n<li>2020 \u2013 2023: Studieninspektor des Studierendenwohnheims der Stiftung Johanneum.<\/li>\n\n\n\n<li>2021 \u2013 2022: Wissenschaftlicher Mitarbeiter am Lehrstuhl f\u00fcr Systematische Theologie (Ethik und Hermeneutik) bei <abbr title=\"Professor\">Prof.<\/abbr> <abbr title=\"Doktor\">Dr.<\/abbr> Torsten Meireis im Rahmen des DFG-Projekts \u201cGibt es ein Recht auf urbanen Wohnraum? Sozialethische Analysen\u201d.<\/li>\n\n\n\n<li><strong>Seit 2024: Wissenschaftlicher Mitarbeiter (100%) am Lehrstuhl f\u00fcr ev. Theologie unter besonderer Ber\u00fccksichtigung der Sozial- und Technikethik an der Helmut Schmidt Universit\u00e4t (Universit\u00e4t BW <abbr title=\"Hamburg\">HH<\/abbr>) (<abbr title=\"Professor\">Prof.<\/abbr> <abbr title=\"Doktor\">Dr.<\/abbr> Gerhard Schreiber)<\/strong><br><\/li>\n\n\n\n<li>Seit 2019: Promotionstudent der ev. Theologie an der Humboldt Universit\u00e4t zu Berlin (Erstbetreuer <abbr title=\"Professor\">Prof.<\/abbr> <abbr title=\"Doktor\">Dr.<\/abbr> Torsten Meireis). Arbeitstitel: &#8222;Das Gesetz in der evangelischen Ethik als Quelle normativer Geltung&#8220;.<\/li>\n<\/ul>\n\n\n\n<h2 class=\"wp-block-heading\">Forschungsschwerpunkte<\/h2>\n\n\n\n<ul class=\"wp-block-list\">\n<li style=\"font-size:19px\">Fundamentalethik<\/li>\n\n\n\n<li style=\"font-size:19px\">Theologie des 20. Jahrhunderts, insbesondere lutherische Theologie im Gespr\u00e4ch mit der Theologie Karl Barths<\/li>\n\n\n\n<li style=\"font-size:19px\">Gebotsethik und Fragen der Normativit\u00e4t theologischer Gesetzeskonzeptionen<\/li>\n\n\n\n<li style=\"font-size:19px\">Sozialethik, insbesondere Ethik des Politischen sowie Politische Theorie (Kritische Theorie \/ Radikale Demokratietheorie \/ Poststrukturalismus)<\/li>\n\n\n\n<li style=\"font-size:19px\">Philosophie Giorgio Agambens im theologischen Gespr\u00e4ch<\/li>\n\n\n\n<li style=\"font-size:19px\">Materialethische Fragen der sozialethischen Analyse und Reflexion urbaner Wohnungs- und Bodenm\u00e4rkte<\/li>\n\n\n\n<li style=\"font-size:19px\">Gendertheoretische und queertheologische Fragen im Kontext einer Ethik der Lebensformen<\/li>\n\n\n\n<li style=\"font-size:19px\">Friedens- und Milit\u00e4rethik<\/li>\n<\/ul>\n\n\n\n<h2 class=\"wp-block-heading\">Publikationen<\/h2>\n\n\n\n<ul class=\"wp-block-list\">\n<li class=\"has-medium-font-size\"><strong>Herausgeberschaften:<\/strong>\n<ul class=\"wp-block-list\">\n<li style=\"font-size:19px\">Ethik und Gesellschaft Nr. 1 (2022): Wohnverm\u00f6gen (Gemeinsam mit Julian Degan, Bernhard Emunds, Torsten Meireis und Clemens Wustmans). (<a href=\"https:\/\/ethik-und-gesellschaft.de\/ojs\/index.php\/eug\/issue\/view\/102\" data-type=\"link\" data-id=\"https:\/\/ethik-und-gesellschaft.de\/ojs\/index.php\/eug\/issue\/view\/102\" rel='nofollow'>Open Access<\/a>)<\/li>\n\n\n\n<li style=\"font-size:19px\">Die Wohnungsfrage \u2013 eine Gerechtigkeitsfrage (Die Wirtschaft der Gesellschaft, Band 8), Weimar (Lahn) 2023 (Gemeinsam mit Julian Degan, Bernhard Emunds, Torsten Meireis und Clemens Wustmans).<\/li>\n<\/ul>\n<\/li>\n<\/ul>\n\n\n\n<ul class=\"wp-block-list\">\n<li class=\"has-medium-font-size\"><strong>Artikel und Beitr\u00e4ge:<\/strong>\n<ul class=\"wp-block-list\">\n<li style=\"font-size:19px\">Die Stadt als Garten. Zum Recht auf urbanes Wohnen im Nachhaltigkeitskontext, in: Ethik und Gesellschaft Nr. 1 (2022): Wohnverm\u00f6gen (Gemeinsam mit Torsten Meireis und Clemens Wustmans). (<a href=\"https:\/\/ethik-und-gesellschaft.de\/ojs\/index.php\/eug\/article\/view\/974\" data-type=\"link\" data-id=\"https:\/\/ethik-und-gesellschaft.de\/ojs\/index.php\/eug\/issue\/view\/102\" rel='nofollow'>Open Access<\/a>)<\/li>\n\n\n\n<li style=\"font-size:19px\">Ethik \u2013 Maieutik \u2013 Narration, in: Ethik in der Hermeneutik \u2013 Hermeneutik in der Ethik, hrsg. von Ulrich H.J. K\u00f6rtner\/Christiane Tietz. Leiden 2022, 93-96.<\/li>\n\n\n\n<li style=\"font-size:19px\">Wohnpolitik \u2013 Raumpolitik \u2013 Sozialpolitik. Wertfeststellungen und kritische Analyse, in: Die Wohnungsfrage \u2013 eine Gerechtigkeitsfrage (Die Wirtschaft der Gesellschaft, Band 8), hrsg. von Julian Degan, Bernhard Emunds, Lukas Johrendt, Torsten Meireis, Clemens Wustmans, Weimar (Lahn) 2023, 263-281 (Gemeinsam mit Torsten Meireis und Clemens Wustmans).&nbsp;<\/li>\n\n\n\n<li>Vom Recht auf Wohnen in der Stadt. Eine normative Skizze, in: Zeitschrift f\u00fcr Evangelische Ethik, 68. <abbr title=\"Jahrgang\">Jg.<\/abbr>, Heft 2, 103-118 (Gemeinsam mit Julian Degan, Bernhard Emunds, Torsten Meireis und Clemens Wustmans).<\/li>\n\n\n\n<li>The garden city as a commons: Social-ethical perspectives on the new housing question, in: Verbum et Ecclesia, Vol 45, No 2 (Gemeinsam mit Torsten Meireis). <a href=\"https:\/\/verbumetecclesia.org.za\/index.php\/ve\/article\/view\/3191\" rel='nofollow'>(Open Access)<\/a><\/li>\n\n\n\n<li>Eine demokratische Pflicht? Radikal-demokratische Erwiderungen zur allgemeinen Dienstpflicht, in: Umstrittene allgemeine Dienstpflicht, hrsg. von Alexander Dietz\/Hermann Diebel-Fischer, M\u00fcnster 2025, 139-163.<\/li>\n\n\n\n<li>Protest und Ordnung. Was bedroht die Demokratie? Zur aktuellen Situation in den USA, in: Zeitzeichen 8\/2025. (<a href=\"https:\/\/zeitzeichen.net\/node\/11951\" rel='nofollow'>https:\/\/zeitzeichen.net\/node\/11951<\/a>) (Gemeinsam mit Max Tretter)<\/li>\n<\/ul>\n<\/li>\n<\/ul>\n\n\n\n<ul class=\"wp-block-list\">\n<li class=\"has-medium-font-size\"><strong>Lexikonartikel: <\/strong>\n<ul class=\"wp-block-list\">\n<li>Art. &#8222;Gesetz&#8220;, in: Onlinelexikon Systematische Theologie. (<a href=\"https:\/\/doi.org\/10.15496\/publikation-104663\" rel='nofollow'>Open Access<\/a>)<\/li>\n<\/ul>\n<\/li>\n<\/ul>\n\n\n\n<ul class=\"wp-block-list\">\n<li class=\"has-medium-font-size\"><strong>Interviews:<\/strong>\n<ul class=\"wp-block-list\">\n<li>Utopisches Potenzial. Lukas Johrendt erschlie\u00dft f\u00fcr die Ethik ein neues Verst\u00e4ndnis des Begriffes \u201eGesetz\u201c, in: Zeitzeichen 2\/2025. (<a href=\"https:\/\/zeitzeichen.net\/node\/11634\" rel='nofollow'>https:\/\/zeitzeichen.net\/node\/11634<\/a>)<\/li>\n<\/ul>\n<\/li>\n<\/ul>\n\n\n\n<ul class=\"wp-block-list\">\n<li class=\"has-medium-font-size\"><strong>Rezensionen:<\/strong>\n<ul class=\"wp-block-list\">\n<li>Messianischer Anarchismus als Ausweg? Zu Giorgio Agambens Versuch einer politischen Ontologie, in: Ethik und Gesellschaft Nr. 2 (2020): Frauenfeindlichkeit mit System. Zur Logik der Misogynie in doch-nicht- post-patriarchalen Zeiten. (<a href=\"https:\/\/ethik-und-gesellschaft.de\/ojs\/index.php\/eug\/article\/view\/2-2020-rez-1\" data-type=\"link\" data-id=\"https:\/\/ethik-und-gesellschaft.de\/ojs\/index.php\/eug\/issue\/view\/102\" rel='nofollow'>Open Access<\/a>)<\/li>\n\n\n\n<li style=\"font-size:19px\">Giorgio Agamben (2021) An welchem Punkt stehen wir? Die Epidemie als Politik, in: Ethik Med 34 (2022), 125-127. (<a href=\"https:\/\/link.springer.com\/article\/10.1007\/s00481-021-00676-5\" data-type=\"link\" data-id=\"https:\/\/ethik-und-gesellschaft.de\/ojs\/index.php\/eug\/issue\/view\/102\" rel='nofollow'>Open Access<\/a>)<\/li>\n\n\n\n<li style=\"font-size:19px\">Ontologie als radikale Theologietheorie? Zu Rasmus Nagels Studie Universale Singularit\u00e4t zwischen radikaler Demokratietheorie, Ontologie und Theologie, in: Ethik und Gesellschaft Nr. 1 (2022): Wohnverm\u00f6gen. (<a href=\"https:\/\/ethik-und-gesellschaft.de\/ojs\/index.php\/eug\/article\/view\/987\" data-type=\"link\" data-id=\"https:\/\/ethik-und-gesellschaft.de\/ojs\/index.php\/eug\/issue\/view\/102\" rel='nofollow'>Open Access<\/a>)<\/li>\n\n\n\n<li style=\"font-size:19px\">Klaus von Stosch u. Christiane Tietz: Normativit\u00e4t Heiliger Schriften in Judentum, Christentum und Islam, in <abbr title=\"Zentrales Elektronisches Entwicklungslabor\">ZEE<\/abbr> 3\/2023.<\/li>\n\n\n\n<li style=\"font-size:19px\">Die religi\u00f6se Befreiung der kritischen Theorie. Zu Christoph Menkes radikaler Theorie der Befreiung, in: Ethik und Gesellschaft Nr. 1 (2024): Ge|teilte Wirklichkeiten. (<a href=\"https:\/\/ethik-und-gesellschaft.de\/ojs\/index.php\/eug\/article\/view\/1388\" data-type=\"link\" data-id=\"https:\/\/ethik-und-gesellschaft.de\/ojs\/index.php\/eug\/issue\/view\/102\" rel='nofollow'>Open Access<\/a>)<\/li>\n\n\n\n<li>Von Mythos und Mimesis des Kerygmas. Bastian K\u00f6nig, Das Kerygma als Narration. Rudolf Bultmanns Theologie im Gespr\u00e4ch mit Paul Ric\u0153urs Hermeneutik, in: Netzwerk Hermeneutik Interpretationstheorie (NHI) (Hg.), Newsletter Nr. 13 \u00b7 Juli 2024, 5-8. (<a href=\"https:\/\/www.hermes.uzh.ch\/de\/NHI\/newsletter.html\" data-type=\"link\" data-id=\"https:\/\/ethik-und-gesellschaft.de\/ojs\/index.php\/eug\/issue\/view\/102\" rel='nofollow'>Open Access<\/a>)<\/li>\n\n\n\n<li>Traugott J\u00e4hnichen: Evangelischer Glaube in der pluralen Religionskultur der Moderne. Fundamentaltheologische Perspektiven, in <abbr title=\"Zentrales Elektronisches Entwicklungslabor\">ZEE<\/abbr> 1\/2025.<\/li>\n\n\n\n<li>Intensiv. Studie zu sexualisierter Gewalt, Rez. zu Ute Gause, \u00bbGott habe ihm gesagt, er solle mich zur Frau machen\u00ab Missbrauch in der Evangelischen Kirche \u2013 eine Einzelfallstudie, in: Zeitzeichen Februar 2025. (<a href=\"https:\/\/zeitzeichen.net\/node\/11643\" rel='nofollow'>https:\/\/zeitzeichen.net\/node\/11643<\/a>)<\/li>\n\n\n\n<li>Stefan Alkier , Martin Ke\u00dfler und Stefan Rhein (Hg.): Evangelische Kirchen und Politik in Deutschland. Konstellationen im 20. Jahrhundert, in: <abbr title=\"Zentrales Elektronisches Entwicklungslabor\">ZEE<\/abbr> 2\/2025.<\/li>\n\n\n\n<li>Auseinandersetzung. Neue Sexualethik, Rez. zu Thorsten Dietz\/Tobias Faix, Transformative Ethik &#8211; Wege zur Liebe. Eine Sexualethik zum Selberdenken, in: Zeitzeichen 8\/2025. (<a href=\"https:\/\/zeitzeichen.net\/node\/11973\" rel='nofollow'>https:\/\/zeitzeichen.net\/node\/11973<\/a>)<\/li>\n<\/ul>\n<\/li>\n<\/ul>\n\n\n\n<h2 class=\"wp-block-heading\">Vortr\u00e4ge<\/h2>\n\n\n\n<ul class=\"wp-block-list\">\n<li style=\"font-size:19px\">&#8222;Ethik \u2013 Maieutik \u2013 Narration. Response auf Bastian K\u00f6nig&#8220;. Forum Nachwuchs Hermeneutik und Interpretationstheorie im Rahmen der 6. Jahrestagung des Netzwerks Hermeneutik und Interpretationstheorie (NHI) &#8222;Hermeneutik in der Ethik&#8220;, 2021.<\/li>\n\n\n\n<li style=\"font-size:19px\">&#8222;Wir schaffen es nicht ganz allein! Wie k\u00f6nnen alle Menschen ein Zuhause bekommen?&#8220;. Kinder Akademie Armut und Obdachlosigkeit der Stadtmission Berlin, 2021.<\/li>\n\n\n\n<li style=\"font-size:19px\">&#8222;The garden city as a commons. Social-ethical perspectives on the new housing question&#8220;. VI. Global Network for Public Theology Consultation \u201ePublic Theologies in Vibrating Cities: Precious and Precarious\u201c, Curitiba (Brasilien) 2022 (Gemeinsam mit Torsten Meireis).<\/li>\n\n\n\n<li style=\"font-size:19px\">Im \u201eBann des Gesetzes\u201c \u2013 Giorgio Agamben als lutherischer Theologe des Politischen? Politische Theologie. Genealogien, Konstellationen, Figuren. Workshop im Rahmen des Forschungsforums \u00bbLiteratur und Religion\u00ab, Halle 2023.<\/li>\n\n\n\n<li style=\"font-size:19px\">&#8222;Die Stadt und der Garten. Sozialethische \u00dcberlegungen zur neuen Wohnungsfrage&#8220;. Thementag der Theologien, Humboldt Universit\u00e4t zu Berlin, 2023 (Gemeinsam mit Torsten Meireis).<\/li>\n\n\n\n<li style=\"font-size:19px\">Workshop &#8222;Ethik&#8220; im Rahmen des Projekts &#8222;Kompass Theologie. Fortbildung f\u00fcr Mitarbeitende in der evangelischen Arbeit mit jungen Menschen ohne theologische Vorerfahrung&#8220; der Evangelisch-Lutherische Kirche in Norddeutschland (Hauptbereich Generationen und Geschlechter), 2024.<\/li>\n\n\n\n<li style=\"font-size:19px\">&#8222;Gibt es ein Recht auf urbanen Wohnraum? Sozialethische Analysen&#8220; im Rahmen der Tagung &#8222;Ethik des Wohnens&#8220; des gemeinsamen Pastoralkollegs der Evangelischen Kirche im Rheinland, der Evangelischen Kirche von Westfalen, der Lippischen Landeskirche und der Evangelisch-reformierten Kirche, Magdeburg 2024.<\/li>\n\n\n\n<li style=\"font-size:19px\">&#8222;Das Gesetz der erf\u00fcllten Zeit. Eine ethisch orientierende Theologie des Gesetzes\u201c. 38. Iwand-Symposion, Speyer 2024.<\/li>\n\n\n\n<li style=\"font-size:19px\">&#8222;Im Bann des Gesetzes. Die orientierende Kraft des Gesetzes f\u00fcr die ev. Ethik&#8220; Internationale Bonhoeffer Gesellschaft, Jahrestagung \u00bbWas hei\u00dft heute die Wahrheit sagen? Wahrhaftigkeit, deep fakes und (digitale) Medien\u00ab, Eisenach 2024.<\/li>\n\n\n\n<li style=\"font-size:19px\">&#8222;Verantwortung. Das Programm eines B\u00fcndnisses theologischer und humanistischer Medienethik \u2013 Impuls im perspektivischen Tagungsr\u00fcckblick&#8220; Digitale Medienethik. Theologische und humanistische Perspektiven im Dialog, Forschungstagung im Theologischen Studienseminar der VELKD, Pullach 2024.<\/li>\n\n\n\n<li style=\"font-size:19px\">&#8222;Widerstand und Erhebung. Radikal demokratische \u00dcberlegungen zu einer Theologie des Politischen&#8220; Berliner theologisches Kolloquium 2025: Resilienz der Demokratie, Berlin 2025.<\/li>\n\n\n\n<li style=\"font-size:19px\">&#8222;\u00bbSexualit\u00e4t ist, was wir daraus machen\u00ab. Queere Perspektiven auf eine Lebenskunst der Sexualit\u00e4t&#8220; Planungstreffen \u201eQueering PT \/ Ethik\u201c innerhalb des DFG Forschungsnetzwerks \u201eTheologische Lebenskunstforschung&#8220;, Rothenburg o.d. Tauber 2025.<\/li>\n\n\n\n<li>&#8222;Krise \u2013 Situativit\u00e4t \u2013 Di\ufb00erenz. Auf dem Weg zu einer Theologie des Gesetzes&#8220; 2. Graduiertenforum Leucorea &#8222;Theorie der Befreiung&#8220; (mit <abbr title=\"Professor\">Prof.<\/abbr> <abbr title=\"Doktor\">Dr.<\/abbr> Christoph Menke), Wittenberg 2025.<\/li>\n\n\n\n<li>&#8222;\u00bbDenn der Friede muss gewagt werden\u00ab \u2013 Bonhoeffers Weg zum christlichen Pazifismus&#8220; <em>V<\/em>ernetzung zwischen Wissenschaft und Praxis &#8211; interdisziplin\u00e4re Tagung, Aachen 2025.<\/li>\n\n\n\n<li>&#8222;Religion as Situated Knowledge: Radical Democratic Orientation&#8220; Panel &#8222;Religion as Situated Knowledge in Social Transformation&#8220; im Rahmen der 8. Annual Conference der European Academy of Religion &#8222;EuARe2025 &#8211; Religion and Socio-Cultural Transformation: European Perspectives and Beyond&#8220;, Wien 2025.<\/li>\n\n\n\n<li>&#8222;Trauung f\u00fcr alle! Praktische und ethische Perspektiven&#8220;, Vortrag vor dem Beirat der Beauftragen f\u00fcr Chancengerechtigkeit der ev. Landeskirche in W\u00fcrttemberg, Stuttgart 2025.<\/li>\n<\/ul>\n\n\n\n<h2 class=\"wp-block-heading\">Mitgliedschaften<\/h2>\n\n\n\n<ul class=\"wp-block-list\">\n<li>Senatsausschuss &#8222;K\u00fcnstliche Intelligenz&#8220; der Helmut-Schmidt-Universit\u00e4t \/ Universit\u00e4t der Bundeswehr Hamburg<\/li>\n\n\n\n<li><a href=\"https:\/\/www.research.centreforfaithandcommunity.co.za\" rel='nofollow'>Research Fellow&nbsp;Faculty of Theology and Religion University of Pretoria, Centre For Faith and Community<\/a><\/li>\n\n\n\n<li><a href=\"https:\/\/karl-barth-gesellschaft.de\/\" rel='nofollow'>Karl Barth-Gesellschaft e.V.<\/a><\/li>\n\n\n\n<li><a href=\"http:\/\/www.hansiwandstiftung.de\/\" rel='nofollow'>Hans Iwand Stiftung e.V.<\/a><\/li>\n\n\n\n<li><a href=\"http:\/\/www.atwt.de\/\" rel='nofollow'>Arbeitskreis f\u00fcr theologische Wirtschafts- und Technikethik e.V. (ATWT)<\/a> (Vorstandsmitglied)<\/li>\n\n\n\n<li><a href=\"https:\/\/chancengleichheit-ekhn.de\/startseite\/themen\/geschlechtliche-vielfalt.html\" rel='nofollow'>Mitarbeit in der Fachgruppe Gendergerechtigkeit der Evangelischen Kirche in Hessen und Nassau<\/a><\/li>\n<\/ul>\n\n\n\n<p><\/p>\n","protected":false},"excerpt":{"rendered":"<p>Wissenschaftlicher Mitarbeiter am Lehrstuhl f\u00fcr Evangelische Theologie Kontakt E-Mail: lukas.johrendt@hsu.hamburg Telefon: (040) 6541-4844 Besucheranschrift Helmut-Schmidt-Universit\u00e4tGeb\u00e4ude H52, Raum 044Am Stadtrand 5222047 Hamburg Postanschrift Helmut-Schmidt-Universit\u00e4tEvangelische TheologiePostfach 70 08 2222008 Hamburg Lebenslauf Forschungsschwerpunkte [&hellip;]<\/p>\n","protected":false},"author":3774,"featured_media":0,"parent":0,"menu_order":0,"comment_status":"closed","ping_status":"closed","template":"","meta":{"footnotes":""},"categories":[4],"tags":[],"class_list":["post-442","page","type-page","status-publish","hentry","category-forschung"],"_links":{"self":[{"href":"https:\/\/www.hsu-hh.de\/theevs\/wp-json\/wp\/v2\/pages\/442","targetHints":{"allow":["GET"]}}],"collection":[{"href":"https:\/\/www.hsu-hh.de\/theevs\/wp-json\/wp\/v2\/pages"}],"about":[{"href":"https:\/\/www.hsu-hh.de\/theevs\/wp-json\/wp\/v2\/types\/page"}],"author":[{"embeddable":true,"href":"https:\/\/www.hsu-hh.de\/theevs\/wp-json\/wp\/v2\/users\/3774"}],"replies":[{"embeddable":true,"href":"https:\/\/www.hsu-hh.de\/theevs\/wp-json\/wp\/v2\/comments?post=442"}],"version-history":[{"count":56,"href":"https:\/\/www.hsu-hh.de\/theevs\/wp-json\/wp\/v2\/pages\/442\/revisions"}],"predecessor-version":[{"id":2761,"href":"https:\/\/www.hsu-hh.de\/theevs\/wp-json\/wp\/v2\/pages\/442\/revisions\/2761"}],"wp:attachment":[{"href":"https:\/\/www.hsu-hh.de\/theevs\/wp-json\/wp\/v2\/media?parent=442"}],"wp:term":[{"taxonomy":"category","embeddable":true,"href":"https:\/\/www.hsu-hh.de\/theevs\/wp-json\/wp\/v2\/categories?post=442"},{"taxonomy":"post_tag","embeddable":true,"href":"https:\/\/www.hsu-hh.de\/theevs\/wp-json\/wp\/v2\/tags?post=442"}],"curies":[{"name":"wp","href":"https:\/\/api.w.org\/{rel}","templated":true}]}}