{"id":121,"date":"2018-05-08T13:02:39","date_gmt":"2018-05-08T11:02:39","guid":{"rendered":"https:\/\/www.hsu-hh.de\/theevs\/?page_id=121"},"modified":"2025-11-18T08:43:29","modified_gmt":"2025-11-18T07:43:29","slug":"schreiber","status":"publish","type":"page","link":"https:\/\/www.hsu-hh.de\/theevs\/schreiber","title":{"rendered":"Prof. Dr. habil. Gerhard Schreiber"},"content":{"rendered":"\n<h3 class=\"wp-block-heading\">Lehrstuhlinhaber des Lehrstuhls f\u00fcr Evangelische Theologie<\/h3>\n\n\n\n<div style=\"height:20px\" aria-hidden=\"true\" class=\"wp-block-spacer\"><\/div>\n\n\n\n<div class=\"wp-block-columns is-layout-flex wp-container-core-columns-is-layout-9d6595d7 wp-block-columns-is-layout-flex\">\n<div class=\"wp-block-column is-vertically-aligned-top is-layout-flow wp-block-column-is-layout-flow\" style=\"flex-basis:66.66%\">\n<div class=\"wp-block-columns is-layout-flex wp-container-core-columns-is-layout-9d6595d7 wp-block-columns-is-layout-flex\">\n<div class=\"wp-block-column is-layout-flow wp-block-column-is-layout-flow\">\n<figure class=\"wp-block-image size-large is-resized\"><img loading=\"lazy\" decoding=\"async\" width=\"642\" height=\"1024\" src=\"https:\/\/www.hsu-hh.de\/theevs\/wp-content\/uploads\/sites\/736\/2023\/10\/G.Schreiber_rd-642x1024.jpg\" data-credit=\"HSU\" alt=\"\" class=\"wp-image-292\" style=\"width:334px;height:auto\" srcset=\"https:\/\/www.hsu-hh.de\/theevs\/wp-content\/uploads\/sites\/736\/2023\/10\/G.Schreiber_rd-642x1024.jpg 642w, https:\/\/www.hsu-hh.de\/theevs\/wp-content\/uploads\/sites\/736\/2023\/10\/G.Schreiber_rd-188x300.jpg 188w, https:\/\/www.hsu-hh.de\/theevs\/wp-content\/uploads\/sites\/736\/2023\/10\/G.Schreiber_rd-768x1226.jpg 768w, https:\/\/www.hsu-hh.de\/theevs\/wp-content\/uploads\/sites\/736\/2023\/10\/G.Schreiber_rd-962x1536.jpg 962w, https:\/\/www.hsu-hh.de\/theevs\/wp-content\/uploads\/sites\/736\/2023\/10\/G.Schreiber_rd-1283x2048.jpg 1283w, https:\/\/www.hsu-hh.de\/theevs\/wp-content\/uploads\/sites\/736\/2023\/10\/G.Schreiber_rd-1100x1756.jpg 1100w, https:\/\/www.hsu-hh.de\/theevs\/wp-content\/uploads\/sites\/736\/2023\/10\/G.Schreiber_rd.jpg 1320w\" sizes=\"auto, (max-width: 642px) 100vw, 642px\" \/><figcaption class=\"wp-element-caption\"><abbr title=\"Universit\u00e4tsprofessor\">Univ.-Prof.<\/abbr> <abbr title=\"Doktor\">Dr.<\/abbr> <abbr title=\"habilitatus\">habil.<\/abbr> Gerhard Schreiber<\/figcaption><\/figure>\n<\/div>\n\n\n\n<div class=\"wp-block-column is-layout-flow wp-block-column-is-layout-flow\">\n<h2 class=\"wp-block-heading\">Kontakt<\/h2>\n\n\n\n<p><strong>E-Mail<\/strong>: <a href=\"mailto:schreiber@hsu-hh.de\" rel='nofollow'>schreiber@hsu-hh.de<\/a><\/p>\n\n\n\n<p><strong>Telefon<\/strong>: (040) 6541 4848 (Sekretariat)<br>              \/ (040) 6541 4850 (B\u00fcro)<\/p>\n\n\n\n<p><strong>Sprechstunde<\/strong>: Donnerstag, 10:00 \u2013 11:00 Uhr<\/p>\n<\/div>\n<\/div>\n<\/div>\n\n\n\n<div class=\"wp-block-column is-layout-flow wp-block-column-is-layout-flow\" style=\"flex-basis:33.33%\">\n<h3 class=\"wp-block-heading\">Besuchsanschrift<\/h3>\n\n\n\n<p>Helmut-Schmidt-Universit\u00e4t<br>Geb\u00e4ude H52, R. 035<br>Am Stadtrand 52<br>22047 Hamburg<\/p>\n\n\n\n<h3 class=\"wp-block-heading\">Postanschrift<\/h3>\n\n\n\n<p>Helmut-Schmidt-Universit\u00e4t<br>Evangelische Theologie<br>Postfach 70 08 22<br>22008 Hamburg<\/p>\n<\/div>\n<\/div>\n\n\n\n<p><em>KI-Beauftragter der <abbr title=\"Helmut Schmidt Universit\u00e4t\">HSU<\/abbr>\/UniBw H<\/em><br><a href=\"mailto:ki@hsu.hamburg\" rel='nofollow'>ki@hsu.hamburg<\/a><\/p>\n\n\n\n<p><em>Co-Sprecher <abbr title=\"Helmut Schmidt Universit\u00e4t\">HSU<\/abbr>-AI Institut f\u00fcr K\u00fcnstliche Intelligenz<\/em><br><a href=\"https:\/\/www.hsu-hh.de\/iai\/en\/\">https:\/\/www.hsu-hh.de\/iai\/en\/<\/a><\/p>\n\n\n\n<p><em>Leiter des Forschungshubs KI-Ethik<\/em><br><a href=\"http:\/\/www.hsu-hh.de\/theevs\/ai-ethics\">www.hsu-hh.de\/theevs\/ai-ethics<\/a><\/p>\n\n\n\n<p>Stellvertretender Ethik-Beauftragter der Fakult\u00e4t <abbr title=\"Geistes- und Sozialwissenschaften\">GeiSo<\/abbr><\/p>\n\n\n\n<p><strong>Akademischer Werdegang<\/strong><\/p>\n\n\n\n<ul class=\"wp-block-list\">\n<li>1997-2004 Studium der Ev. Theologie (Pfarramt) in Neuendettelsau, M\u00fcnchen und Heidelberg<\/li>\n\n\n\n<li>2004 Kirchliches Examen (ELKB)<\/li>\n\n\n\n<li>2005-2010 Gastforscher, S\u00f8ren Kierkegaard Forskningscenteret, Kopenhagen, D\u00e4nemark; \u00dcbersetzer f\u00fcr D\u00e4nisch<\/li>\n\n\n\n<li>2009-2016 Wissenschaftlicher Mitarbeiter, Lehrstuhl f\u00fcr Systematische Theologie und Religionsphilosophie, Goethe-Universit\u00e4t Frankfurt<\/li>\n\n\n\n<li>2012 Promotion zum&nbsp;<abbr title=\"Doktor\">Dr.<\/abbr>&nbsp;theol. mit einer Arbeit \u00fcber das Glaubensverst\u00e4ndnis des jungen Kierkegaard<\/li>\n\n\n\n<li>2015 Gastprofessor, Institut f\u00fcr Philosophie, H\u00e1sk\u00f3li \u00cdslands (Universit\u00e4t von Island), Island<\/li>\n\n\n\n<li>2016-2023 Akademischer Rat (auf Lebenszeit), Institut f\u00fcr Theologie und Sozialethik (iths), Technische Universit\u00e4t Darmstadt<\/li>\n\n\n\n<li>2022 Vertretungsprofessor f\u00fcr Systematische Theologie &amp; Hermeneutik, Rheinische Friedrich-Wilhelms-Universit\u00e4t Bonn<\/li>\n\n\n\n<li>2022 Habilitation zum&nbsp;<abbr title=\"Doktor\">Dr.<\/abbr>&nbsp;theol. <abbr title=\"habilitatus\">habil.<\/abbr> mit einer Arbeit zu Sexualit\u00e4t und Gewalt und Ernennung zum Privatdozenten im Fach Systematische Theologie, Goethe-Universit\u00e4t Frankfurt<\/li>\n\n\n\n<li>2022 Verleihung der Venia Legendi f\u00fcr das Fach Systematische Theologie, Goethe-Universit\u00e4t Frankfurt<\/li>\n\n\n\n<li>2023 Verwaltungsprofessor f\u00fcr Systematische Theologie und Wissenschaftskulturdialog, Institut f\u00fcr Ethik und Theologie (IET), Leuphana Universit\u00e4t L\u00fcneburg<\/li>\n\n\n\n<li>2023 Ruf auf die W3-Professur f\u00fcr Ev. Theologie unter besonderer Ber\u00fccksichtigung der Sozial- und Technikethik, Helmut-Schmidt-Universit\u00e4t\/Universit\u00e4t der Bundeswehr Hamburg (<em>angenommen<\/em>)<\/li>\n\n\n\n<li>seit 10\/2023: Professor f\u00fcr Ev. Theologie unter besonderer Ber\u00fccksichtigung der Sozial- und Technikethik, Helmut-Schmidt-Universit\u00e4t\/Universit\u00e4t der Bundeswehr Hamburg<\/li>\n\n\n\n<li>2024 Ruf auf die W3-Professur f\u00fcr Systematische Theologie, Technische Universit\u00e4t Dortmund (<em>abgelehnt<\/em>)<\/li>\n<\/ul>\n\n\n\n<p><strong>Publikationen<\/strong><\/p>\n\n\n\n<div class=\"wp-block-hsu-publicationblock\"><div class=\"img-area download-image\"><img decoding=\"async\" src=\"\/wp-content\/themes\/hsu\/img\/dummy\/downloads_dummy.png\" alt=\"Publikation Symbol-Icon\" \/><\/div><div class=\"content-area\"><a href=\"https:\/\/www.hsu-hh.de\/theevs\/publikationen\"><strong>Publikationsverzeichnis<\/strong><\/a><\/div><\/div>\n\n\n\n<p><\/p>\n\n\n\n<p><strong>Auszeichnungen<\/strong><\/p>\n\n\n\n<ul class=\"wp-block-list\">\n<li>Best Paper Award, CONVERSATIONS 2025<\/li>\n\n\n\n<li>Athene-Preis f\u00fcr Gute Lehre der Technischen Universit\u00e4t Darmstadt \u2013 Sonderpreis Gender- und Diversity-sensible Lehre (2020)<\/li>\n\n\n\n<li>Leonore-Siegele-Wenschkewitz-Preis (2017)<\/li>\n\n\n\n<li>Nominierung, 1822-Universit\u00e4tspreis f\u00fcr exzellente Lehre, Goethe-Universit\u00e4t Frankfurt (2016)<\/li>\n<\/ul>\n\n\n\n<p><strong>Aktuelle Forschungsprojekte<\/strong><\/p>\n\n\n\n<ul class=\"wp-block-list\">\n<li>Ontologie des Virtuellen<\/li>\n\n\n\n<li>Ethik der K\u00fcnstlichen Intelligenz (AI Ethics)<\/li>\n\n\n\n<li>Generative AI<\/li>\n\n\n\n<li>Macht und Machtmissbrauch<\/li>\n\n\n\n<li>Sexualit\u00e4t und Gewalt<\/li>\n\n\n\n<li><a href=\"https:\/\/zevedi.de\/en\/topics\/radm-2\/\" rel='nofollow'>Responsible Algorithmic Decision-Making (RADM)<\/a><\/li>\n\n\n\n<li><a href=\"https:\/\/www.hsu-hh.de\/theevs\/forschung-2\">The Trustworthy AI Lab at Helmut Schmidt University (<abbr title=\"Helmut Schmidt Universit\u00e4t\">HSU<\/abbr>\/<abbr title=\"Universit\u00e4t der Bundeswehr Hamburg\">UniBwH<\/abbr>)<\/a><\/li>\n<\/ul>\n\n\n\n<p><strong>Abgeschlossene Forschungsprojekte <\/strong><\/p>\n\n\n\n<p><\/p>\n\n\n\n<ul class=\"wp-block-list\">\n<li>ZEVEDI-Projektgruppe&nbsp;<em>Responsible Algorithmic Decision-Making in the Workplace&nbsp;<\/em>(PI) (11\/2022-4\/2024)<\/li>\n\n\n\n<li>ZEVEDI-Ad-hoc-Forschungsvorhaben&nbsp;<em>Discourses of Disruptive Digital Technologies Using the Example of AI Text Generators&nbsp;<\/em>(KI:Text) (Wissenschaftliche Leitung) (4\/2023-12\/2023)<\/li>\n\n\n\n<li>ZEVEDI-Projektgruppe&nbsp;<em>Data Sovereignty<\/em>&nbsp;(PI) (11\/2020-12\/2021)<\/li>\n\n\n\n<li>DFG-Kooperation <em>Evolution&#8217;s Rainbow: Transitory Theology and Human Sexuality<\/em> mit Yiftach Fehige (Universit\u00e4t Toronto) (3\/2020-8\/2023)<\/li>\n\n\n\n<li><em>Digitalisierung der Bibliothek Kierkegaards<\/em> (DiBiKi) in Kooperation mit dem S\u00f8ren-Kierkegaard-Forschungszentrum &amp; Det Kongelige Bibliotek, Kopenhagen sowie The Howard and Edna Hong Kierkegaard Library, St. Olaf College, Northfield, Minnesota, USA (2010-2016)<\/li>\n<\/ul>\n\n\n\n<p><strong>Mitgliedschaften <\/strong><\/p>\n\n\n\n<ul class=\"wp-block-list\">\n<li>American Academy of Religion (AAR) <\/li>\n\n\n\n<li>Arbeitskreis f\u00fcr theologische Wirtschafts- und Technikethik e.V. (ATWT) <\/li>\n\n\n\n<li>Arbeitskreis Gender der Evangelischen Akademie Frankfurt (2018-2020) (Vorsitz) <\/li>\n\n\n\n<li>Armut und Gesundheit in Deutschland e.V. <\/li>\n\n\n\n<li>Association for Evidence-Based Gender Health, Switzerland (Vorstand) <\/li>\n\n\n\n<li>Bildungsnetzwerk der Konrad-Adenauer-Stiftung e.V. <\/li>\n\n\n\n<li>Cochrane Collaboration<\/li>\n\n\n\n<li>Comparative Approaches to Religion and Violence Group (CARV)<\/li>\n\n\n\n<li>Comprehensive Systematic Review Training Program (JBI)<\/li>\n\n\n\n<li>Deutsche Gesellschaft f\u00fcr Health Consumer Ethics e.V. (Vorstand) <\/li>\n\n\n\n<li>Deutscher Hochschulverband (DHV)<\/li>\n\n\n\n<li>Fachgesellschaft Geschlechterstudien e.V.  (2015-2023)<\/li>\n\n\n\n<li>Fachgruppe Gendergerechtigkeit der EKHN (2015-2024)<\/li>\n\n\n\n<li>Freundinnen und Freunde der Augustana-Hochschule e.V. <\/li>\n\n\n\n<li>Freunde und F\u00f6rderer der Helmut-Schmidt-Universit\u00e4t\/Universit\u00e4t der Bundeswehr Hamburg e.V.&nbsp;<\/li>\n\n\n\n<li>Gender_Queer-Netzwerk, Technische Universit\u00e4t Darmstadt (2019-2023)<\/li>\n\n\n\n<li><a href=\"https:\/\/hamburg-vista.github.io\/\" rel='nofollow'>Hamburg Virtual Initiative for Science &amp; Technology in AI (Hamburg VISTA)&nbsp;<\/a><\/li>\n\n\n\n<li>Hanna-Jursch-Jury der Evangelischen Kirche in Deutschland (EKD) (seit 2016) (stellv. Vorsitzender)<\/li>\n\n\n\n<li><abbr title=\"Helmut Schmidt Universit\u00e4t\">HSU<\/abbr>-AI Institute<em> <\/em>of<em> <\/em>Artificial Intelligence, Helmut Schmidt University, Hamburg<\/li>\n\n\n\n<li>Institute of Research in the Philosophy of Religion (IRF), Goethe-Universit\u00e4t Frankfurt, Direktorium (2015-2022)<\/li>\n\n\n\n<li>JBI Centre for Gender Health Care (Director)<\/li>\n\n\n\n<li>The GRADE (Grading of Recommendations Assessment, Development and Evaluation) Working Group<\/li>\n\n\n\n<li>The Trustworthy AI Lab at Helmut Schmidt University (<abbr title=\"Helmut Schmidt Universit\u00e4t\">HSU<\/abbr>\/<abbr title=\"Universit\u00e4t der Bundeswehr Hamburg\">UniBwH<\/abbr>) (Spokesperson)<\/li>\n\n\n\n<li>Think Tank Ethische Nutzung von KI (VK:KIWA) (seit 2023)<\/li>\n\n\n\n<li>Verein zur F\u00f6rderung Feministischer Theologie in Forschung und Lehre e.V. <\/li>\n\n\n\n<li>Wissenschaftliche Gesellschaft f\u00fcr Theologie e.V. (WGTh) <\/li>\n<\/ul>\n\n\n\n<p><\/p>\n\n\n\n<p><strong>Gutachtert\u00e4tigkeiten<\/strong> (in Auswahl)<\/p>\n\n\n\n<ul class=\"wp-block-list\">\n<li>Advisory Board, <em>Kierkegaard Studies Yearbook<\/em> (KSYB) (De Gruyter)<\/li>\n\n\n\n<li>Advisory Board, <em>Kierkegaard Studies Monograph Series<\/em> (KSMS) (De Gruyter)<\/li>\n\n\n\n<li>Advisory Board, <em>Filozofia<\/em><\/li>\n\n\n\n<li>Advisory Board, <em>Acta Kierkegaardiana \u2013 Supplement<\/em><\/li>\n\n\n\n<li>Advisory Board, <em>Danish Golden Age Studies<\/em> (Brill)<\/li>\n\n\n\n<li>Advisory Board, <em>Texts from Golden Age Denmark <\/em>(Brill)<\/li>\n\n\n\n<li>Evangelisches Studienwerk Villigst<\/li>\n\n\n\n<li><em>Family Forum<\/em> (Uniwersytet Opolski)<\/li>\n\n\n\n<li><em>JBI Evidence Synthesis<\/em><\/li>\n\n\n\n<li><em>Central European Research Institute of S\u00f8ren Kierkegaard<\/em> (Ceri), Slowakei<\/li>\n\n\n\n<li><em>Cochrane Database of Systematic Reviews<\/em><\/li>\n\n\n\n<li><em>Discipline Filosofiche<\/em> (Universit\u00e0 di Bologna)<\/li>\n\n\n\n<li>Deutsche Forschungsgemeinschaft (DFG)<\/li>\n<\/ul>\n\n\n\n<p><\/p>\n","protected":false},"excerpt":{"rendered":"<p>Lehrstuhlinhaber des Lehrstuhls f\u00fcr Evangelische Theologie Kontakt E-Mail: schreiber@hsu-hh.de Telefon: (040) 6541 4848 (Sekretariat) \/ (040) 6541 4850 (B\u00fcro) Sprechstunde: Donnerstag, 10:00 \u2013 11:00 Uhr Besuchsanschrift Helmut-Schmidt-Universit\u00e4tGeb\u00e4ude H52, R. 035Am [&hellip;]<\/p>\n","protected":false},"author":582,"featured_media":0,"parent":0,"menu_order":0,"comment_status":"closed","ping_status":"closed","template":"","meta":{"footnotes":""},"categories":[8],"tags":[],"class_list":["post-121","page","type-page","status-publish","hentry","category-team"],"_links":{"self":[{"href":"https:\/\/www.hsu-hh.de\/theevs\/wp-json\/wp\/v2\/pages\/121","targetHints":{"allow":["GET"]}}],"collection":[{"href":"https:\/\/www.hsu-hh.de\/theevs\/wp-json\/wp\/v2\/pages"}],"about":[{"href":"https:\/\/www.hsu-hh.de\/theevs\/wp-json\/wp\/v2\/types\/page"}],"author":[{"embeddable":true,"href":"https:\/\/www.hsu-hh.de\/theevs\/wp-json\/wp\/v2\/users\/582"}],"replies":[{"embeddable":true,"href":"https:\/\/www.hsu-hh.de\/theevs\/wp-json\/wp\/v2\/comments?post=121"}],"version-history":[{"count":111,"href":"https:\/\/www.hsu-hh.de\/theevs\/wp-json\/wp\/v2\/pages\/121\/revisions"}],"predecessor-version":[{"id":2431,"href":"https:\/\/www.hsu-hh.de\/theevs\/wp-json\/wp\/v2\/pages\/121\/revisions\/2431"}],"wp:attachment":[{"href":"https:\/\/www.hsu-hh.de\/theevs\/wp-json\/wp\/v2\/media?parent=121"}],"wp:term":[{"taxonomy":"category","embeddable":true,"href":"https:\/\/www.hsu-hh.de\/theevs\/wp-json\/wp\/v2\/categories?post=121"},{"taxonomy":"post_tag","embeddable":true,"href":"https:\/\/www.hsu-hh.de\/theevs\/wp-json\/wp\/v2\/tags?post=121"}],"curies":[{"name":"wp","href":"https:\/\/api.w.org\/{rel}","templated":true}]}}