{"id":2053,"date":"2023-01-26T09:34:06","date_gmt":"2023-01-26T08:34:06","guid":{"rendered":"https:\/\/www.hsu-hh.de\/sprachen\/?page_id=2053"},"modified":"2024-09-16T13:08:59","modified_gmt":"2024-09-16T11:08:59","slug":"franzoesisch","status":"publish","type":"page","link":"https:\/\/www.hsu-hh.de\/sprachen\/franzoesisch","title":{"rendered":"Franz\u00f6sisch"},"content":{"rendered":"\n<p><strong><\/strong><strong>MODULKURSE<\/strong><\/p>\n\n\n\n<p><strong>(4 ECTS)<\/strong><\/p>\n\n\n\n<ul class=\"wp-block-list\">\n<li>3 Trimester, 90 Minuten Unterricht pro Woche<\/li>\n\n\n\n<li>Pr\u00fcfungen: Ende des&nbsp;Fr\u00fchjahrtrimesters<\/li>\n\n\n\n<li><a href=\"https:\/\/www.hsu-hh.de\/sprachen\/wp-content\/uploads\/sites\/737\/2024\/09\/FRANZOeSISCH-2024-2025-1.pdf\">Kursbeschreibung<\/a><\/li>\n<\/ul>\n\n\n\n<div style=\"height:100px\" aria-hidden=\"true\" class=\"wp-block-spacer\"><\/div>\n\n\n\n<div class=\"wp-block-media-text alignwide has-media-on-the-right is-stacked-on-mobile is-image-fill\"><div class=\"wp-block-media-text__content\">\n<p><strong>Franz\u00f6sisch A1<\/strong><\/p>\n\n\n\n<p>Zulassungsbedingungen: Vorkenntnisse bis max. 2 Jahre Schulunterricht in der Zielsprache.<\/p>\n\n\n\n<p>Modulpr\u00fcfungen: m\u00fcndlich und schriftlich<\/p>\n\n\n\n<p>Weitere Informationen:&nbsp;<a href=\"mailto:davids@hsu-hh.de\" rel='nofollow'>Sol\u00e8ne David<\/a><\/p>\n<\/div><figure class=\"wp-block-media-text__media\" style=\"background-image:url(https:\/\/www.hsu-hh.de\/sprachen\/wp-content\/uploads\/sites\/737\/2023\/01\/Frankreich6.jpg);background-position:77% 66%\"><img loading=\"lazy\" decoding=\"async\" width=\"480\" height=\"640\" src=\"https:\/\/www.hsu-hh.de\/sprachen\/wp-content\/uploads\/sites\/737\/2023\/01\/Frankreich6.jpg\" data-credit=\"David\" alt=\"Frankreich\" class=\"wp-image-2411 size-full\" srcset=\"https:\/\/www.hsu-hh.de\/sprachen\/wp-content\/uploads\/sites\/737\/2023\/01\/Frankreich6.jpg 480w, https:\/\/www.hsu-hh.de\/sprachen\/wp-content\/uploads\/sites\/737\/2023\/01\/Frankreich6-225x300.jpg 225w\" sizes=\"auto, (max-width: 480px) 100vw, 480px\" \/><\/figure><\/div>\n\n\n\n<div style=\"height:100px\" aria-hidden=\"true\" class=\"wp-block-spacer\"><\/div>\n\n\n\n<div class=\"wp-block-media-text alignwide is-stacked-on-mobile is-image-fill\"><figure class=\"wp-block-media-text__media\" style=\"background-image:url(https:\/\/www.hsu-hh.de\/sprachen\/wp-content\/uploads\/sites\/737\/2023\/01\/Frankreich4-768x1024.jpg);background-position:50% 50%\"><img loading=\"lazy\" decoding=\"async\" width=\"768\" height=\"1024\" src=\"https:\/\/www.hsu-hh.de\/sprachen\/wp-content\/uploads\/sites\/737\/2023\/01\/Frankreich4-768x1024.jpg\" data-credit=\"David\" alt=\"Frankreich\" class=\"wp-image-2414 size-full\" srcset=\"https:\/\/www.hsu-hh.de\/sprachen\/wp-content\/uploads\/sites\/737\/2023\/01\/Frankreich4-768x1024.jpg 768w, https:\/\/www.hsu-hh.de\/sprachen\/wp-content\/uploads\/sites\/737\/2023\/01\/Frankreich4-225x300.jpg 225w, https:\/\/www.hsu-hh.de\/sprachen\/wp-content\/uploads\/sites\/737\/2023\/01\/Frankreich4-1152x1536.jpg 1152w, https:\/\/www.hsu-hh.de\/sprachen\/wp-content\/uploads\/sites\/737\/2023\/01\/Frankreich4-1100x1467.jpg 1100w, https:\/\/www.hsu-hh.de\/sprachen\/wp-content\/uploads\/sites\/737\/2023\/01\/Frankreich4-rotated.jpg 1536w\" sizes=\"auto, (max-width: 768px) 100vw, 768px\" \/><\/figure><div class=\"wp-block-media-text__content\">\n<p><strong>Franz\u00f6sisch A2<\/strong><\/p>\n\n\n\n<p>Zulassungsbedingungen: maximal 4 Jahre Schulunterricht oder ein abgeschlossenes Modul Franz\u00f6sisch A1.<\/p>\n\n\n\n<p>Modulpr\u00fcfungen: m\u00fcndlich und schriftlich<\/p>\n\n\n\n<p>Weitere Informationen:&nbsp;<a href=\"mailto:davids@hsu-hh.de\" rel='nofollow'>Sol\u00e8ne David<\/a><\/p>\n<\/div><\/div>\n\n\n\n<div style=\"height:100px\" aria-hidden=\"true\" class=\"wp-block-spacer\"><\/div>\n\n\n\n<div class=\"wp-block-media-text alignwide has-media-on-the-right is-stacked-on-mobile is-image-fill\"><div class=\"wp-block-media-text__content\">\n<p><strong>Franz\u00f6sisch B1<\/strong><\/p>\n\n\n\n<p>Zulassungsbedingungen: maximal 6 Jahre Schulunterricht oder ein abgeschlossenes Modul Franz\u00f6sisch A2.<\/p>\n\n\n\n<p>Modulpr\u00fcfungen: m\u00fcndlich und schriftlich<\/p>\n\n\n\n<p>Weitere Informationen:&nbsp;<a href=\"mailto:davids@hsu-hh.de\" rel='nofollow'>Sol\u00e8ne David<\/a><\/p>\n<\/div><figure class=\"wp-block-media-text__media\" style=\"background-image:url(https:\/\/www.hsu-hh.de\/sprachen\/wp-content\/uploads\/sites\/737\/2023\/01\/Frankreich7-1024x768.jpg);background-position:50% 50%\"><img loading=\"lazy\" decoding=\"async\" width=\"1024\" height=\"768\" src=\"https:\/\/www.hsu-hh.de\/sprachen\/wp-content\/uploads\/sites\/737\/2023\/01\/Frankreich7-1024x768.jpg\" data-credit=\"David\" alt=\"Frankreich\" class=\"wp-image-2413 size-full\" srcset=\"https:\/\/www.hsu-hh.de\/sprachen\/wp-content\/uploads\/sites\/737\/2023\/01\/Frankreich7-1024x768.jpg 1024w, https:\/\/www.hsu-hh.de\/sprachen\/wp-content\/uploads\/sites\/737\/2023\/01\/Frankreich7-300x225.jpg 300w, https:\/\/www.hsu-hh.de\/sprachen\/wp-content\/uploads\/sites\/737\/2023\/01\/Frankreich7-768x576.jpg 768w, https:\/\/www.hsu-hh.de\/sprachen\/wp-content\/uploads\/sites\/737\/2023\/01\/Frankreich7-1536x1152.jpg 1536w, https:\/\/www.hsu-hh.de\/sprachen\/wp-content\/uploads\/sites\/737\/2023\/01\/Frankreich7-2048x1536.jpg 2048w, https:\/\/www.hsu-hh.de\/sprachen\/wp-content\/uploads\/sites\/737\/2023\/01\/Frankreich7-1100x825.jpg 1100w\" sizes=\"auto, (max-width: 1024px) 100vw, 1024px\" \/><\/figure><\/div>\n\n\n\n<div style=\"height:100px\" aria-hidden=\"true\" class=\"wp-block-spacer\"><\/div>\n\n\n\n<div class=\"wp-block-media-text alignwide is-stacked-on-mobile is-image-fill\"><figure class=\"wp-block-media-text__media\" style=\"background-image:url(https:\/\/www.hsu-hh.de\/sprachen\/wp-content\/uploads\/sites\/737\/2023\/01\/Frankreich3-768x1024.jpg);background-position:61% 71%\"><img loading=\"lazy\" decoding=\"async\" width=\"768\" height=\"1024\" src=\"https:\/\/www.hsu-hh.de\/sprachen\/wp-content\/uploads\/sites\/737\/2023\/01\/Frankreich3-768x1024.jpg\" data-credit=\"David\" alt=\"\" class=\"wp-image-2467 size-full\" srcset=\"https:\/\/www.hsu-hh.de\/sprachen\/wp-content\/uploads\/sites\/737\/2023\/01\/Frankreich3-768x1024.jpg 768w, https:\/\/www.hsu-hh.de\/sprachen\/wp-content\/uploads\/sites\/737\/2023\/01\/Frankreich3-225x300.jpg 225w, https:\/\/www.hsu-hh.de\/sprachen\/wp-content\/uploads\/sites\/737\/2023\/01\/Frankreich3-1152x1536.jpg 1152w, https:\/\/www.hsu-hh.de\/sprachen\/wp-content\/uploads\/sites\/737\/2023\/01\/Frankreich3-1100x1467.jpg 1100w, https:\/\/www.hsu-hh.de\/sprachen\/wp-content\/uploads\/sites\/737\/2023\/01\/Frankreich3.jpg 1536w\" sizes=\"auto, (max-width: 768px) 100vw, 768px\" \/><\/figure><div class=\"wp-block-media-text__content\">\n<p><strong>Franz\u00f6sisch B2<\/strong><\/p>\n\n\n\n<p>Zulassungsbedingungen: ab 6 Jahre Schulunterricht oder ein abgeschlossenes Modul Franz\u00f6sisch B1.<\/p>\n\n\n\n<p>Modulpr\u00fcfungen: m\u00fcndlich und schriftlich<\/p>\n\n\n\n<p>Weitere Informationen:&nbsp;<a href=\"mailto:davids@hsu-hh.de\" rel='nofollow'>Sol\u00e8ne David<\/a><\/p>\n<\/div><\/div>\n\n\n\n<div style=\"height:100px\" aria-hidden=\"true\" class=\"wp-block-spacer\"><\/div>\n\n\n\n<hr class=\"wp-block-separator has-alpha-channel-opacity is-style-default\" \/>\n\n\n\n<p><strong>FRANZ\u00d6SISCH F\u00dcR STUDIERENDE DES STUDIENGANGS GESCHICHTSWISSENSCHAFT<\/strong><\/p>\n\n\n\n<p><strong>FRANZ\u00d6SISCH F\u00dcR HISTORIKER\/INNEN<\/strong><\/p>\n\n\n\n<p>\u2022 Keine ECTS<br>\u2022 Drei Trimester<br>\u2022 6 Ustd.\/Woche<br><\/p>\n\n\n\n<p>Zielgruppe<\/p>\n\n\n\n<p>BA-Studierende, die nur Englisch und Latein oder Altgriechisch in der Schule gelernt haben.<\/p>\n\n\n\n<p><strong>Immatrikulation<\/strong><br>Ihre Immatrikulation ist zun\u00e4chst vorl\u00e4ufig. Nur durch erfolgreiches Absolvieren des Kurses und Bestehen der abschlie\u00dfenden \u00dcbersetzungsklausur (Franz\u00f6sisch-Deutsch) erhalten Sie die vollst\u00e4ndige Immatrikulation.<\/p>\n\n\n\n<div style=\"height:22px\" aria-hidden=\"true\" class=\"wp-block-spacer\"><\/div>\n\n\n\n<p><strong>PRAKTIKUM f\u00fcr <strong> Studierende des Studiengangs Geschichtswissenschaft<\/strong> \u2013 BA Studierende<\/strong><\/p>\n\n\n\n<p>\u2022 10 ECTS<br>\u2022 6 Wochen in der Vorlesungsfreie Zeit<br>\u2022 5 Ustd.\/Tag, 5 Tage\/Woche<\/p>\n\n\n\n<p><strong>Drei Stufen<\/strong><\/p>\n\n\n\n<p>Franz\u00f6sisch A1: Keine Vorkenntnisse oder bis max. 2 Jahre Schulunterricht ab Mitte Juli<br>Franz\u00f6sisch A2: Vorkenntnisse bis max. 4 Jahre Schulunterricht, ab Mitte Juli<br>Franz\u00f6sisch B1: Vorkenntnisse bis max. 6 Jahre Schulunterricht, ab Anfang August<\/p>\n\n\n\n<div style=\"height:27px\" aria-hidden=\"true\" class=\"wp-block-spacer\"><\/div>\n\n\n\n<p><strong>FRANZ\u00d6SISCH F\u00dcR FORTGESCHRITTENE \u2013 f\u00fcr MA Studierende<\/strong><\/p>\n\n\n\n<p>\u2022 23 ECTS<br>\u2022 Drei Trimester, 4 Ustd.\/Woche<br>\u2022 UND ein Intensivkurs, 24 Ustd.<\/p>\n\n\n\n<p><strong>Verwendbarkeit<\/strong>: Wahlpflichtfach (Erg\u00e4nzungsfach)<\/p>\n\n\n\n<p><strong>Voraussetzungen f\u00fcr die Teilnahme<\/strong><\/p>\n\n\n\n<p>\u2022 Erfolgreicher Abschluss des BA-Studiengangs Geschichtswissenschaft,<br>\u2022 Bestandener Franz\u00f6sischkurs f\u00fcr HistorikerInnen <abbr title=\"beziehungsweise\">bzw.<\/abbr> bestandenes Modul Sprachkurs Franz\u00f6sisch auf Niveau SLP 1111 (A2) oder Nachweis vergleichbarer Kenntnisse. Die Vorkenntnisse sollten das Niveau der Stufe B1 nach dem GERS nicht \u00fcbersteigen.<\/p>\n\n\n\n<div style=\"height:20px\" aria-hidden=\"true\" class=\"wp-block-spacer\"><\/div>\n\n\n\n<hr class=\"wp-block-separator has-alpha-channel-opacity is-style-default\" \/>\n\n\n\n<p><strong>FRANZ\u00d6SISCH F\u00dcR POLITIK STUDIERENDE<\/strong><\/p>\n\n\n\n<p><strong>PRAXISMODUL f\u00fcr BA Studierende<\/strong><\/p>\n\n\n\n<p>\u2022 7 ECTS<br>\u2022 5 Wochen in der Vorlesungsfreie Zeit<br>\u2022 5 Ustd.\/Tag, 5 Tage \/ Woche<\/p>\n\n\n\n<p><strong>Drei Stufen<\/strong>:<br>Franz\u00f6sisch A1 -Keine Vorkenntnisse oder bis max.2 Jahre Schulunterricht ab Mitte Juli<br>Franz\u00f6sisch A2 -Vorkenntnisse bis max. 4 Jahre Schulunterricht, ab Mitte Juli<br>Franz\u00f6sisch B1 -Vorkenntnisse bis max. 6 Jahre Schulunterricht, ab Anfang August<\/p>\n\n\n\n<div style=\"height:18px\" aria-hidden=\"true\" class=\"wp-block-spacer\"><\/div>\n\n\n\n<p><strong>PRAXISMODUL f\u00fcr MA Studierende<\/strong><\/p>\n\n\n\n<p>\u2022 5 ECTS<br>\u2022 4Wochen in der Vorlesungsfreie Zeit<br>\u2022 5 Ustd.\/Tag, 5 Tage\/Woche<\/p>\n\n\n\n<p><strong>Zwei Stufen:<\/strong><br>Franz\u00f6sisch A2 -Vorkenntnisse bis max. 4 Jahre Schulunterricht, ab Mitte Juli<br>Franz\u00f6sisch B1 -Vorkenntnisse bis max. 6 Jahre Schulunterricht, ab Anfang August<\/p>\n","protected":false},"excerpt":{"rendered":"<p>MODULKURSE (4 ECTS) Franz\u00f6sisch A1 Zulassungsbedingungen: Vorkenntnisse bis max. 2 Jahre Schulunterricht in der Zielsprache. Modulpr\u00fcfungen: m\u00fcndlich und schriftlich Weitere Informationen:&nbsp;Sol\u00e8ne David Franz\u00f6sisch A2 Zulassungsbedingungen: maximal 4 Jahre Schulunterricht oder [&hellip;]<\/p>\n","protected":false},"author":3324,"featured_media":0,"parent":0,"menu_order":0,"comment_status":"closed","ping_status":"closed","template":"","meta":{"footnotes":""},"categories":[4],"tags":[],"class_list":["post-2053","page","type-page","status-publish","hentry","category-forschung"],"_links":{"self":[{"href":"https:\/\/www.hsu-hh.de\/sprachen\/wp-json\/wp\/v2\/pages\/2053","targetHints":{"allow":["GET"]}}],"collection":[{"href":"https:\/\/www.hsu-hh.de\/sprachen\/wp-json\/wp\/v2\/pages"}],"about":[{"href":"https:\/\/www.hsu-hh.de\/sprachen\/wp-json\/wp\/v2\/types\/page"}],"author":[{"embeddable":true,"href":"https:\/\/www.hsu-hh.de\/sprachen\/wp-json\/wp\/v2\/users\/3324"}],"replies":[{"embeddable":true,"href":"https:\/\/www.hsu-hh.de\/sprachen\/wp-json\/wp\/v2\/comments?post=2053"}],"version-history":[{"count":38,"href":"https:\/\/www.hsu-hh.de\/sprachen\/wp-json\/wp\/v2\/pages\/2053\/revisions"}],"predecessor-version":[{"id":3176,"href":"https:\/\/www.hsu-hh.de\/sprachen\/wp-json\/wp\/v2\/pages\/2053\/revisions\/3176"}],"wp:attachment":[{"href":"https:\/\/www.hsu-hh.de\/sprachen\/wp-json\/wp\/v2\/media?parent=2053"}],"wp:term":[{"taxonomy":"category","embeddable":true,"href":"https:\/\/www.hsu-hh.de\/sprachen\/wp-json\/wp\/v2\/categories?post=2053"},{"taxonomy":"post_tag","embeddable":true,"href":"https:\/\/www.hsu-hh.de\/sprachen\/wp-json\/wp\/v2\/tags?post=2053"}],"curies":[{"name":"wp","href":"https:\/\/api.w.org\/{rel}","templated":true}]}}