{"id":4524,"date":"2026-09-04T15:27:55","date_gmt":"2026-09-04T13:27:55","guid":{"rendered":"https:\/\/www.hsu-hh.de\/psyaow\/?page_id=4524"},"modified":"2026-09-04T15:44:46","modified_gmt":"2026-09-04T13:44:46","slug":"dr-jana-celikler","status":"publish","type":"page","link":"https:\/\/www.hsu-hh.de\/psyaow\/team\/dr-jana-celikler\/","title":{"rendered":"Dr. Jana Celikler (geb. Holling)"},"content":{"rendered":"<script type=\"application\/ld+json\">[{\"@context\": \"https:\/\/www.schema.org\",\"@type\": \"Person\",\"name\": \"Jana Celikler\",\"worksFor\": [{\t\"@type\": \"Organization\",\t\"name\": \"Helmut-Schmidt-Universit\u00e4t\",\t\"url\": \"https:\/\/www.hsu-hh.de\"\t, \"department\": {\"@type\": \"Organization\",\t\t\t\t\t\"name\": \"Arbeits-, Organisations- und Wirtschaftspsychologie\",\t\t\t\t\t\"location\": {\t\t\t\t\t\t\"@type\": \"PostalAddress\",\t\t\t\t\t\t\"addressLocality\": \"\",        \t\t\t\t\"postalCode\": \"22043\",        \t\t\t\t\"streetAddress\": \"Holstenhofweg 85 , Geb\u00e4ude H1\"\t\t\t\t\t}},\t\"location\": {\t\t\"@type\": \"PostalAddress\",    \t\"addressLocality\": \"\",    \t\"postalCode\": \"22008\",    \t\"postOfficeBoxNumber\": \"700822\"\t}   }],\"image\": \"https:\/\/www.hsu-hh.de\/psyaow\/wp-content\/uploads\/sites\/834\/2026\/09\/Jana-celikler-150x150.jpg\",\"telephone\": \"+49406541-2428\",\"faxNumber\": \"\",\"email\": \"celiklej@hsu.hamburg\"}]<\/script><div class=\"clearfix\"><\/div><div class=\"ansprechparter-container \" style=\"margin-top:1em; \"><div class=\"row ansprechpartner-item ansprechparter-header\" ><div class=\"col-xs-8 col-lg-12\" style=\"margin-bottom: 30px;\"><h3 class=\"ansprechparter-headline\">Jana Celikler<\/h3><\/div><\/div><div class=\"col-md-4 col-lg-3 col-xs-4 ansprechpartner-item floatright img-circle center-block\" style=\"margin-bottom: 30px;\"><div class=\"img-responsive-wrapper\"><img decoding=\"async\" src=\"https:\/\/www.hsu-hh.de\/psyaow\/wp-content\/uploads\/sites\/834\/2026\/09\/Jana-celikler-150x150.jpg\" alt=\"\" class=\"img-circle img-responsive center-block\" \/><\/div><\/div><div class=\"col-md-12 col-lg-3 col-xs-12 ansprechpartner-item kontakt floatright\" style=\"margin-bottom: 30px; \"><div class=\"row\"><div class=\"col-xs-12 col-sm-6 col-lg-12\"><div class=\"row\"><div class=\"col-xs-4 col-lg-4 row-text bold\" >Raum:<\/div><div class=\" row-text\">2372<\/div><\/div><\/div><div class=\"col-xs-12 col-sm-6 col-lg-12\"><div class=\"row\"><div class=\"col-xs-4 col-lg-4 row-text bold\">Telefon:<\/div><div class=\" row-text\">+49406541-2428<\/div><\/div><\/div><div class=\"col-xs-12 col-sm-6 col-lg-12\"><div class=\"row\"><div class=\"col-xs-4 col-lg-4 row-text bold\">E-Mail:<\/div><div class=\"row-text\" style=\"overflow:hidden; word-break: break-word\"><a href=\"mailto:celiklej@hsu.hamburg\" rel=\"nofollow\">celiklej@hsu.hamburg<\/a><\/div><\/div><\/div><\/div><\/div><div class=\"col-md-6 col-lg-3 col-xs-12 ansprechpartner-item anschrift floatright\" ><div class=\"row-headline\">Besucheranschrift<\/div><div class=\"dataBesucheranschrift\" style=\"\"><div class=\"row-text\">Helmut-Schmidt-Universit\u00e4t<\/div><div class=\"row-text\">Geb\u00e4ude H1<\/div><div class=\"row-text\">Holstenhofweg 85<\/div><div class=\"row-text\">22043 Hamburg<\/div><\/div><\/div><div class=\"col-md-6 col-lg-3 col-xs-12 ansprechpartner-item anschrift floatright\"><div class=\"row-headline\">Postanschrift<\/div><div class=\"dataPostanschrift\" style=\"\"><div class=\"row-text\">Helmut-Schmidt-Universit\u00e4t<\/div><div class=\"row-text\">Arbeits-, Organisations- und Wirtschaftspsychologie<\/div><div class=\"row-text\">Postfach 70 08 22<\/div><div class=\"row-text\">22008 Hamburg<\/div><\/div><\/div><\/div><div class=\"clearfix\"><\/div>\n\n\n<div style=\"height:29px\" aria-hidden=\"true\" class=\"wp-block-spacer\"><\/div>\n\n\n\n<h2 class=\"wp-block-heading\">Kurzvita<\/h2>\n\n\n\n<p class=\"wp-block-paragraph\"><strong>Berufliche T\u00e4tigkeit<\/strong><\/p>\n\n\n\n<ul class=\"wp-block-list\">\n<li>09.2026 \u2013 heute: Wissenschaftliche Mitarbeiterin an der Professur f\u00fcr Arbeits-, Organisations- und Wirtschaftspsychologie, Helmut-Schmidt-Universit\u00e4t\/Universit\u00e4t der Bundeswehr Hamburg<\/li>\n\n\n\n<li>09.2026 \u2013 heute: Wissenschaftliche Mitarbeiterin im RESILIA Projekt<\/li>\n\n\n\n<li>04.2018 \u2013 08.2026: Wissenschaftliche Mitarbeiterin an der Professur f\u00fcr Wissensmanagement und Gesch\u00e4ftsprozessgestaltung, Universit\u00e4t der Bundeswehr M\u00fcnchen, Neubiberg<\/li>\n\n\n\n<li>06.2017 \u2013 09.2017: Praktikantin in der Personalabteilung, Nehlsen <abbr title=\"Gesellschaft mit beschr\u00e4nkter Haftung\">GmbH<\/abbr> &amp; Co. <abbr title=\"Kommanditgesellschaft\">KG<\/abbr>, Bremen<\/li>\n\n\n\n<li>04.2015 \u2013 09.2016: Praktikantin\/Werkstudentin in der Personal- und Organisationsentwicklung, ArcelorMittal Bremen <abbr title=\"Gesellschaft mit beschr\u00e4nkter Haftung\">GmbH<\/abbr>, Bremen<\/li>\n<\/ul>\n\n\n\n<p class=\"wp-block-paragraph\"><strong>Akademische Ausbildung&nbsp;<\/strong><\/p>\n\n\n\n<ul class=\"wp-block-list\">\n<li>04.2018 \u2013 05.2023: Promotion zum <abbr title=\"Doktor\">Dr.<\/abbr> <abbr title=\"rerum\">rer.<\/abbr> <abbr title=\"politicarum\">pol.<\/abbr>, Universit\u00e4t der Bundeswehr M\u00fcnchen, Neubiberg\n<ul class=\"wp-block-list\">\n<li>Titel der Dissertation: \u201eKommunizieren und Organisieren in komplexen Einsatzlagen \u2013 Eine empirische Untersuchung der Kommunikationsstrukturen und -prozesse in der Stabsarbeit von Organisationen des Zivil- und Katastrophenschutzes\u201c<\/li>\n<\/ul>\n<\/li>\n\n\n\n<li>10.2015 \u2013 03.2018: Masterstudium (<abbr title=\"Master of Science\">M.Sc.<\/abbr>) Wirtschaftspsychologie, Universit\u00e4t Bremen\n<ul class=\"wp-block-list\">\n<li>Schwerpunkte: Interkulturalit\u00e4t, Flexibilisierung und Chancen der Selbstverwirklichung, The Psychology of Leadership<\/li>\n\n\n\n<li>Masterthesis: \u201eR\u00fcckkehr ins fremde Vertraute: Der Reintegrationsprozess von deutschen Repatriates aus der Perspektive der interkulturellen Beratung\u201c<\/li>\n<\/ul>\n<\/li>\n\n\n\n<li>01.2017 \u2013 05.2017: Auslandssemester an der University of Helsinki, Finnland; Faculty of Social Sciences, Department of Social Psychology<\/li>\n\n\n\n<li>10.2012 \u2013 09.2015: Bachelorstudium (B.Sc.) Psychologie, Universit\u00e4t Bremen\n<ul class=\"wp-block-list\">\n<li>Schwerpunkte: Fortbildung und Beratung, Rechtspsychologie<\/li>\n\n\n\n<li>Bachelorthesis: \u201eTerritorialit\u00e4t und Privatheit am Arbeitsplatz \u2013 Welche Auswirkungen hat eine non-territoriale Arbeitsplatzorganisation auf das Erleben und Verhalten der Mitarbeiter?\u201c<\/li>\n<\/ul>\n<\/li>\n<\/ul>\n\n\n\n<div style=\"height:24px\" aria-hidden=\"true\" class=\"wp-block-spacer\"><\/div>\n\n\n\n<h2 class=\"wp-block-heading\">Forschungsschwerpunkte<\/h2>\n\n\n\n<ul class=\"wp-block-list\">\n<li>Kommunikationsstrukturen und -prozesse in der Stabsarbeit<\/li>\n\n\n\n<li>Evaluation von Krisenmanagement\u00fcbungen<\/li>\n\n\n\n<li>Interorganisationale Zusammenarbeit im Bev\u00f6lkerungsschutz<\/li>\n<\/ul>\n\n\n\n<div style=\"height:23px\" aria-hidden=\"true\" class=\"wp-block-spacer\"><\/div>\n\n\n\n<h2 class=\"wp-block-heading\">Publikationen<\/h2>\n\n\n\n<p class=\"wp-block-paragraph\"><strong>Beitr\u00e4ge in Fachzeitschriften (peer-reviewed)<\/strong><\/p>\n\n\n\n<ul class=\"wp-block-list\">\n<li>M\u00fcller, J.C., Kern, E.-M., &amp; <strong>Holling, J.M.<\/strong> (2021). Intraorganisational Knowledge Transfer in Security\u2011Critical Environments: A Conceptual Framework for High Reliability Organisations. <em>European Journal for Security Research<\/em>, <em>6<\/em>, 1-20.<\/li>\n\n\n\n<li><strong>Celikler, J.M.<\/strong>, &amp; Kern, E.-M. (2022). Factors influencing communication structures and processes in disaster management teams \u2013 Fields of action and design options. <em>International Journal of Disaster Risk Reduction<\/em>, <em>78<\/em>, 103153.<\/li>\n<\/ul>\n\n\n\n<p class=\"wp-block-paragraph\"><strong>Beitr\u00e4ge in Konferenzb\u00e4ndern<\/strong><\/p>\n\n\n\n<ul class=\"wp-block-list\">\n<li><strong>Celikler, J.M<\/strong>., &amp; Kern, E.-M. (2021). Einflussfaktoren auf die Kommunikationsstrukturen und -prozesse in Katastrophenschutzst\u00e4ben. Handlungsfelder und Gestaltungsm\u00f6glichkeiten. In: Disaster Competence Network Austria (<abbr title=\"Herausgeber\">Hrsg.<\/abbr>), <em>Konferenzband der Disaster Research Days 2021. <\/em><em>Mit Beitr\u00e4gen aus der Sicherheits- und Katastrophenforschung<\/em>, 30\u201331.<\/li>\n\n\n\n<li>Kern, E.M., Schuhmann, T., <strong>Celikler, J.M<\/strong>., Mertes, A., &amp; Giehrl, M. (2021). Grenz\u00fcberschreitendes Krisenmanagement. Standardisierte Evaluation von \u00dcbungen zur Verbesserung der interorganisationalen Krisenbew\u00e4ltigungskapazit\u00e4ten im Hochrisikoumfeld. In: Disaster Competence Network Austria (<abbr title=\"Herausgeber\">Hrsg.<\/abbr>), <em>Konferenzband der Disaster Research Days 2021. Mit Beitr\u00e4gen aus der Sicherheits- und Katastrophenforschung<\/em>, 36\u201337.<\/li>\n<\/ul>\n\n\n\n<p class=\"wp-block-paragraph\"><strong>Buchbeitr\u00e4ge<\/strong><\/p>\n\n\n\n<ul class=\"wp-block-list\">\n<li><strong>Holling, J.M.<\/strong> (2020). Zum Verst\u00e4ndnis organisationaler Zuverl\u00e4ssigkeit von Einsatzorganisationen. In: E.-M. Kern, G. Richter, J. C. M\u00fcller, &amp; F.-H. Vo\u00df (<abbr title=\"Herausgeber\">Hrsg.<\/abbr>), <em>Einsatzorganisationen<\/em>. <em>Erfolgreiches Handeln in Hochrisikosituationen<\/em>, 59-78. Wiesbaden: Springer Gabler.<\/li>\n<\/ul>\n\n\n\n<p class=\"wp-block-paragraph\"><strong>Monographien<\/strong><\/p>\n\n\n\n<ul class=\"wp-block-list\">\n<li><strong>Celikler, J.M.<\/strong> (2025). <em>Communicating and Organizing in Complex Operational Situations. <\/em><em>An Empirical Study of Communication Structures in Staff Work<\/em>. Wiesbaden: Springer.<\/li>\n\n\n\n<li><strong>Celikler, J.M.<\/strong> (2023). <em>Kommunizieren und Organisieren in komplexen Einsatzlagen. Eine empirische Untersuchung der Kommunikationsstrukturen in der Stabsarbeit<\/em>. Wiesbaden: Springer.<\/li>\n<\/ul>\n\n\n\n<div style=\"height:29px\" aria-hidden=\"true\" class=\"wp-block-spacer\"><\/div>\n\n\n\n<h2 class=\"wp-block-heading\"><strong>Sonstiges<\/strong><\/h2>\n\n\n\n<ul class=\"wp-block-list\">\n<li>Systemische Beraterin\/Coach (STIP\/isb Wiesloch) seit 2021<\/li>\n<\/ul>\n\n\n\n<p class=\"wp-block-paragraph\"><\/p>\n","protected":false},"excerpt":{"rendered":"<p>Kurzvita Berufliche T\u00e4tigkeit Akademische Ausbildung&nbsp; Forschungsschwerpunkte Publikationen Beitr\u00e4ge in Fachzeitschriften (peer-reviewed) Beitr\u00e4ge in Konferenzb\u00e4ndern Buchbeitr\u00e4ge Monographien Sonstiges<\/p>\n","protected":false},"author":2430,"featured_media":0,"parent":106,"menu_order":0,"comment_status":"closed","ping_status":"closed","template":"","meta":{"footnotes":""},"categories":[4],"tags":[],"class_list":["post-4524","page","type-page","status-publish","hentry","category-forschung"],"lang":"de","translations":{"de":4524},"pll_sync_post":{},"_links":{"self":[{"href":"https:\/\/www.hsu-hh.de\/psyaow\/wp-json\/wp\/v2\/pages\/4524","targetHints":{"allow":["GET"]}}],"collection":[{"href":"https:\/\/www.hsu-hh.de\/psyaow\/wp-json\/wp\/v2\/pages"}],"about":[{"href":"https:\/\/www.hsu-hh.de\/psyaow\/wp-json\/wp\/v2\/types\/page"}],"author":[{"embeddable":true,"href":"https:\/\/www.hsu-hh.de\/psyaow\/wp-json\/wp\/v2\/users\/2430"}],"replies":[{"embeddable":true,"href":"https:\/\/www.hsu-hh.de\/psyaow\/wp-json\/wp\/v2\/comments?post=4524"}],"version-history":[{"count":4,"href":"https:\/\/www.hsu-hh.de\/psyaow\/wp-json\/wp\/v2\/pages\/4524\/revisions"}],"predecessor-version":[{"id":4530,"href":"https:\/\/www.hsu-hh.de\/psyaow\/wp-json\/wp\/v2\/pages\/4524\/revisions\/4530"}],"up":[{"embeddable":true,"href":"https:\/\/www.hsu-hh.de\/psyaow\/wp-json\/wp\/v2\/pages\/106"}],"wp:attachment":[{"href":"https:\/\/www.hsu-hh.de\/psyaow\/wp-json\/wp\/v2\/media?parent=4524"}],"wp:term":[{"taxonomy":"category","embeddable":true,"href":"https:\/\/www.hsu-hh.de\/psyaow\/wp-json\/wp\/v2\/categories?post=4524"},{"taxonomy":"post_tag","embeddable":true,"href":"https:\/\/www.hsu-hh.de\/psyaow\/wp-json\/wp\/v2\/tags?post=4524"}],"curies":[{"name":"wp","href":"https:\/\/api.w.org\/{rel}","templated":true}]}}