{"id":368,"date":"2017-11-23T15:28:00","date_gmt":"2017-11-23T14:28:00","guid":{"rendered":"https:\/\/www.hsu-hh.de\/politiktheorie\/?page_id=368"},"modified":"2026-01-07T11:22:13","modified_gmt":"2026-01-07T10:22:13","slug":"dr-sebastian-dumm","status":"publish","type":"page","link":"https:\/\/www.hsu-hh.de\/politiktheorie\/en\/team-2\/dr-sebastian-dumm","title":{"rendered":"Dr. Sebastian Dumm"},"content":{"rendered":"\n<h2 class=\"wp-block-heading\">Research Associate at the Chair of Political Science, in particular Political Theory<\/h2>\n\n\n\n<hr class=\"wp-block-separator has-alpha-channel-opacity\" \/>\n\n\n\n<div class=\"wp-block-media-text alignwide has-media-on-the-right is-stacked-on-mobile\" style=\"grid-template-columns:auto 20%\"><div class=\"wp-block-media-text__content\">\n<p>Helmut-Schmidt-Universit\u00e4t<br>Holstenhofweg 85<br>22043 Hamburg<\/p>\n\n\n\n<p>Building H1, Room: 1365<\/p>\n\n\n\n<p>Mobile: +49406541-3379<br>Fax: +49-40-6541-3370<br>Email: sebastian.dumm [a] hsu-hh.de<\/p>\n<\/div><figure class=\"wp-block-media-text__media\"><img loading=\"lazy\" decoding=\"async\" width=\"567\" height=\"864\" src=\"https:\/\/www.hsu-hh.de\/politiktheorie\/wp-content\/uploads\/sites\/726\/2024\/09\/SD-sw-1.jpg\" data-credit=\"Sebastian Dumm\" alt=\"\" class=\"wp-image-3173 size-full\" srcset=\"https:\/\/www.hsu-hh.de\/politiktheorie\/wp-content\/uploads\/sites\/726\/2024\/09\/SD-sw-1.jpg 567w, https:\/\/www.hsu-hh.de\/politiktheorie\/wp-content\/uploads\/sites\/726\/2024\/09\/SD-sw-1-197x300.jpg 197w\" sizes=\"auto, (max-width: 567px) 100vw, 567px\" \/><\/figure><\/div>\n\n\n\n<hr class=\"wp-block-separator has-css-opacity is-style-wide\" \/>\n\n\n\n<div class=\"wp-block-columns is-layout-flex wp-container-core-columns-is-layout-9d6595d7 wp-block-columns-is-layout-flex\">\n<div class=\"wp-block-column is-layout-flow wp-block-column-is-layout-flow\">\n<h2 class=\"wp-block-heading\">CV<\/h2>\n\n\n\n<hr class=\"wp-block-separator has-css-opacity is-style-wide\" \/>\n\n\n\n<p><strong>since December 2025<\/strong><\/p>\n\n\n\n<p>Coordination of methodological training and teaching of quantitative methods for the Department of Political Science<\/p>\n\n\n\n<p><strong>since September 2021<\/strong><\/p>\n\n\n\n<p>Research associate in the dtec project: &#8222;Smart systems: increasing the quality of use of e-government&#8220; and still associated \u201eiFMS \u2013 interdisciplinary Research Network Maritime Security\u201c<\/p>\n\n\n\n<p><strong>October 2017- <strong>October<\/strong> 2022<\/strong><\/p>\n\n\n\n<p>Research coordination &#8211; \u201eiFMS \u2013 interdisciplinary Research Network Maritime Security\u201c<\/p>\n\n\n\n<p><strong>October 2017<\/strong><\/p>\n\n\n\n<p>PhD &#8211; Topic: \u201eComputer-assisted Methods of qualitative and quantitative Content&nbsp;Analysis in Social Sciences\u201d; Helmut Schmidt University \/ University of the Federal Armed Forces Hamburg; Supervisors: <abbr title=\"Professor\">Prof.<\/abbr>&nbsp;<abbr title=\"Doktor\">Dr.<\/abbr>&nbsp;Gary S. Schaal und&nbsp;<abbr title=\"Professor\">Prof.<\/abbr>&nbsp;<abbr title=\"Doktor\">Dr.<\/abbr>&nbsp;Andreas Bl\u00e4tte<\/p>\n\n\n\n<p><strong>September 2016 &#8211; September 2018<\/strong><\/p>\n\n\n\n<p>Project \u201eThe Transformation of Liberal Democracy in Times of Digitalization\u201c<\/p>\n\n\n\n<p><strong>April 2016 &#8211; September 2016<\/strong><\/p>\n\n\n\n<p>coordination &#8211; Project \u201eNew Visual Hermeneutics\u201c<\/p>\n\n\n\n<p><strong>August 2015 &#8211; October 2015<\/strong><\/p>\n\n\n\n<p>coordination \u2013 in the Office of the Dean&nbsp;of&nbsp;Studies Political Science<\/p>\n\n\n\n<p><strong>since 2015<\/strong><\/p>\n\n\n\n<p>Doctoral research associate for Political Science, especially Political Theory at Helmut Schmidt University \/ University of the Federal Armed Forces Hamburg<\/p>\n\n\n\n<p><strong>2012 &#8211; 2015<\/strong><\/p>\n\n\n\n<p>Doctoral research assistant &#8211;&nbsp;<abbr title=\"Bundesministerium f\u00fcr Bildung und Forschung\">BMBF<\/abbr> Project \u201ePost-democracy and Neoliberalism\u201c at Helmut-Schmidt University \/ University of the Federal Armed Forces Hamburg<\/p>\n\n\n\n<p><strong>2010 &#8211; 2012<\/strong><\/p>\n\n\n\n<p>Research Assistant for Political Theory and History at University of Duisburg\/Essen and Lecturer &#8211; Institute for Political Science at the University of Duisburg\/Essen<\/p>\n\n\n\n<p><strong>until 2010<\/strong><\/p>\n\n\n\n<p>Studies of Social Sciences with main subject Political Science at University of Duisburg\/Essen (<abbr title=\"Diplom\">Dipl.<\/abbr> Soz.-Wiss.)<\/p>\n<\/div>\n<\/div>\n\n\n\n<hr class=\"wp-block-separator has-css-opacity is-style-wide\" \/>\n\n\n\n<div class=\"wp-block-columns is-layout-flex wp-container-core-columns-is-layout-9d6595d7 wp-block-columns-is-layout-flex\">\n<div class=\"wp-block-column is-layout-flow wp-block-column-is-layout-flow\" style=\"flex-basis:100%\">\n<h2 class=\"wp-block-heading\"><strong>Research focus<\/strong><\/h2>\n\n\n\n<hr class=\"wp-block-separator has-css-opacity is-style-wide\" \/>\n\n\n\n<p>systems theory and social&nbsp;theory (political sociology)<\/p>\n\n\n\n<p>computer-assisted content&nbsp;analysis<\/p>\n\n\n\n<p>qualitative and quantitative methods of social sciences<\/p>\n\n\n\n<p>maritime security<\/p>\n\n\n\n<hr class=\"wp-block-separator has-css-opacity is-style-wide\" \/>\n\n\n\n<h2 class=\"wp-block-heading\">Publications<\/h2>\n\n\n\n<hr class=\"wp-block-separator has-css-opacity is-style-wide\" \/>\n\n\n\n<p>Schaal, Gary S.; Kuder, Thomas Schaefer, Christina; Dumm, Sebastian; Hoss, Anne; Manteuffel, Bastian; Serfas, Gero (i.E.): \u201eDigitalisierung kommunaler Verwaltungen \u2013 ein drei S\u00e4ulen Modell\u201c, dtec.bw-Beitr\u00e4ge der Helmut-Schmidt-Universit\u00e4t \/ Universit\u00e4t der Bundeswehr Hamburg: Forschungsaktivit\u00e4ten im Zentrum f\u00fcr Digitalisierungs- und Technologieforschung der Bundeswehr dtec.bw \u2013 Band 2 \u00b7 2024, S. 297-307.<\/p>\n\n\n\n<p>Kuder, Thomas; Manteuffel, Bastian; Schaal, Gary S.; Schaefer, Christina; Dumm, Sebastian; Perry, Thomas; Serfas, Gero (2022): \u201eSpannungsfelder und Erfolgsfaktoren kommunaler Digitalisierung: Erste Ergebnisse der Einf\u00fchrung des digitalen Bauantragsverfahrens in Ludwigsburg\u201c, dtec.bw-Beitr\u00e4ge der Helmut-Schmidt-Universit\u00e4t \/ Universit\u00e4t der Bundeswehr Hamburg: Forschungsaktivit\u00e4ten im Zentrum f\u00fcr Digitalisierungs- und Technologieforschung der Bundeswehr dtec.bw \u2013 Band 1 \u00b7 2022, S.368-377.<\/p>\n\n\n\n<p>Schaal Gary S.; Dumm, Sebastian; Fleu\u00df, Dannica (2019): \u201eDie vielen Wahrheiten algorithmenbasierter Interpretation: \u201eDie Wahrheit \u00fcber Postfaktizit\u00e4t!\u201c dekonstruiert.\u201d in: Zeitschrift f\u00fcr Politik (ZPol): \u201eWas gibt es da zu deuten? Politikforschung als interpretative Praxis\u201c, Vol. 29, Issue 2, S.263-285.<\/p>\n\n\n\n<p>Dumm, Sebastian (2018): \u201eForschungsinfrastruktur und Forschungsdesign. Text Mining gest\u00fctzte Inhaltsanalyse qualitativer Daten im Forschungsprojekt Postdemokratie und Neoliberalismus\u201c, in: Bl\u00e4tte, Andreas; Behnke, Joachim; Schnapp, Kai-Uwe; Wagemann, Claudius (<abbr title=\"Herausgeber\">Hrsg.<\/abbr>): \u201eComputational Social Sciencs: Die Analyse von Big Data\u201c, Baden-Baden, Nomos Verlag, S.191-210.<\/p>\n\n\n\n<p>Schaal, Gary S.; Lancaster, Kelly; Dumm, Sebastian (2018): \u201ePolitikwissenschaft und Big Data. Eine epistemologische Reflexion \u00fcber Herausforderungen, Chancen und Risiken\u201c, in: Bl\u00e4tte, Andreas; Behnke, Joachim; Schnapp, Kai-Uwe; Wagemann, Claudius (<abbr title=\"Herausgeber\">Hrsg.<\/abbr>): \u201eComputational Social Sciencs: Die Analyse von Big Data\u201c, Baden-Baden, Nomos Verlag, S.53-80.<\/p>\n\n\n\n<p>Schaal, Gary S.; Fleu\u00df, Dannica; Dumm, Sebastian (2017): \u201eDie Wahrheit \u00fcber Postfaktizit\u00e4t\u201c; in: Aus Politik und Zeitgeschichte, Beilage zu Wochenzeitung \u201eDas Parlament\u201c, 44-45\/2017, S.31-38.<\/p>\n\n\n\n<p>Schaal, Gary S.; Kath, Roxanna; Dumm, Sebastian (2016): \u201eNew Visual Hermeneutics\u201c; in: Cybernetics and Human Knowing, 23(2), S.51-75.<\/p>\n\n\n\n<p>Dumm, Sebastian; Lemke, Matthias; Niekler, Andreas; Wiedemann, Gregor; Heyer, Gerhard; Schaal, Gary S. Schaal (2016): \u201e(Semi)-automatische Klassifikation f\u00fcr die Analyse neo-liberaler Begr\u00fcndungen und Argumentationen in gro\u00dfen Nachrichtenkorpora\u201c; in: \u201eDHd 2016 Modellierung \u2013 Vernetzung \u2013 Visualisierung. Die Digital Humanities als f\u00e4cher\u00fcbergreifendes Forschungsparadigma\u201c, nisaba verlag.<\/p>\n\n\n\n<p>Dumm, Sebastian; Niekler, Andreas (2015): \u201eMethoden, Qualit\u00e4tssicherung und Forschungsdesign. Diskurs- und Inhaltsanalyse zwischen Sozialwissenschaften und automatischer Sprachverarbeitung\u201c; in: Lemke, Matthias; Wiedemann, Gregor (<abbr title=\"Herausgeber\">Hrsg.<\/abbr>): \u201eText Mining in den Sozialwissenschaften. Grundlagen und Anwendungen zwischen qualitativer und quantitativer Diskursanalyse\u201c, Wiesbaden, Springer VS, S.89-116.<\/p>\n\n\n\n<p>Schaal, Gary S.; Kath, Roxana; Dumm, Sebastian (2015): \u201eNew Visual Hermeneutics\u201c; in: Zeitschrift f\u00fcr germanistische Linguistik, 43(1), S.27-51.<\/p>\n\n\n\n<p>Dumm, Sebastian; Ritzi, Claudia (2014): \u201eDie Analyse von \u00d6konomisierungsprozessen. Ein \u00dcberblick am Gegenstand der empirischen Politikfeldforschung\u201c; in Lemke, Matthias; Ritzi, Claudia; Schaal, Gary S. (<abbr title=\"Herausgeber\">Hrsg.<\/abbr>): \u201eDie \u00d6konomisierung der Politik in Deutschland. Eine vergleichende Politikfeldanalyse\u201c, Wiesbaden, Springer VS, S.21-41.<\/p>\n\n\n\n<p><strong>Working Paper &amp; Studies:<\/strong><\/p>\n\n\n\n<p>Heyken, Merle; Ellerhorst, Dorothee; Wallasch, Anna-Kathrin; Kruse, Dennis; Vo\u00df, Julika; Brandt, Miriam; Hots, Karoline, Bils, Franziska; Diederichs, Anskar., Stamme, Franziska; Vogt, Victoria; Graetschel, Johannes; Schaal, Gary S.; Dumm, Sebastian (2025): \u201eAngewandte Forschungsfragen zum Ausbau von Windenergie auf See\u201c, Umweltbundesamt, Climate Change, 22\/2025. <a href=\"https:\/\/doi.org\/10.60810\/openumwelt-7660\" rel='nofollow'>https:\/\/doi.org\/10.60810\/openumwelt-7660<\/a><\/p>\n\n\n\n<p>Schaal, Gary S.; Dumm, Sebastian; Friede, Alexandra M. (2019): \u201eCyberkompetenz und Maritime F\u00fchrungsausbildung\u201c (Studie im Auftrag des BMVg).<\/p>\n\n\n\n<p>Schaal, Gary S.; Stulpe, Alexander; Dumm, Sebastian; Friede, Alexandra M. (2018): \u201eMaritime Security in Age of Hybrid Threads,\u201d in: Schaal, Gary S.; Dumm, Sebastian (<abbr title=\"Herausgeber\">Hrsg.<\/abbr>): \u201eFacing Vulnerabilities and Resilience in the Maritime Domain. North and Baltic Sea.\u201d, iFMS Hamburg &amp; Hybrid CoE.<\/p>\n\n\n\n<p>Schaal, Gary S.; Dumm, Sebastian (<abbr title=\"Herausgeber\">Hrsg.<\/abbr>) (2018): \u201eFacing Vulnerabilities and Resilience in the Maritime Domain. North and Baltic Sea.\u201d, iFMS Hamburg &amp; Hybrid CoE.<\/p>\n\n\n\n<p>Schaal, Gary S.; Stulpe, Alexander; Fleu\u00df, Dannica; Dumm, Sebastian; Lancaster, Kelly (2017): \u201eCyber und Maritime Sicherheit\u201c (Studie im Auftrag des BMVg).<\/p>\n\n\n\n<p>Schaal, Gary S.; Dumm, Sebastian; Stuple, Alexander (2017): \u201eBen\u00f6tigt die Bundeswehr eine Strategische Leitlinie Maritime Sicherheit?\u201c (Studie im Auftrag des BMVg).<\/p>\n\n\n\n<p>Schaal, Gary S.; Heyer, Gerhard; Wiedemann, Gregor; Niekler, Andreas; Dumm, Sebastian (2016): \u201ePostdemokratie und Neoliberalismus: Zur Nutzung neoliberaler Argumentationen in der bundesdeutschen Politik 1949-2011\u201c, Sach-und Schlussbericht f\u00fcr das Verbundprojekt, Berichtszeitraum: Mai 2012-August 2015.<\/p>\n\n\n\n<p>Dumm, Sebastian (2014): Topic Modelle, Hamburg\/Leipzig (=ePol Text Mining, Serie \u201eAtomenergiediskurs\u201c, Modul 3\/5, ISSN 2363-6335).<\/p>\n\n\n\n<p>Dumm, Sebastian; Niekler, Andreas (2014): \u201eMethoden und G\u00fctekriterien. Computergest\u00fctzte Diskurs-und Inhaltsanalysen zwischen Sozialwissenschaft und Automatischer Sprachverarbeitung\u201c; Schriftenreihe des Verbundprojekts Postdemokratie und Neoliberalismus, Discussion Paper Nr. 4, Helmut-Schmidt-Universit\u00e4t Hamburg (UniBw) und Universit\u00e4t Leipzig, ISSN 2363-6335.<\/p>\n\n\n\n<p>Dumm, Sebastian; Lemke, Matthias (2013): \u201eArgumentmarker. Definition, Generierung und Anwendung im Rahmen eines semi-automatischen Dokument-Retrieval-Verfahrens\u201c; Schriftenreihe des Verbundprojekts Postdemokratie und Neoliberalismus, Discussion Paper Nr. 3, Helmut-Schmidt-Universit\u00e4t Hamburg (UniBw) und Universit\u00e4t Leipzig, ISSN 2363-6335.<\/p>\n\n\n\n<p><strong><strong>Presentations<\/strong><\/strong>:<\/p>\n\n\n\n<p>Dumm, Sebastian; Niekler, Andreas; Schaal, Gary S.: \u201ePostdemokratie und Neoliberalismus\u201c, Vortrag: Jahrestagung der Sektion Methoden der Politikwissenschaft (DVPW), Universit\u00e4t Duisburg-Essen, 23.05.2014.<\/p>\n\n\n\n<p>Schaal, Gary S.; Dumm, Sebastian; Lemke, Matthias: \u201eNeoliberal Marketization. Strategies for the Identification of Neoliberal Arguments in Big-Text-Data Corpuses\u201c; Vortrag: Kick Off Workshop Visargue, Universit\u00e4t Konstanz, 02.10.2013.<\/p>\n\n\n\n<p>Schaal, Gary S.; Lemke, Matthias; Dumm, Sebastian: \u201eJustification matters. Analysing policy change with text-mining tools\u201c; Vortrag: International Conference on Public Policy (ICPP), Universit\u00e4t Grenoble, 28.06.2013.<\/p>\n\n\n\n<p><strong>Poster<\/strong>:<\/p>\n\n\n\n<p>Dumm, Sebastian; Hoss, Anne; Manteuffel, Bastian; Gary S. Schaal:<strong> \u201e<\/strong>Smarte Systeme Erh\u00f6hung der Nutzungsqualit\u00e4t von E-Government\u201c, Poster f\u00fcr das Zentrum f\u00fcr Digitalisierung und Technologieforschung der Bundeswehr, Helmut-Schmidt-Universit\u00e4t\/Universit\u00e4t der Bundeswehr Hamburg, 08.06.2024.<\/p>\n\n\n\n<p>Niekler, Andreas; Wiedemann, Gregor; Dumm, Sebastian; Heyer, Gerhard: \u201eCreating dictionaries for argument identification by reference data\u201c Poster zur 1. Jahrestagung der Digital Humanities im deutschsprachigen Raum, Universit\u00e4t Passau, 25.\/28.3.2014.<\/p>\n\n\n\n<p>Heyer, Gerhard; Schaal, Gary; Dumm, Sebastian; Lemke, Matthias; Niekler, Andreas: \u201eZur Nutzung neoliberaler Argumentation in der bundesdeutschen Politik 1949-2011\u201c Poster zum Kickoff-Workshop der eHumanities-Verbundprojekte 2013; Universit\u00e4t Leipzig; 8.\/9.4.2013.<\/p>\n<\/div>\n<\/div>\n","protected":false},"excerpt":{"rendered":"<p>Research Associate at the Chair of Political Science, in particular Political Theory Helmut-Schmidt-Universit\u00e4tHolstenhofweg 8522043 Hamburg Building H1, Room: 1365 Mobile: +49406541-3379Fax: +49-40-6541-3370Email: sebastian.dumm [a] hsu-hh.de CV since December 2025 Coordination [&hellip;]<\/p>\n","protected":false},"author":181,"featured_media":0,"parent":325,"menu_order":0,"comment_status":"closed","ping_status":"closed","template":"","meta":{"footnotes":""},"categories":[9],"tags":[],"class_list":["post-368","page","type-page","status-publish","hentry","category-team-en"],"_links":{"self":[{"href":"https:\/\/www.hsu-hh.de\/politiktheorie\/wp-json\/wp\/v2\/pages\/368","targetHints":{"allow":["GET"]}}],"collection":[{"href":"https:\/\/www.hsu-hh.de\/politiktheorie\/wp-json\/wp\/v2\/pages"}],"about":[{"href":"https:\/\/www.hsu-hh.de\/politiktheorie\/wp-json\/wp\/v2\/types\/page"}],"author":[{"embeddable":true,"href":"https:\/\/www.hsu-hh.de\/politiktheorie\/wp-json\/wp\/v2\/users\/181"}],"replies":[{"embeddable":true,"href":"https:\/\/www.hsu-hh.de\/politiktheorie\/wp-json\/wp\/v2\/comments?post=368"}],"version-history":[{"count":44,"href":"https:\/\/www.hsu-hh.de\/politiktheorie\/wp-json\/wp\/v2\/pages\/368\/revisions"}],"predecessor-version":[{"id":3621,"href":"https:\/\/www.hsu-hh.de\/politiktheorie\/wp-json\/wp\/v2\/pages\/368\/revisions\/3621"}],"up":[{"embeddable":true,"href":"https:\/\/www.hsu-hh.de\/politiktheorie\/wp-json\/wp\/v2\/pages\/325"}],"wp:attachment":[{"href":"https:\/\/www.hsu-hh.de\/politiktheorie\/wp-json\/wp\/v2\/media?parent=368"}],"wp:term":[{"taxonomy":"category","embeddable":true,"href":"https:\/\/www.hsu-hh.de\/politiktheorie\/wp-json\/wp\/v2\/categories?post=368"},{"taxonomy":"post_tag","embeddable":true,"href":"https:\/\/www.hsu-hh.de\/politiktheorie\/wp-json\/wp\/v2\/tags?post=368"}],"curies":[{"name":"wp","href":"https:\/\/api.w.org\/{rel}","templated":true}]}}