{"id":528,"date":"2021-05-13T14:55:46","date_gmt":"2021-05-13T12:55:46","guid":{"rendered":"https:\/\/www.hsu-hh.de\/mikrosoz\/?page_id=528"},"modified":"2024-03-26T18:11:18","modified_gmt":"2024-03-26T17:11:18","slug":"aktuelles","status":"publish","type":"page","link":"https:\/\/www.hsu-hh.de\/mikrosoz\/aktuelles\/","title":{"rendered":"Aktuelles"},"content":{"rendered":"\n<p>de\/en<\/p>\n\n\n\n<div style=\"height:50px\" aria-hidden=\"true\" class=\"wp-block-spacer\"><\/div>\n\n\n\n<p class=\"has-text-align-left\"><\/p>\n\n\n\n<div class=\"wp-block-columns is-layout-flex wp-container-core-columns-is-layout-9d6595d7 wp-block-columns-is-layout-flex\">\n<div class=\"wp-block-column is-layout-flow wp-block-column-is-layout-flow\">\n<div class=\"background-grey\">\n<p><strong>Preisverleihung: 10.05.2024<\/strong><\/p>\n<p><a href=\"https:\/\/dpg-psa.de\/ehrungen-und-preise.html\" rel='nofollow'>Gaetano Benedetti Ged\u00e4chtnispreis<\/a><\/p>\n<\/div>\n<p><a href=\"https:\/\/www.hsu-hh.de\/mikrosoz\/mitarbeiter\/alexander-degel-m-sc\/\">Alexander Degel<\/a> ist diesj\u00e4hriger Preistr\u00e4ger des Gaetano Benedetti Ged\u00e4chtnispreises der Deutschen Psychoanalytischen Gesellschaft (DPG)!<\/p>\n<p>Der Preis wird am 10.05.2024 bei der Jahrestagung der DPG verliehen.<\/p>\n<p>Alexander Degel erh\u00e4lt die Auszeichnung f\u00fcr seinen Aufsatz mit dem Titel \u201eDie gesellschaftliche Produktion von \u00bbHilfsengeln\u00ab und \u00bbAbschaum\u00ab zur Abwehr von Vernichtungs\u00e4ngsten &#8211; Eine psycho-soziale Perspektive auf eine Organisation der Sozialen Arbeit\u201c. In diesem Text reflektiert der Preistr\u00e4ger Beobachtungen und empirische Einsichten aus dem dtec-Projekt \u201eDigitalisierung der psychosozialen Beratung im Feld der Familien- und Lebenshilfe\u201c (PsyBeDig).<\/p>\n<p>Wir gratulieren sehr herzlich!<\/p>\n<\/div>\n\n\n\n<div class=\"wp-block-column is-layout-flow wp-block-column-is-layout-flow\"><\/div>\n\n\n\n<div class=\"wp-block-column is-layout-flow wp-block-column-is-layout-flow\"><\/div>\n<\/div>\n\n\n\n<h2 class=\"wp-block-heading\">2023<\/h2>\n\n\n\n<div class=\"wp-block-columns is-layout-flex wp-container-core-columns-is-layout-9d6595d7 wp-block-columns-is-layout-flex\">\n<div class=\"wp-block-column is-layout-flow wp-block-column-is-layout-flow\">\n<div class=\"background-grey\">\n<p><strong>Vortrag: 05.07.23<\/strong><\/p>\n<p><a href=\"https:\/\/www.kulturwissenschaften.uni-hamburg.de\/ekw\/ueber-das-institut\/institutskolloquium\/institutskolloquium-sose-2023\/plakat-kolloquium-ekw-negotiation-ethics-politics-practices-sose23.pdf\" rel='nofollow'>Long Covid<\/a><\/p>\n<\/div>\n<p><abbr title=\"Doktor\">Dr.<\/abbr> Lisa Wiedemann wird zusammen mit Aurora A. Sauter am 05.07.2023 zum Thema &#8222;NotRecovered: Long Covid und der Kampf um eine neue<br \/>Klassifikation von Ersch\u00f6pfung&#8220; referieren. Der Vortrag findet im Rahmen des Kolloquiums &#8222;Negotiating ethics, politics and practices after covid&#8220; des Instituts f\u00fcr Empirische Kulturwissenschaft an der Universit\u00e4t Hamburg statt. Das Programm finden Sie <a href=\"https:\/\/www.kulturwissenschaften.uni-hamburg.de\/ekw\/ueber-das-institut\/institutskolloquium\/institutskolloquium-sose-2023\/plakat-kolloquium-ekw-negotiation-ethics-politics-practices-sose23.pdf\" rel='nofollow'>hier<\/a>.<\/p>\n<\/div>\n\n\n\n<div class=\"wp-block-column is-layout-flow wp-block-column-is-layout-flow\">\n<div class=\"background-grey\">\n<p><strong>Workshop: 09.06.23<\/strong><\/p>\n<p>Denken &amp; Arbeiten mit und nach Latour<\/p>\n<\/div>\n<p>Die <a href=\"https:\/\/www.hsu-hh.de\/histec\/\"><abbr title=\"Helmut Schmidt Universit\u00e4t\">HSU<\/abbr>-Professur fu\u0308r Wissensgeschichte moderner Gesellschaften (Hartmann)<\/a> und die <a href=\"https:\/\/www.hsu-hh.de\/mikrosoz\/\"><abbr title=\"Helmut Schmidt Universit\u00e4t\">HSU<\/abbr>-Professur fu\u0308r Soziologie unter besonderer Beru\u0308cksichtigung der Mikrosoziologie (Liebsch)<\/a> laden am 09. Juni 2023 zu einem ganzt\u00e4gigen Workshop &#8222;Denken und Arbeiten mit und nach Latour&#8220; ein. Los geht es um 09 Uhr im <abbr title=\"Helmut Schmidt Universit\u00e4t\">HSU<\/abbr> Konferenzraum CD (C2-S2). Auf Grundlage einer gemeinsamen Lekt\u00fcre wird es unterschiedliche Inputs und Beitr\u00e4ge sowie die M\u00f6glichkeit f\u00fcr tiefergehende Diskussionen geben. Bitte entnehmen Sie die vollst\u00e4ndige <a href=\"https:\/\/www.hsu-hh.de\/mikrosoz\/wp-content\/uploads\/sites\/837\/2023\/05\/Flyer_Workshop_Latour_090623.pdf\">Einladung und Programm<\/a> aus dem Flyer zum Download.<\/p>\n<p>Um Anmeldung bis zum 02.06.2023 unter liebschk[et]hsu-hh.de wird gebeten.<\/p>\n<\/div>\n\n\n\n<div class=\"wp-block-column is-layout-flow wp-block-column-is-layout-flow\">\n<div class=\"background-grey\">\n<p><strong>Vortrag: 01.06.2023<\/strong><\/p>\n<p><a href=\"_wp_link_placeholder\" data-wplink-edit=\"true\" rel='nofollow'>Ferne K\u00f6rper.<\/a><\/p>\n<\/div>\n<p><abbr title=\"Professor\">Prof.<\/abbr> Katharina Liebsch h\u00e4lt in der Reihe &#8222;Wissensschaft und Praxis im Dialog&#8220; des Hamburger Bildungszentrums SBB Kompetenz in Hamburg-Hammerbrook am 01. Juni 2023 um 14:30 Uhr zusammen mit <abbr title=\"Professor\">Prof.<\/abbr> Gabriele Klein einen Vortrag zum Thema <a href=\"https:\/\/www.hsu-hh.de\/mikrosoz\/wp-content\/uploads\/sites\/837\/2023\/06\/Wissenschaft-und-Praxis-im-Dialog-ferne-Ko\u0308rper.pdf\">Ferne K\u00f6rper. Digitale Sozialit\u00e4t und virtuelles Empfinden<\/a>. Mehr Informationen zur Anmeldung sowie zur gesamten Veranstaltungsreihe finden Sie im Flyer zum Download <a href=\"https:\/\/www.hsu-hh.de\/mikrosoz\/wp-content\/uploads\/sites\/837\/2023\/06\/Wissenschaft_und_Praxis_im-Dialog_Vortragsreihe.pdf\">hier<\/a>.<\/p>\n<\/div>\n<\/div>\n\n\n\n<div class=\"wp-block-columns is-layout-flex wp-container-core-columns-is-layout-9d6595d7 wp-block-columns-is-layout-flex\">\n<div class=\"wp-block-column is-layout-flow wp-block-column-is-layout-flow\">\n<div class=\"background-grey\">\n<p><strong>DGS-Sektionstagung: 11.-12.05.23<\/strong><\/p>\n<p><a href=\"https:\/\/www.hsozkult.de\/event\/id\/event-134291\" rel='nofollow'>K\u00f6rper im Ausnahmezustand?<\/a><\/p>\n<\/div>\n<p>Am 11. und 12.05.2023 findet die Fr\u00fchjahrstagung der DGS-Sektion &#8222;Soziologie des K\u00f6rpers und des Sports&#8220; unter dem Titel &#8222;K\u00f6rper im Ausnahmezustand? Korporalisierung gesellschaftlicher Krisen und krisenhafte K\u00f6rper im Alltag&#8220; in Bielefeld statt. Organisiert wird die Konferenz von <abbr title=\"Doktor\">Dr.<\/abbr> Lisa Wiedemann aus dem Arbeitsbereich Mikrosoziologie der <abbr title=\"Helmut Schmidt Universit\u00e4t\">HSU<\/abbr> in Zusammenarbeit mit <abbr title=\"Professor\">Prof.<\/abbr> <abbr title=\"Doktor\">Dr.<\/abbr> Hanna G\u00f6bel, <abbr title=\"Doktor\">Dr.<\/abbr> Clemens Eisenmann und <abbr title=\"Doktor\">Dr.<\/abbr> Ajit Singh.<\/p>\n<\/p>\n<\/div>\n\n\n\n<div class=\"wp-block-column is-layout-flow wp-block-column-is-layout-flow\">\n<div class=\"background-grey\">\n<p><strong>Veranstaltungsreihe: ab 23.02.20<\/strong><\/p>\n<p><a href=\"https:\/\/www.hsu-hh.de\/gleibziv\/diversitaet\">Diversit\u00e4t und Vielfalt<\/a><\/p>\n<\/div>\n<p>Ab dem 23.02.2023 beginnt an der <abbr title=\"Helmut Schmidt Universit\u00e4t\">HSU<\/abbr> eine von unterschiedlichen Arbeitsbereichen der Universit\u00e4t und dem Team der zivilen Gleichstellungsbeauftragten organisierte Veranstaltungsreihe zum Thema Diversit\u00e4t. Unter dem Titel \u201e<a href=\"https:\/\/www.hsu-hh.de\/gleibziv\/diversitaet\">Diversit\u00e4t leben \u2013 zwischen Wunsch und Wirklichkeit \u01c0 Einblicke aus Wissenschaft und Praxis<\/a>\u201c werden anerkannte Fachleute aus den verschiedensten Bereichen monatlich referieren und\/oder diskutieren. Die Hochschul- sowie Hamburger Stadt\u00f6ffentlichkeit ist herzlich eingeladen teilzunehmen.<\/p>\n<p>Beginnen wird die Reihe am 23.02.2023 um 17 Uhr im Mensa-Geb\u00e4ude \/ Thomas-Ellwein-Saal mit einem <a href=\"https:\/\/www.hsu-hh.de\/gleibziv\/auftakt\">Vortrag von Balian Buschbaum.<\/a> Um Anmeldung wird unter Diversitaet@hsu-hh.de gebeten. Spontane Besucher*innen sind trotzdem herzlich willkommen!<\/p>\n<p>Weitere Informationen zum Programm und Hintergrund der Reihe finden Sie im <a href=\"https:\/\/www.hsu-hh.de\/gleibziv\/wp-content\/uploads\/sites\/688\/2023\/01\/A4__Flyer-Veranstaltungsreihe_Diversitaet.pdf\">Veranstaltungsflyer<\/a> und auf dem <a href=\"_wp_link_placeholder\" data-wplink-edit=\"true\" rel='nofollow'>Veranstaltungsplakat<\/a>.<\/p>\n<\/div>\n\n\n\n<div class=\"wp-block-column is-layout-flow wp-block-column-is-layout-flow\">\n<figure class=\"wp-block-image size-large\"><img loading=\"lazy\" decoding=\"async\" width=\"759\" height=\"1024\" src=\"https:\/\/www.hsu-hh.de\/mikrosoz\/wp-content\/uploads\/sites\/837\/2023\/02\/STS_Hub_A3_Version5-759x1024.jpg\" data-credit=\"sts-hub.de\" alt=\"\" class=\"wp-image-1079\" srcset=\"https:\/\/www.hsu-hh.de\/mikrosoz\/wp-content\/uploads\/sites\/837\/2023\/02\/STS_Hub_A3_Version5-759x1024.jpg 759w, https:\/\/www.hsu-hh.de\/mikrosoz\/wp-content\/uploads\/sites\/837\/2023\/02\/STS_Hub_A3_Version5-222x300.jpg 222w, https:\/\/www.hsu-hh.de\/mikrosoz\/wp-content\/uploads\/sites\/837\/2023\/02\/STS_Hub_A3_Version5-768x1036.jpg 768w, https:\/\/www.hsu-hh.de\/mikrosoz\/wp-content\/uploads\/sites\/837\/2023\/02\/STS_Hub_A3_Version5-1138x1536.jpg 1138w, https:\/\/www.hsu-hh.de\/mikrosoz\/wp-content\/uploads\/sites\/837\/2023\/02\/STS_Hub_A3_Version5-1518x2048.jpg 1518w, https:\/\/www.hsu-hh.de\/mikrosoz\/wp-content\/uploads\/sites\/837\/2023\/02\/STS_Hub_A3_Version5-1100x1484.jpg 1100w, https:\/\/www.hsu-hh.de\/mikrosoz\/wp-content\/uploads\/sites\/837\/2023\/02\/STS_Hub_A3_Version5.jpg 1790w\" sizes=\"auto, (max-width: 759px) 100vw, 759px\" \/><figcaption class=\"wp-element-caption\"><a href=\"https:\/\/sts-hub.de\/\" rel='nofollow'>sts-hub<\/a> March 15-17, 2023.<\/figcaption><\/figure>\n<\/div>\n<\/div>\n\n\n\n<h2 class=\"wp-block-heading\">2022<\/h2>\n\n\n\n<div class=\"wp-block-columns is-layout-flex wp-container-core-columns-is-layout-9d6595d7 wp-block-columns-is-layout-flex\">\n<div class=\"wp-block-column is-layout-flow wp-block-column-is-layout-flow\">\n<div class=\"background-grey\">\n<p><strong>Buchvorstellung &amp; Lesung: 14.11.2022<\/strong><\/p>\n<p><a href=\"https:\/\/youtu.be\/4kh3e6Vi6-s\" rel='nofollow'>Ferne K\u00f6rper.<\/a><\/p>\n<\/div>\n<p>Als eine von zwei Autorinnen stellt <a href=\"https:\/\/www.hsu-hh.de\/mikrosoz\/mitarbeiter\/prof-dr-katharina-liebsch\/\"><abbr title=\"Professor\">Prof.<\/abbr> Katharina Liebsch<\/a> am Montag, den 14.11.2022 ihr vor kurzem bei Reclam erschienenes Buch &#8222;<a href=\"https:\/\/youtu.be\/4kh3e6Vi6-s\" rel='nofollow'>Ferne K\u00f6rper. Ber\u00fchrung im digitalen Alltag<\/a>&#8220; in der <a href=\"https:\/\/muellers-buch.buchkatalog.de\/\" rel='nofollow'>Buchhandlung C. J. M\u00fcller<\/a> in Rotenburg\/W\u00fcmme vor. Los geht es um 19 Uhr. Eintrittskarten gibt es zu 5 Euro direkt im Gesch\u00e4ft.<\/p>\n<\/div>\n\n\n\n<div class=\"wp-block-column is-layout-flow wp-block-column-is-layout-flow\"><\/div>\n\n\n\n<div class=\"wp-block-column is-layout-flow wp-block-column-is-layout-flow\"><\/div>\n<\/div>\n\n\n\n<div class=\"wp-block-columns is-layout-flex wp-container-core-columns-is-layout-9d6595d7 wp-block-columns-is-layout-flex\">\n<div class=\"wp-block-column is-layout-flow wp-block-column-is-layout-flow\">\n<div class=\"background-grey\">\n<p><strong>Vortrag: 10.-11.11.2022<\/strong><\/p>\n<p><a href=\"https:\/\/stadtkulturbremen.de\/projekte\/symposium-zu-kultureller-bildung-und-nachhaltigkeit-10-und-11-november-2022\/\" rel='nofollow'>Symposium in Bremen<\/a><\/p>\n<\/div>\n<p>Am Donnerstag, den 10.11. und Freitag, den 11.11. laden die AG kulturelle Bildung und Stadtkultur Bremen zum <a href=\"https:\/\/stadtkulturbremen.de\/projekte\/symposium-zu-kultureller-bildung-und-nachhaltigkeit-10-und-11-november-2022\/\" rel='nofollow'>Symposium Kulturelle Bildung und Nachhaltigkeit<\/a> ins Zentrum f\u00fcr Kunst ins Tabakquartier in Woltmershausen ein. Dort soll in einer gemeinsamen Auseinandersetzung und im Austausch die Themenbereiche \u201aWas ist kulturelle Bildung heute?\u2018 und \u201aNachhaltigkeit\u2018 zusammengedacht werden. <a href=\"https:\/\/www.hsu-hh.de\/mikrosoz\/mitarbeiter\/prof-dr-katharina-liebsch\/\"><abbr title=\"Professor\">Prof.<\/abbr> Katharina Liebsch<\/a> ist mit dabei und wird am Donnerstag zum Thema \u201e<a href=\"https:\/\/stadtkulturbremen.de\/projekte\/symposium-zu-kultureller-bildung-und-nachhaltigkeit-10-und-11-november-2022\/\" rel='nofollow'>Nachhaltigkeit als Thema und Prinzip kultureller Bildung?<\/a> Gesellschaftliche Verwerfungen, theoretische Impulse und praktische Perspektiven eines politischen Postulats\u201c um 17:15 Uhr vortragen.<\/p>\n<\/div>\n\n\n\n<div class=\"wp-block-column is-layout-flow wp-block-column-is-layout-flow\">\n<div class=\"background-grey\">\n<p><strong>Neuerscheinung: 11.10.2022<\/strong><\/p>\n<p><a href=\"https:\/\/youtu.be\/4kh3e6Vi6-s\" rel='nofollow'>Ferne K\u00f6rper.<\/a><\/p>\n<\/div>\n<p>Wir freuen uns sehr, dass das Buch \u201e<a href=\"https:\/\/youtu.be\/4kh3e6Vi6-s\" rel='nofollow'>Ferne K\u00f6rper. Ber\u00fchrung im digitalen Alltag<\/a>\u201c von <a href=\"https:\/\/www.hsu-hh.de\/mikrosoz\/mitarbeiter\/prof-dr-katharina-liebsch\/\"><abbr title=\"Professor\">Prof.<\/abbr> Katharina Liebsch<\/a> und <a href=\"https:\/\/www.bw.uni-hamburg.de\/arbeitsbereiche\/kultur-medien-und-gesellschaft\/team\/klein-gabriele.html\" rel='nofollow'><abbr title=\"Professor\">Prof.<\/abbr> Gabriele Klein<\/a> nun bei <em>Reclam<\/em> in der Reihe <em>Denkraum<\/em> erschienen ist. In sechs Bereichen des Alltags &#8211; Essen, Sex, Arbeit, Sport, Pflege und Kultur &#8211; zeigen die Autorinnen auf, wie sich unser soziales Miteinander ver\u00e4ndert, wenn wir uns in und mit digitalen Kommunikationsr\u00e4umen ber\u00fchren lassen, uns aber nicht anfassen k\u00f6nnen. Weitere Informationen sowie den Trailer zum Buch finden Sie <a href=\"https:\/\/youtu.be\/4kh3e6Vi6-s\" rel='nofollow'>hier<\/a>.<\/p>\n<\/div>\n\n\n\n<div class=\"wp-block-column is-layout-flow wp-block-column-is-layout-flow\">\n<div class=\"background-grey\">\n<p><strong>DGS Kongress: 26.-30.09.2022<\/strong><\/p>\n<p><a href=\"https:\/\/kongress2022.soziologie.de\/aktuelles\" rel='nofollow'>41. Kongress der DGS<\/a> &nbsp;&nbsp;&nbsp;&nbsp;&nbsp;&nbsp;&nbsp;&nbsp;&nbsp;&nbsp;&nbsp;&nbsp;&nbsp;&nbsp;&nbsp;&nbsp;&nbsp;&nbsp;&nbsp;&nbsp;&nbsp;&nbsp;&nbsp;&nbsp;&nbsp;&nbsp;&nbsp;&nbsp;&nbsp;<\/p>\n<\/div>\n<p>Der 41. Kongress der Deutschen Gesellschaft f\u00fcr Soziologie mit dem Thema &#8222;Polarisierte Welten&#8220; findet vom 26.-30.09.2022 an der Universit\u00e4t Bielefeld statt. Unser Arbeitsbereich ist mit drei Beitr\u00e4gen vertreten: <a href=\"https:\/\/www.hsu-hh.de\/mikrosoz\/mitarbeiter\/dr-phil-lisa-wiedemann\/\"><abbr title=\"Doktor\">Dr.<\/abbr> Lisa Wiedemann<\/a> organisiert das Panel &#8222;Elemente des Atmosph\u00e4rischen: Zur Greifbarkeit ungreifbarer K\u00f6rperph\u00e4nomene in polarisierten Welten&#8220; zusammen mit Hanna G\u00f6bel von der HafenCity Universit\u00e4t Hamburg, <a href=\"https:\/\/www.hsu-hh.de\/mikrosoz\/stephanie-schiller\/\">Stephanie Schiller<\/a> h\u00e4lt einen Vortrag mit dem Titel &#8222;N\u00e4he als Gewaltgef\u00fcge | Ethnografische Befunde aus der Jugendstrafvollzugsanstalt Hahn\u00f6fersand&#8220; und <a href=\"https:\/\/www.hsu-hh.de\/mikrosoz\/mitarbeiter\/hannah-gruen-m-a\/\">Hannah Gr\u00fcn<\/a> referiert zu &#8222;Sorge zwischen Technisierung und der (Wieder-)Entdeckung des Gemeinsamen? Das Beispiel altersgerechtes Wohnen.&#8220; Mehr Programminfos finden Sie <a href=\"https:\/\/kongress2022.soziologie.de\/programm\" rel='nofollow'>hier<\/a>.<\/p>\n<\/div>\n<\/div>\n\n\n\n<div class=\"wp-block-columns is-layout-flex wp-container-core-columns-is-layout-9d6595d7 wp-block-columns-is-layout-flex\">\n<div class=\"wp-block-column is-layout-flow wp-block-column-is-layout-flow\">\n<div class=\"background-grey\">\n<p><strong>Call for Panels: 30.06.2022<\/strong><\/p>\n<p><a href=\"https:\/\/sts-hub.de\/\" rel='nofollow'>STS-hub.de<\/a><\/p>\n<\/div>\n<p><abbr title=\"Doktor\">Dr.<\/abbr> Lisa Wiedemann ist an der Organisation des ersten deutschsprachigen sogenannten STS-hub zum Thema &#8222;Circulations&#8220; beteiligt, das vom 15. bis 17. M\u00e4rz 2023 in Aachen stattfinden soll. Vorschl\u00e4ge f\u00fcr <a href=\"https:\/\/sts-hub.de\/CallForPanelsSTS-hub.de2023.pdf\" rel='nofollow'>Panels jeglichen Formats k\u00f6nnen noch bis zum 30. Juni 2022<\/a> eingereicht werden.<\/p>\n<\/div>\n\n\n\n<div class=\"wp-block-column is-layout-flow wp-block-column-is-layout-flow\">\n<div class=\"background-grey\">\n<p><strong>Veranstaltungsreihe: 27.04.2022<\/strong><\/p>\n<p><a href=\"https:\/\/www.wiso.uni-hamburg.de\/forschung\/forschungsschwerpunkte\/profilinitiative-arbeit-sozialer-wandel\/projekte\/lff-forschungsverbund-sorge-transformationen\/care-and-coffee.html\" rel='nofollow'>Care &amp; Coffee<\/a><\/p>\n<\/div>\n<p>Die Reihe &#8222;<a href=\"https:\/\/www.wiso.uni-hamburg.de\/forschung\/forschungsschwerpunkte\/profilinitiative-arbeit-sozialer-wandel\/projekte\/lff-forschungsverbund-sorge-transformationen\/care-and-coffee.html\" rel='nofollow'>Care and Coffee &#8211; Interdisziplin\u00e4re Perspektiven auf gegenw\u00e4rtige Herausforderungen von Sorgearbeit<\/a>&#8220; widmet sich aus interdisziplin\u00e4ren Perspektiven der Frage, welche Wandlungs- und Krisenprozesse aktuell zu beobachten sind. Sie wird veranstaltet vom Forschungsverbund \u201e<a href=\"https:\/\/www.wiso.uni-hamburg.de\/forschung\/forschungsschwerpunkte\/profilinitiative-arbeit-sozialer-wandel\/projekte\/lff-forschungsverbund-sorge-transformationen\/aktuelles.html\" rel='nofollow'>Sorgetransformationen<\/a>\u201c, gef\u00f6rdert von der BWFGB Landesforschungsf\u00f6rderung. An drei Terminen wird mit diesen Expert:innen diskutiert:<\/p>\n<ul>\n<li><strong>Mittwoch, 27.04.2022 mit<\/strong><br \/><strong><abbr title=\"Professor\">Prof.<\/abbr> Pia S. Schober, Ph.D.<\/strong>, Universit\u00e4t T\u00fcbingen;<\/li>\n<li><strong>Montag, 09.05.2022 mit Isabel Guti\u00e9rrez S\u00e1nchez, Ph.D.,<\/strong> University College London;<\/li>\n<li><strong>Donnerstag, 02.06.2022 mit<\/strong><strong><abbr title=\"Doktor\">Dr.<\/abbr> Tine Haubner,<\/strong> Universit\u00e4t Jena.<\/li>\n<\/ul>\n<p>Jeweils <strong>14:00-15:00 Uhr<\/strong> (gern bei einem Kaffee), <a href=\"https:\/\/www.wiso.uni-hamburg.de\/forschung\/forschungsschwerpunkte\/profilinitiative-arbeit-sozialer-wandel\/projekte\/lff-forschungsverbund-sorge-transformationen\/care-and-coffee\/anmeldung.html\" rel='nofollow'>digital per Zoom. Hier geht es zur Anmeldung<\/a>.<\/p>\n<\/p>\n<\/div>\n\n\n\n<div class=\"wp-block-column is-layout-flow wp-block-column-is-layout-flow\">\n<div class=\"background-grey\">\n<p><strong>Call for Papers: 31.10.2022 <\/strong><\/p>\n<p><a href=\"http:\/\/www.ephemerajournal.org\/content\/intangible-breath-exploring-organization-respiration\" rel='nofollow'>\u201cIntangible breath?\u201d<\/a><\/p>\n<\/div>\n<p>We, Lisa Wiedemann, Vanessa Weber &amp; Hannah Gr\u00fcn, are looking for contributions for a special issue of <em>ephemera journal<\/em> on \u201c<a href=\"http:\/\/www.ephemerajournal.org\/content\/intangible-breath-exploring-organization-respiration\" rel='nofollow'>Intangible breath? Exploring the organization of respiration<\/a>\u201d.<\/p>\n<p>We invite contributions at the crossroads of Organization Studies, Science and Technology Studies, Media Studies, Anthropology, Sociology, Critical Geography, and other academic disciplines to give voice to the situatedness, complexity, and multiplicity in the dis\/organization of breathing and air.<\/p>\n<p><a href=\"http:\/\/www.ephemerajournal.org\/what-ephemera\" rel='nofollow'>Ephemera<\/a> encourages contributions in a variety of formats, including articles, notes, interviews, book reviews, photo essays, and other experimental modes of representation (no longer than 8000 words). The submissions will undergo a double-blind review process. Please find the full submission instructions <a href=\"http:\/\/www.ephemerajournal.org\/how-submit\" rel='nofollow'>here<\/a>.<\/p>\n<p>The <strong>deadline for submissions is October 31, 2022<\/strong>.<\/p>\n<\/div>\n<\/div>\n\n\n\n<div class=\"wp-block-columns is-layout-flex wp-container-core-columns-is-layout-9d6595d7 wp-block-columns-is-layout-flex\">\n<div class=\"wp-block-column is-layout-flow wp-block-column-is-layout-flow\">\n<h2 class=\"wp-block-heading\">2021<\/h2>\n<\/div>\n<\/div>\n\n\n\n<div class=\"wp-block-columns is-layout-flex wp-container-core-columns-is-layout-9d6595d7 wp-block-columns-is-layout-flex\">\n<div class=\"wp-block-column is-layout-flow wp-block-column-is-layout-flow\">\n<div class=\"background-grey\">\n<p><strong>Vortrag\/Kommentar: 16.11.2021<\/strong><\/p>\n<p><a href=\"https:\/\/www.hsu-hh.de\/ringvorlesung-zu-rassismus-und-rechtsextremismus\">Antifeminismen &amp; Rechtsextremismus<\/a><\/p>\n<\/div>\n<p>Am Dienstag, 16.11.2021 h\u00e4lt <abbr title=\"Professor\">Prof.<\/abbr> Annette Henninger (Philipps-Universit\u00e4t Marburg) den Vortrag &#8222;<a href=\"http:\/\/Antifeminismen - Einfallstor f\u00fcr Rassismus und Rechtsextremismus?\" data-wplink-url-error=\"true\" rel='nofollow'>Antifeminismen &#8211; Einfallstor f\u00fcr Rassismus und Rechtsextremismus?<\/a> an der <abbr title=\"Helmut Schmidt Universit\u00e4t\">HSU<\/abbr>. <abbr title=\"Professor\">Prof.<\/abbr> Katharina Liebsch wird mit einem Kommentar zu dieser Veranstaltung beitragen, die im Rahmen der Ringvorlesung &#8222;Rassismus und Rechtsextremismus in der institutionellen Mitte der Gesellschaft \u2013 Anfragen an den politischen Bildungsauftrag der Bundeswehr\/Universit\u00e4t\u201c statt findet. Organisiert wird die Reihe vom Arbeitsbereich Interkulturelle vergleichende Bildungsforschung der Fakult\u00e4t f\u00fcr Geistes- und Sozialwissenschaften.<\/p>\n<p>Die Ringvorlesung findet <strong>dienstags 18 bis 19:30 Uhr, <\/strong>zum Teil online, zum Teil hybrid statt und l\u00e4uft noch bis zum 30. November 2021. Informationen zu den weiteren Veranstaltung sowie zur Anmeldung finden Sie <a href=\"https:\/\/www.hsu-hh.de\/ringvorlesung-zu-rassismus-und-rechtsextremismus\">hier<\/a>.<\/p>\n\n\n\n<p><\/p>\n<\/div>\n\n\n\n<div class=\"wp-block-column is-layout-flow wp-block-column-is-layout-flow\">\n<div class=\"background-grey\">\n<p><strong>Ringvorlesung: Ab 20. Oktober 2021<\/strong><\/p>\n<p><a href=\"https:\/\/www.wiso.uni-hamburg.de\/forschung\/forschungsschwerpunkte\/profilinitiative-arbeit-sozialer-wandel\/projekte\/lff-forschungsverbund-sorge-transformationen.html\" rel='nofollow'>Sorgetransformationen<\/a><\/p>\n<\/div>\n<p>Im Herbst\/Winter veranstaltet der Hamburger Forschungsverbund Sorgetransformationen die Vortragsreihe &#8222;<a href=\"https:\/\/www.wiso.uni-hamburg.de\/forschung\/forschungsschwerpunkte\/profilinitiative-arbeit-sozialer-wandel\/projekte\/lff-forschungsverbund-sorge-transformationen\/care-lectures.html\" rel='nofollow'>Care Lectures. Interdisziplin\u00e4re Perspektiven auf gegenw\u00e4rtige Herausforderungen von Sorgearbeit<\/a>&#8220; mit Vortr\u00e4gen von Rhacel Salazar Parre\u00f1as, Wim van Lancker, Birgit Pfau-Effinger, Manfred H\u00fclsken-Giesler, Elke Krasny, Paula-Irene Villa Braslavsky und Urmila Goel. N\u00e4here Informationen zu den einzelnen Vortr\u00e4gen finden Sie <a href=\"https:\/\/www.wiso.uni-hamburg.de\/forschung\/forschungsschwerpunkte\/profilinitiative-arbeit-sozialer-wandel\/projekte\/lff-forschungsverbund-sorge-transformationen\/care-lectures.html\" rel='nofollow'>hier<\/a>.<\/p>\n<p>Die Vorlesungen finden <strong>14-t\u00e4gig, immer mittwochs 18 bis 20 Uhr online<\/strong> (Zoom) statt. Eine kostenlose <a href=\"https:\/\/www.wiso.uni-hamburg.de\/forschung\/forschungsschwerpunkte\/profilinitiative-arbeit-sozialer-wandel\/projekte\/lff-forschungsverbund-sorge-transformationen\/care-lectures\/anmeldung.html\" rel='nofollow'>Anmeldung<\/a> ist ab sofort m\u00f6glich.<\/p>\n\n\n\n<p><\/p>\n\n\n\n<p><\/p>\n\n\n\n<p><\/p>\n<\/div>\n\n\n\n<div class=\"wp-block-column is-layout-flow wp-block-column-is-layout-flow\">\n<div class=\"background-grey\">\n<p><strong>Veranstaltung: 06. &#8211; 09. Oktober 2021<\/strong><\/p>\n<p><a href=\"https:\/\/www.4sonline.org\/meeting\/\" rel='nofollow'>Jahrestreffen der 4S<\/a>&nbsp;<\/p>\n<\/div>\n<p>Dieses Jahr findet das <a href=\"https:\/\/www.4sonline.org\/meeting\/accepted-open-panels\/\" rel='nofollow'>Jahrestreffen der Society of Social Studies of Science (4S)<\/a> organisiert aus Toronto statt. Das Thema lautet &#8222;Good Relations<br \/>Practices and Methods in Unequal and Uncertain Worlds&#8220;. <abbr title=\"Doktor\">Dr.<\/abbr> Lisa Wiedemann wird mit Vanessa Weber das Open Panel &#8222;Pandemic Breathing \u2013 Air as Matter of Dis\/Connection&#8220; leiten sowie gemeinsam mit Magdalena Eitenberger &amp; Antonia Modelhart zum Thema &#8222;Olfactory Relations: Configuring a Neglected Sense of Care&#8220; referieren. Zur Konferenz beitragen wird ebenso Hannah Gr\u00fcn mit ihrem Vortrag &#8222;Aging-with many: Conceptualizing ecologies of care in the field of Ambient Assisted Living&#8220;.<\/p>\n\n\n\n<p><\/p>\n<\/div>\n<\/div>\n\n\n\n<div style=\"height:50px\" aria-hidden=\"true\" class=\"wp-block-spacer\"><\/div>\n\n\n\n<div class=\"wp-block-columns is-layout-flex wp-container-core-columns-is-layout-9d6595d7 wp-block-columns-is-layout-flex\">\n<div class=\"wp-block-column is-layout-flow wp-block-column-is-layout-flow\">\n<div class=\"background-grey\">\n<p><strong>Veranstaltung: 23. &#8211; 25. August 2021<\/strong><\/p>\n<p><a href=\"https:\/\/kongress2021.soziologie.de\/aktuelles\" rel='nofollow'>Soziologie Kongress der \u00d6GS und DGS<\/a>&nbsp;<\/p>\n<\/div>\n<p>Ende August 2021 findet der gemeinsame Konkgress &#8222;Post-Corona-Gesellschaft? Pandemie, Krise und ihre Folgen&#8220; der <a href=\"https:\/\/oegs.ac.at\/\" rel='nofollow'>\u00d6sterreichischen Gesellschaft f\u00fcr Soziologie<\/a> (\u00d6GS) und der <a href=\"https:\/\/soziologie.de\/aktuell\" rel='nofollow'>Deutschen Gesellschaft f\u00fcr Soziologie<\/a> (DGS) statt. <abbr title=\"Professor\">Prof.<\/abbr> <abbr title=\"Doktor\">Dr.<\/abbr> Katharina Liebsch h\u00e4lt gemeinsamt mit <abbr title=\"Professor\">Prof.<\/abbr> <abbr title=\"Doktor\">Dr.<\/abbr> Gabriele Klein den Vortrag &#8222;Interkorporalit\u00e4t neu denken? Distant Socializing und die Neuordnung von Ber\u00fchrung&#8220; und leitet mit <abbr title=\"Doktor\">Dr.<\/abbr> Katharina Hoppe das Plenum &#8222;Pandemische Biosozialit\u00e4ten: K\u00f6rper, Praktiken, Sozialformen zwischen Krisenerfahrung und Bew\u00e4ltigungsstrategie&#8220;. <abbr title=\"Doktor\">Dr.<\/abbr> Lisa Wiedemann wird mit einem Vortrag zu &#8222;Embodying data \u2013 Von biosozialen K\u00f6rper-Daten-Virus-Beziehungen&#8220; in diesem Plenum beitragen.<\/p>\n<\/div>\n\n\n\n<div class=\"wp-block-column is-layout-flow wp-block-column-is-layout-flow\">\n<div class=\"background-grey\">\n<p><strong>Veranstaltung: 24. &#8211; 26. Juni 2021<\/strong><\/p>\n<p><a href=\"http:\/\/www.transforming-care.net\/conference-2021-venice\/presentation\/\" rel='nofollow'>5th Transforming Care Conference<\/a>&nbsp;<\/p>\n<\/div>\n<p>Dieses Jahr wird die <a href=\"http:\/\/www.transforming-care.net\/conference-2021-venice\/presentation\/\" rel='nofollow'>5th Transforming Care Conference<\/a> aus Venedig organisiert. Unser Arbeitsbereich wird dort auch vertreten sein: <abbr title=\"Doktor\">Dr.<\/abbr> Lisa Wiedemann und Hannah Gr\u00fcn pr\u00e4sentieren ihr Conference Paper zum Thema \u201eCare as a high-tension zone: Investigating frictions and temporalities in technologized care arrangements\u201c im Panel &#8222;Technology and Care&#8220;. Die Anmeldung zur Konferenzteilnahme ist nicht mehr m\u00f6glich. Das Programm finden Sie <a href=\"http:\/\/www.transforming-care.net\/conference-2021-venice\/conference-program\/\" rel='nofollow'>hier<\/a>.<\/p>\n<\/div>\n\n\n\n<div class=\"wp-block-column is-layout-flow wp-block-column-is-layout-flow\">\n<div class=\"background-grey\">\n<p><strong>Neuerscheinung: 23. Juni 2021<\/strong><\/p>\n<p><a href=\"https:\/\/www.beltz.de\/fachmedien\/sozialpaedagogik_soziale_arbeit\/buecher\/produkt_produktdetails\/43934-sozialer_zusammenhalt.html\" rel='nofollow'>4. Sonderband Sozialmagazin<\/a>&nbsp;<\/p>\n<\/div>\n<p>Der 4. Sonderband des Sozialmagzins \u201eSozialer Zusammenhalt\u201c, herausgegeben von J\u00f6rg Fischer und Elisabeth Tuider im Beltz Juventa Verlag, mit dem Artikel \u201e<a href=\"https:\/\/www.beltz.de\/fileadmin\/beltz\/leseproben\/978-3-7799-6115-4.pdf\" rel='nofollow'><em>Caring with<\/em>: F\u00fcr eine Politik der _Mit_Sorge in Zeiten der Covid-19 Pandemie<\/a>\u201c von Hannah Gr\u00fcn ist am 23. Juni 2021 erschienen.<\/p>\n<\/p>\n<\/div>\n<\/div>\n\n\n\n<p><\/p>\n\n\n\n<div class=\"wp-block-columns is-layout-flex wp-container-core-columns-is-layout-9d6595d7 wp-block-columns-is-layout-flex\"><\/div>\n","protected":false},"excerpt":{"rendered":"<p>de\/en Preisverleihung: 10.05.2024 Gaetano Benedetti Ged\u00e4chtnispreis Alexander Degel ist diesj\u00e4hriger Preistr\u00e4ger des Gaetano Benedetti Ged\u00e4chtnispreises der Deutschen Psychoanalytischen Gesellschaft (DPG)! Der Preis wird am 10.05.2024 bei der Jahrestagung der DPG [&hellip;]<\/p>\n","protected":false},"author":2830,"featured_media":0,"parent":0,"menu_order":0,"comment_status":"closed","ping_status":"closed","template":"","meta":{"footnotes":""},"categories":[51],"tags":[],"class_list":["post-528","page","type-page","status-publish","hentry","category-aktuelles-de"],"_links":{"self":[{"href":"https:\/\/www.hsu-hh.de\/mikrosoz\/wp-json\/wp\/v2\/pages\/528","targetHints":{"allow":["GET"]}}],"collection":[{"href":"https:\/\/www.hsu-hh.de\/mikrosoz\/wp-json\/wp\/v2\/pages"}],"about":[{"href":"https:\/\/www.hsu-hh.de\/mikrosoz\/wp-json\/wp\/v2\/types\/page"}],"author":[{"embeddable":true,"href":"https:\/\/www.hsu-hh.de\/mikrosoz\/wp-json\/wp\/v2\/users\/2830"}],"replies":[{"embeddable":true,"href":"https:\/\/www.hsu-hh.de\/mikrosoz\/wp-json\/wp\/v2\/comments?post=528"}],"version-history":[{"count":62,"href":"https:\/\/www.hsu-hh.de\/mikrosoz\/wp-json\/wp\/v2\/pages\/528\/revisions"}],"predecessor-version":[{"id":1173,"href":"https:\/\/www.hsu-hh.de\/mikrosoz\/wp-json\/wp\/v2\/pages\/528\/revisions\/1173"}],"wp:attachment":[{"href":"https:\/\/www.hsu-hh.de\/mikrosoz\/wp-json\/wp\/v2\/media?parent=528"}],"wp:term":[{"taxonomy":"category","embeddable":true,"href":"https:\/\/www.hsu-hh.de\/mikrosoz\/wp-json\/wp\/v2\/categories?post=528"},{"taxonomy":"post_tag","embeddable":true,"href":"https:\/\/www.hsu-hh.de\/mikrosoz\/wp-json\/wp\/v2\/tags?post=528"}],"curies":[{"name":"wp","href":"https:\/\/api.w.org\/{rel}","templated":true}]}}