{"id":1393,"date":"2021-12-21T11:25:27","date_gmt":"2021-12-21T10:25:27","guid":{"rendered":"https:\/\/www.hsu-hh.de\/juenemann\/?page_id=1393"},"modified":"2025-05-02T12:01:42","modified_gmt":"2025-05-02T10:01:42","slug":"dr-nicolas-fromm","status":"publish","type":"page","link":"https:\/\/www.hsu-hh.de\/juenemann\/en\/dr-nicolas-fromm","title":{"rendered":"Dr. Nicolas Fromm"},"content":{"rendered":"\n<div style=\"height:39px\" aria-hidden=\"true\" class=\"wp-block-spacer\"><\/div>\n\n\n\n<div class=\"wp-block-columns is-layout-flex wp-container-core-columns-is-layout-9d6595d7 wp-block-columns-is-layout-flex\">\n<div class=\"wp-block-column is-layout-flow wp-block-column-is-layout-flow\">\n<h2 class=\"wp-block-heading\">Kontakt:<\/h2>\n\n\n\n<p><a href=\"mailto:fromm@stiftung-hochschullehre.de\" rel='nofollow'>fromm@stiftung-hochschullehre.de<\/a><\/p>\n<\/div>\n\n\n\n<div class=\"wp-block-column is-layout-flow wp-block-column-is-layout-flow\"><div class=\"wp-block-image\">\n<figure class=\"aligncenter size-medium\"><img loading=\"lazy\" decoding=\"async\" width=\"300\" height=\"300\" src=\"https:\/\/www.hsu-hh.de\/juenemann\/wp-content\/uploads\/sites\/764\/2021\/12\/Nicolas-01-300x300-1-300x300.jpeg\" data-credit=\"Dr.Fromm\" alt=\"Dr.Fromm\" class=\"wp-image-1450\" srcset=\"https:\/\/www.hsu-hh.de\/juenemann\/wp-content\/uploads\/sites\/764\/2021\/12\/Nicolas-01-300x300-1.jpeg 300w, https:\/\/www.hsu-hh.de\/juenemann\/wp-content\/uploads\/sites\/764\/2021\/12\/Nicolas-01-300x300-1-150x150.jpeg 150w, https:\/\/www.hsu-hh.de\/juenemann\/wp-content\/uploads\/sites\/764\/2021\/12\/Nicolas-01-300x300-1-100x100.jpeg 100w\" sizes=\"auto, (max-width: 300px) 100vw, 300px\" \/><\/figure>\n<\/div><\/div>\n<\/div>\n\n\n\n<hr class=\"wp-block-separator has-alpha-channel-opacity\" \/>\n\n\n\n<p><strong>Research interests:<\/strong><\/p>\n\n\n\n<ul class=\"wp-block-list\">\n<li>Theories of International Relations<\/li>\n\n\n\n<li>Foreign policy strategies of small states<\/li>\n\n\n\n<li>Interdisciplinary approaches to foreign and security policy<\/li>\n\n\n\n<li>Design thinking and creative methods<\/li>\n\n\n\n<li>Arab Gulf States, especially Qatar<\/li>\n<\/ul>\n\n\n\n<p><\/p>\n\n\n\n<p><strong>Curriculum Vitae<\/strong><\/p>\n\n\n\n<p><strong>Career:<\/strong><\/p>\n\n\n\n<p>April 2019-March 2020: Lecturer at the Faculty of Social Sciences, Leuphana University L\u00fcneburg<\/p>\n\n\n\n<p>October 2018-March 2019: Visiting Professor for International Relations, Leuphana University L\u00fcneburg<\/p>\n\n\n\n<p>Since November 2017: Senior Scholar at the Institute of International Relations, Helmut Schmidt University\/University of the Federal Armed Forces Hamburg<\/p>\n\n\n\n<p>July 2014-November 2017: Scholar at the Institute of International Relations, Helmut Schmidt University\/University of the Federal Armed Forces Hamburg<\/p>\n\n\n\n<p>August 2013-April 2014: Political Analyst, Berlin<\/p>\n\n\n\n<p>May 2005-September 2007: Parliamentary Assistant, European Parliament<\/p>\n\n\n\n<p><strong>Foreign languages:<\/strong><\/p>\n\n\n\n<p>French; English; Spanish; Arabic; Italian.<\/p>\n\n\n\n<p><strong>Scholarships and Awards:<\/strong><\/p>\n\n\n\n<ul class=\"wp-block-list\">\n<li>PhD scholarship by the Friedrich Naumann Foundation for Freedom<\/li>\n\n\n\n<li>Student scholarship of the German National Academic Foundation<\/li>\n\n\n\n<li>H\u00f6lderlin scholarship of the German National Academic Foundation<\/li>\n\n\n\n<li>Scholarship of the German-French University (DFH-UFA)<\/li>\n\n\n\n<li>F\u00e9licitations du Jury (Sciences Po Paris)<\/li>\n<\/ul>\n\n\n\n<p><strong>Expert reviews:<\/strong><\/p>\n\n\n\n<p>&#8211;&nbsp;&nbsp;&nbsp; Futures &#8211; The Journal of Policy, Planning and Futures Studies<br>&#8211;&nbsp;&nbsp;&nbsp; Studienstiftung des deutschen Volkes (German National Academic Foundation)<br>&#8211;&nbsp;&nbsp;&nbsp; Deutsche Arbeitsgemeinschaft Vorderer Orient (DAVO)<\/p>\n\n\n\n<p><\/p>\n\n\n\n<p><strong>Publications<\/strong><\/p>\n\n\n\n<p><strong>Monographies:<\/strong><\/p>\n\n\n\n<p><\/p>\n\n\n\n<p>2022   Fromm, Nicolas: Katar &#8211; Sand, Geld und Spiele, Munich: C.H. Beck <\/p>\n\n\n\n<p>2018&nbsp;&nbsp; Fromm, Nicolas: Constructivist Niche Diplomacy: Qatar&#8217;s Middle East Diplomacy 1995-2013 as an Illustration of Small State Norm Crafting, Heidelberg: Springer VS.<\/p>\n\n\n\n<p><strong>Anthologies:<\/strong><\/p>\n\n\n\n<p>2021&nbsp;&nbsp;&nbsp; Fromm, Nicolas together with Annette J\u00fcnemann and Hamza Safouane (eds.): <em>Power in Vulnerability: A Multi-Dimensional Review of Migrants\u2019 Vulnerabilities. <\/em>In der Reihe &#8222;Studien zur Migrations- und Integrationspolitik&#8220;, Wiesbaden: Springer VS. <a href=\"https:\/\/link.springer.com\/book\/10.1007\/978-3-658-34052-0\" rel='nofollow'>Link here.<\/a><\/p>\n\n\n\n<p>2017&nbsp;&nbsp;&nbsp; Fromm, Nicolas together with Annette J\u00fcnemann and Nikolas Scherer (eds.): Fortress Europe? Challenges and Failures of Migration and Asylum Policies, Heildelberg: Springer VS. (http:\/\/www.springer.com\/de\/book\/9783658170103)<\/p>\n\n\n\n<p><strong>Articles and anthology contributions:<\/strong><\/p>\n\n\n\n<p>2024    Fromm, Nicolas: Dark Horse Didactics: Design Thinking in the Teaching of International Relations. _Journal of Political Science Education_,1-20. <a href=\"https:\/\/doi.org\/10.1080\/15512169.2024.2380679\" rel='nofollow'>Link here<\/a><\/p>\n\n\n\n<p>2021&nbsp; &nbsp; Fromm, Nicolas together with Hamza Safouane and Sabith Khan: &#8222;A Case for Dark Horse Thinking? Re-Imagining Group Asylum&#8220;. In: Fromm, Nicolas with Annette J\u00fcnemann and Hamza Safouane (eds.): Power in Vulnerability: A Multi-Dimensional Review of Migrants\u2019 Vulnerabilities, Wiesbaden: Springer VS. <a href=\"https:\/\/link.springer.com\/chapter\/10.1007\/978-3-658-34052-0_12\" rel='nofollow'>Link here.<\/a><\/p>\n\n\n\n<p>2021&nbsp;&nbsp;&nbsp; Fromm, Nicolas: Dreaming of Efficiency: Qatari Capitalist Consequentialism under Emir Hamad, in: The Maghreb Review, 46(1), 43-52.<\/p>\n\n\n\n<p>2018&nbsp; &nbsp; Fromm, Nicolas: Wissenschaft statt Bauchgef\u00fchl: Politische Risiken pr\u00e4ziser bewerten. Kredit &amp; Rating Praxis 05\/2017<\/p>\n\n\n\n<p>2017&nbsp;&nbsp;&nbsp; Fromm, Nicolas mit Annette J\u00fcnemann und Nikolas Scherer: The kaleidoscope of migration. Theoretical perspectives and conceptual considerations. In: J\u00fcnemann, Annette \/ Fromm, Nicolas \/ Scherer, Nikolas (<abbr title=\"Herausgeber\">Hrsg.<\/abbr>): Fortress Europe? Challenges and Failures of Migration and Asylum Policies. Heidelberg: Springer VS. 1-10.<\/p>\n\n\n\n<p><strong>Policy Papers and Analysis:<\/strong><\/p>\n\n\n\n<p>2016&nbsp;&nbsp;&nbsp;&nbsp;&nbsp;&nbsp;&nbsp; Fromm, Nicolas: Europe\u2019s Underestimated Influence on Qatar\u2019s Foreign Policy. Dahrendorf Analysis (http:\/\/www.dahrendorf-forum.eu\/publications\/europes-underestimated-influence-in-qatars-foreign-policy\/)<\/p>\n\n\n\n<p>2015&nbsp;&nbsp;&nbsp;&nbsp;&nbsp;&nbsp;&nbsp; Fromm, Nicolas: Why the debate on the export of weapons to the MENA region should also take into account geopolitical consequences for the exporting countries. &nbsp;Dahrendorf Symposium Blog, European Politics and Policy Programme, LSE. (http:\/\/www.dahrendorf-forum.eu\/why-the-debate-on-the-export-of-weapons-to-the-mena-region-should-also-take-into-account-geopolitical-consequences-for-the-exporting-countries\/)<\/p>\n\n\n\n<p>2014&nbsp;&nbsp;&nbsp;&nbsp;&nbsp;&nbsp;&nbsp; Fromm, Nicolas: The competition between regional integration agreements in light of the current crisis in Ukraine: Potential pathways to intensified cooperation and economic growth. east forum Berlin Policy Paper.<br>(http:\/\/www.eastforum-berlin.de\/assets\/east_forum_Berlin_Policy_Paper_Ukraine.pdf)<\/p>\n\n\n\n<p><\/p>\n\n\n\n<p><strong>Lectures<\/strong><\/p>\n\n\n\n<p>Festspiele der Autokratie? Katar w\u00e4hrend der Fu\u00dfball-WM 2022, Friedrich-Naumann-Stiftung f\u00fcr die Freiheit, Stuttgart, 24.November 2022<\/p>\n\n\n\n<p>Katar und die Fu\u00dfball-WM 2022, Internationaler Bund, Frankfurt am Main, 23.November 2022<\/p>\n\n\n\n<p>Gruppenasyl und die Zukunft staatenloser Menschen: ein utopischer Zugang?, Wissenschaft und Praxis im Dialog, SBB Kompetenz, Hamburg, 10.November 2022<\/p>\n\n\n\n<p>Katar &#8211; Sand, Geld und Spiele, Salon Luitpold M\u00fcnchen, 25.Oktober 2022<\/p>\n\n\n\n<p>Kleinstaaten in den internationalen Beziehungen, Gastvortrag an der Helmut-Schmidt-Universit\u00e4t, 21.M\u00e4rz 2022.<\/p>\n\n\n\n<p>Weder Freund noch Feind: Der schwierige Umgang mit dem Islamismus der Muslimbruderschaft, Bergakademie 2020 der Studienstiftung, Regionalgruppe Schweiz, 29.Oktober 2020.<\/p>\n\n\n\n<p>Globalisierung als sicherheitspolitische Herausforderung im eurasischen Raum, Gustav-Stresemann-Institut in Niedersachsen, 9. Juni 2020.<\/p>\n\n\n\n<p>A Case for Dark Horse Thinking: Re-Imagining Group Asylum, DAVO-Kongress 2019, Universit\u00e4t Hamburg, 4.Oktober 2019.<\/p>\n\n\n\n<p>Design Thinking in Migration Research, Institut f\u00fcr Friedensforschung und Sicherheitspolitik der Universit\u00e4t Hamburg, 19.Juni 2019.<\/p>\n\n\n\n<p>Neue Sicherheitsstruktur in und f\u00fcr Europa?, Lucius-D.-Clay-Kaserne, Osterholz-Scharmbeck, 23.Mai 2019.<\/p>\n\n\n\n<p>Hybride Kriegsf\u00fchrung und soziale Medien, 16. Bensberger Gespr\u00e4che 2019, Bundeszentrale f\u00fcr politische Bildung, Bensberg, 5.Februar 2019.<\/p>\n\n\n\n<p>Sicherheitspolitische Herausforderungen und Risiken im 21.Jahrhundert: Der Mittlere Osten, Gustav-Stresemann-Institut in Niedersachsen e.V., Bad Bevensen, 9.Oktober 2018.<\/p>\n\n\n\n<p>Efficiency, Ethics, Eutopia \u2013 Qatar\u2019s Designerly Interpretation of Norm Entrepreneurship, DAVO-Tagung, Frankfurt am Main, 5.Oktober 2018.<\/p>\n\n\n\n<p>Afrika \u2013 Politische Lehren und Handlungsfelder aus der Fl\u00fcchtlingskrise, Lucius-D.-Clay-Kaserne, Osterholz-Scharmbeck, 20.September 2018.<\/p>\n\n\n\n<p>&#8222;Neue Kriege&#8220;, Terrorismus und Medien, Gustav-Stresemann-Institut in Niedersachsen e.V., Bad Bevensen, 4.-5.September 2018.<\/p>\n\n\n\n<p>Einflussfaktoren auf die nationale Sicherheitspolitik: &#8218;Neue Kriege&#8216; und Terrorismus, Gustav-Stresemann-Institut in Niedersachsen e.V., Bad Bevensen, 7.Mai 2018.<\/p>\n\n\n\n<p>&#8222;Der Islam&#8220; als Herausforderung f\u00fcr erfolgreiche Integration? Eine differenzierte Betrachtung der Rolle von Religion bei der Integration muslimischer MigrantInnen, Friedrich-Naumann-Stiftung f\u00fcr die Freiheit, Theodor-Heuss-Akademie, Gummersbach, 5.Mai 2018.<\/p>\n\n\n\n<p>Paradigmenwechsel in der deutschen und europ\u00e4ischen Au\u00dfenpolitik?, Gustav-Stresemann-Institut in Niedersachsen e.V., Bad Bevensen, 12.Dezember 2017.<\/p>\n\n\n\n<p>Die Golfstaaten als &#8218;lead capitalists&#8216;, Gastvortrag an der Helmut-Schmidt-Universit\u00e4t\/Universit\u00e4t der Bundeswehr Hamburg, 21.Februar 2017.<\/p>\n\n\n\n<p>Strategieans\u00e4tze deutscher Au\u00dfenpolitik gegen\u00fcber totalit\u00e4ren Staaten am Beispiel der arabischen Welt, Demokratieseminar von Frischluft e.V., Kiel, 6.August 2016.<\/p>\n\n\n\n<p>Constructivist niche diplomacy &#8211; the strategic use of normative authority and the case of Qatar&#8217;s foreign policy, DAVO-Tagung, Bochum, 25.September 2015.<\/p>\n\n\n\n<p><\/p>\n\n\n\n<p><strong>Media<\/strong><\/p>\n\n\n\n<p><strong>Interviews:<\/strong><\/p>\n\n\n\n<p>SWR1 Leute: Darum geht es Katar mit der Fu\u00dfball-WM wirklich (21.11.22); https:\/\/www.ardmediathek.de\/video\/swr1-leute\/dr-nicolas-fromm-oder-politikwissenschaftler-oder-darum-geht-es-katar-mit-der-fifa-fussball-wm-wirklich\/swr\/Y3JpZDovL3N3ci5kZS9hZXgvbzE3NjQwNDk<\/p>\n\n\n\n<p>FAZ B\u00fccher-Podcast: Am Ende droht die Zwangsarbeit (17.11.22); https:\/\/www.faz.net\/aktuell\/feuilleton\/buecher\/buecher-podcast\/buecher-podcast-nicolas-fromms-buch-katar-sand-geld-und-spiele-18465559.html<\/p>\n\n\n\n<p>M\u00fcnchner Merkur: Nahost-Experte im WM-Interview: <em>Wir sind nicht in der Position einen Boykott auszurufen<\/em>; (21.11.22); https:\/\/www.merkur.de\/politik\/fussball-wm-katar-boykott-kritik-fifa-menschenrechte-interview-fromm-deutschland-zr-91928182.html<\/p>\n\n\n\n<p>NEWS (\u00d6sterreich): <em>Boykottbewegungen h\u00e4lt Katar aus<\/em> (18.11.2022)<\/p>\n\n\n\n<p>Luxemburger Wort: Katar hat das System nicht erfunden, nutzt es aber aus (02.12.22); https:\/\/www.wort.lu\/de\/sport\/katar-hat-das-system-nicht-erfunden-nutzt-es-aber-aus-63886003de135b92361b7338<\/p>\n\n\n\n<p>Reutlinger Generalanzeiger: Politikforscher im Gespr\u00e4ch mit dem GEA: Katar nach dem <em>WM-Schock <\/em>(11.12.22); https:\/\/www.gea.de\/welt\/politik_artikel,-politikforscher-im-gespr%C3%A4ch-mit-dem-gea-katar-nach-demwm-schock-_arid,6693708.html<\/p>\n\n\n\n<p>WELT: <em>Ich habe gro\u00dfe Zweifel, dass Katar auf uns als Lehrer wartet <\/em>(14.11.22); https:\/\/www.welt.de\/politik\/ausland\/plus242112053\/Fussball-WM-Ich-habe-grosse-Zweifel-dass-Katar-auf-uns-als-Lehrer-wartet.html<\/p>\n\n\n\n<p>B\u00f6blinger Zeitung\/Sindelfinger Zeitung: Katars Frauen zwischen Tradition und Moderne (28.11.22); https:\/\/www.szbz.de\/nachrichten\/katars-frauen-zwischen-tradition-und-moderne<\/p>\n\n\n\n<p>VAN Kulturmagazin: <em>F\u00fcr manche Beobachter z\u00e4hlt nur das als Kultur, was sie von zu Hause kennen<\/em>: Katar-Experte Nicolas Fromm \u00fcber berechtigte Kritik, destruktive Selbstgerechtigkeit und die Chancen des Austauschs (30.11.22); https:\/\/van-magazin.de\/mag\/nicolas-fromm-katar-kultur\/<\/p>\n\n\n\n<p><strong>Contributions to Media:<\/strong><\/p>\n\n\n\n<p>Deutschlandfunk: Welche strategischen Ziele das Emirat verfolgt (16.11.22); https:\/\/www.deutschlandfunk.de\/katar-strategie-fussball-wm-100.html<\/p>\n\n\n\n<p>tagesschau.de: Bekenntnisse, die Katar gefallen (06.12.22); https:\/\/www.tagesschau.de\/ausland\/asien\/katar-wm-palaestina-israel-101.html<\/p>\n\n\n\n<p>tagesschau.de: Wie Katar sich unentbehrlich machen will (19.11.22); https:\/\/www.tagesschau.de\/ausland\/asien\/katar-aussenpolitik-101.html<\/p>\n\n\n\n<p>sportschau.de: Sportmacht Katar: Kleines Land erkauft sich gro\u00dfen Einfluss (15.11.22); https:\/\/www.sportschau.de\/newsticker\/dpa-sportmacht-katar-kleines-land-erkauft-sich-grossen-einfluss-100.html<\/p>\n\n\n\n<p><strong>Book Reviews:<\/strong><\/p>\n\n\n\n<p>Universit\u00e4t Kassel: <em>Ka\u00adtar: Sand, Geld und Spie\u00adle<\/em> von Ni\u00adco\u00adlas Fromm: Wie Ka\u00adtar die Welt re\u00adgiert (20.11.22); https:\/\/www.uni-kassel.de\/fb02\/institute\/germanistik\/fachgebiete\/neuere-dt-literaturwiss-\/-medienwiss\/medien-i-kritik\/artikel\/2022\/11\/20\/katar-sand-geld-und-spiele-von-nicolas-fromm-wie-katar-die-welt-regiert?cHash=fe1e14f728281a52b0b778f77269be45<\/p>\n\n\n\n<p>S\u00fcddeutsche Zeitung: Katars stumpfer Glanz (14.11.22)<\/p>\n\n\n\n<p>Deutschlandfunk: Katar \u2013 Politologe Nicolas Fromm portr\u00e4tiert den Fu\u00dfball-WM-Gastgeber (14.11.22); https:\/\/www.ardaudiothek.de\/episode\/andruck-das-magazin-fuer-politische-literatur-deutschlandfunk\/katar-politologe-nicolas-fromm-portraetiert-den-fussball-wm-gastgeber\/deutschlandfunk\/12095773\/<\/p>\n\n\n\n<p>Badische Zeitung: Konservativ und progressiv zugleich (18.11.22); https:\/\/www.badische-zeitung.de\/sachbuch-konservativ-und-progressiv-zugleich\u2013224816806.html<\/p>\n\n\n\n<p>Landshuter Zeitung: Zwischen allen St\u00fchlen: Politikwissenschaftler Nicolas Fromm hat das Emirat Katar als Gastgeber der Fu\u00dfball-WM 2022 portr\u00e4tiert (01.10.22)<\/p>\n\n\n\n<p>the little queer review: Trampeltiere ganz grazil (15.11.22); https:\/\/thelittlequeerreview.de\/trampeltiere-ganz-grazil<\/p>\n\n\n\n<p>Lesering: Eine gl\u00e4nzende Kulisse, ein schmutziger Alltag (18.11.22); https:\/\/www.lesering.de\/id\/4908494\/Katar-Nicolas-Fromm-\/<\/p>\n\n\n\n<p>Humanistischer Pressedienst: Katar \u2013 nicht nur wegen der Fu\u00dfballweltmeisterschaft interessant (28.07.22); https:\/\/hpd.de\/artikel\/katar-nicht-nur-wegen-fussballweltmeisterschaft-interessant-20565<\/p>\n\n\n\n<p><\/p>\n\n\n\n<p><strong>Teaching<\/strong><\/p>\n\n\n\n<p><abbr title=\"Wintertrimester\">WT<\/abbr> 2023: Internationale Beziehungen im wissenschaftlichen Diskurs: Bewahren<\/p>\n\n\n\n<p><abbr title=\"Wintertrimester\">WT<\/abbr> 2023: Internationale Beziehungen im wissenschaftlichen Diskurs: Ver\u00e4ndern<\/p>\n\n\n\n<p><abbr title=\"Fr\u00fchjahrstrimester\">FT<\/abbr> 2022: Der Krieg gegen die Ukraine aus Perspektive der Friedens- und Konfliktforschung (Vorlesung: Einf\u00fchrung in die Friedens- und Konfliktforschung)<\/p>\n\n\n\n<p><abbr title=\"Wintertrimester\">WT<\/abbr> 2021: Internationale Beziehungen im wissenschaftlichen Diskurs: Utopia<\/p>\n\n\n\n<p><abbr title=\"Wintertrimester\">WT<\/abbr> 2021: Theorie und Empirie der internationalen Beziehungen: Kleinstaaten<\/p>\n\n\n\n<p>WS 2019: Werkzeug oder Wahnsinn? Eine Anwendung von Design Thinking im Kontext des Nahost-Konfliktes (Leuphana Universit\u00e4t L\u00fcneburg)<\/p>\n\n\n\n<p>WS 2019: Arbeiten zwischen Markt und Macht: Professionalisierungsseminar Politische Beratung (Leuphana Universit\u00e4t L\u00fcneburg)<\/p>\n\n\n\n<p>SS 2019: Decentering International Development: Applications and Cases in International Development I (Leuphana Universit\u00e4t L\u00fcneburg)<\/p>\n\n\n\n<p><abbr title=\"Wintertrimester\">WT<\/abbr> 2019: Nahost-Konflikte: Gegens\u00e4tze, Gewalt und Gespr\u00e4che in Israel und Pal\u00e4stina<\/p>\n\n\n\n<p>WS 2018: Demokratie und Internationale Beziehungen: Analyse eines Spannungsfeldes (Leuphana Universit\u00e4t L\u00fcneburg)<\/p>\n\n\n\n<p>WS 2018: Applications and Cases in International Development II: The Arab Gulf States (Leuphana Universit\u00e4t L\u00fcneburg)<\/p>\n\n\n\n<p>WS 2018: The International Relations of the Middle East and North Africa (Leuphana Universit\u00e4t L\u00fcneburg)<\/p>\n\n\n\n<p><abbr title=\"Herbsttrimester\">HT<\/abbr> 2018: Migration, Sicherheit, Entwicklung: Mit &#8222;Design Thinking&#8220; die Zusammenarbeit zwischen der EU und Libyen neu denken<\/p>\n\n\n\n<p><abbr title=\"Fr\u00fchjahrstrimester\">FT<\/abbr> 2018: Wege zum Frieden: Interdisziplin\u00e4re Ans\u00e4tze der Friedensforschung<\/p>\n\n\n\n<p><abbr title=\"Wintertrimester\">WT<\/abbr> 2016: Theorie und Empirie der internationalen Beziehungen: Die Internationalen Beziehungen des Mittleren Ostens: Theorien und Fallanalysen<\/p>\n\n\n\n<p><abbr title=\"Wintertrimester\">WT<\/abbr> 2015: Theorie und Empirie der internationalen Beziehungen \u2013 Themen und Erkl\u00e4rungsans\u00e4tze<\/p>\n\n\n\n<p><abbr title=\"Wintertrimester\">WT<\/abbr> 2015:&nbsp;Die MENA-Region nach dem Arabischen Fr\u00fchling: Theorien, Themen und Transformationen<\/p>\n\n\n\n<p><abbr title=\"Herbsttrimester\">HT<\/abbr> 2014:&nbsp;Au\u00dfenpolitik und Kooperation in den internationalen Beziehungen: Katar als internationaler Akteur<\/p>\n\n\n\n<p><\/p>\n","protected":false},"excerpt":{"rendered":"<p>Kontakt: fromm@stiftung-hochschullehre.de Research interests: Curriculum Vitae Career: April 2019-March 2020: Lecturer at the Faculty of Social Sciences, Leuphana University L\u00fcneburg October 2018-March 2019: Visiting Professor for International Relations, Leuphana University [&hellip;]<\/p>\n","protected":false},"author":138,"featured_media":0,"parent":0,"menu_order":0,"comment_status":"closed","ping_status":"closed","template":"","meta":{"footnotes":""},"categories":[9],"tags":[],"class_list":["post-1393","page","type-page","status-publish","hentry","category-team-en"],"_links":{"self":[{"href":"https:\/\/www.hsu-hh.de\/juenemann\/wp-json\/wp\/v2\/pages\/1393","targetHints":{"allow":["GET"]}}],"collection":[{"href":"https:\/\/www.hsu-hh.de\/juenemann\/wp-json\/wp\/v2\/pages"}],"about":[{"href":"https:\/\/www.hsu-hh.de\/juenemann\/wp-json\/wp\/v2\/types\/page"}],"author":[{"embeddable":true,"href":"https:\/\/www.hsu-hh.de\/juenemann\/wp-json\/wp\/v2\/users\/138"}],"replies":[{"embeddable":true,"href":"https:\/\/www.hsu-hh.de\/juenemann\/wp-json\/wp\/v2\/comments?post=1393"}],"version-history":[{"count":23,"href":"https:\/\/www.hsu-hh.de\/juenemann\/wp-json\/wp\/v2\/pages\/1393\/revisions"}],"predecessor-version":[{"id":2164,"href":"https:\/\/www.hsu-hh.de\/juenemann\/wp-json\/wp\/v2\/pages\/1393\/revisions\/2164"}],"wp:attachment":[{"href":"https:\/\/www.hsu-hh.de\/juenemann\/wp-json\/wp\/v2\/media?parent=1393"}],"wp:term":[{"taxonomy":"category","embeddable":true,"href":"https:\/\/www.hsu-hh.de\/juenemann\/wp-json\/wp\/v2\/categories?post=1393"},{"taxonomy":"post_tag","embeddable":true,"href":"https:\/\/www.hsu-hh.de\/juenemann\/wp-json\/wp\/v2\/tags?post=1393"}],"curies":[{"name":"wp","href":"https:\/\/api.w.org\/{rel}","templated":true}]}}