{"id":112,"date":"2018-01-17T14:06:36","date_gmt":"2018-01-17T13:06:36","guid":{"rendered":"https:\/\/www.hsu-hh.de\/vorlage\/?page_id=112"},"modified":"2026-04-23T20:35:46","modified_gmt":"2026-04-23T18:35:46","slug":"forschung","status":"publish","type":"page","link":"https:\/\/www.hsu-hh.de\/hisost\/forschung\/","title":{"rendered":"Forschung"},"content":{"rendered":"\n<h2 class=\"wp-block-heading\">Aktuelle Publikationen<\/h2>\n\n\n\n<div class=\"wp-block-columns is-layout-flex wp-container-core-columns-is-layout-9d6595d7 wp-block-columns-is-layout-flex\">\n<div class=\"wp-block-column is-layout-flow wp-block-column-is-layout-flow\" style=\"flex-basis:33.33%\">\n<figure class=\"wp-block-image size-large\"><a href=\"https:\/\/www.utb.de\/doi\/10.36198\/9783838562568\" target=\"_blank\" rel=\" noreferrer noopener\"><img loading=\"lazy\" decoding=\"async\" width=\"715\" height=\"1024\" src=\"https:\/\/www.hsu-hh.de\/hisost\/wp-content\/uploads\/sites\/832\/2026\/04\/9783838562568.cover_-715x1024.jpg\" data-credit=\"jh\" alt=\"\" class=\"wp-image-3497\" srcset=\"https:\/\/www.hsu-hh.de\/hisost\/wp-content\/uploads\/sites\/832\/2026\/04\/9783838562568.cover_-715x1024.jpg 715w, https:\/\/www.hsu-hh.de\/hisost\/wp-content\/uploads\/sites\/832\/2026\/04\/9783838562568.cover_-209x300.jpg 209w, https:\/\/www.hsu-hh.de\/hisost\/wp-content\/uploads\/sites\/832\/2026\/04\/9783838562568.cover_-768x1100.jpg 768w, https:\/\/www.hsu-hh.de\/hisost\/wp-content\/uploads\/sites\/832\/2026\/04\/9783838562568.cover_-1072x1536.jpg 1072w, https:\/\/www.hsu-hh.de\/hisost\/wp-content\/uploads\/sites\/832\/2026\/04\/9783838562568.cover_-1429x2048.jpg 1429w, https:\/\/www.hsu-hh.de\/hisost\/wp-content\/uploads\/sites\/832\/2026\/04\/9783838562568.cover_-1100x1576.jpg 1100w, https:\/\/www.hsu-hh.de\/hisost\/wp-content\/uploads\/sites\/832\/2026\/04\/9783838562568.cover_.jpg 1772w\" sizes=\"auto, (max-width: 715px) 100vw, 715px\" \/><\/a><\/figure>\n<\/div>\n\n\n\n<div class=\"wp-block-column is-layout-flow wp-block-column-is-layout-flow\" style=\"flex-basis:66.66%\">\n<p style=\"font-style:italic;font-weight:600\">Heiko Haumann \/ J\u00f6rn Happel (Hg.), Die Russische Revolution 1917, 3. Auflage, K\u00f6ln 2025<\/p>\n\n\n\n<p>Die Russische Revolution hat die Welt ver\u00e4ndert. Dieses Buch w\u00e4hlt einen neuen Blick auf die Ereignisse. Aus der Sicht von Akteuren in den beiden Metropolen Petrograd und Moskau, im Zentrum und an der Peripherie des Reiches verfolgen die Autor:innen die Voraussetzungen der Revolution, den Verlauf des Jahres 1917, die Hoffnungen und Entt\u00e4uschungen, die mit der Revolution verbunden waren, das Leid, das sie \u00fcber viele Menschen brachte, ihre Resonanz in der Welt ebenso wie die langfristigen Utopien. Was bleibt von der Russischen Revolution, wie wird sie erinnert?<\/p>\n\n\n\n<p>Die 3., wiederum erweiterte Auflage ber\u00fccksichtigt nicht nur den j\u00fcngsten Forschungsstand, sondern bezieht auch neue Sichtweisen ein, die sich durch den Krieg Russlands gegen die Ukraine ergeben. Neu sind ebenfalls Zusatzmaterialien, die online abgerufen werden k\u00f6nnen.<\/p>\n<\/div>\n<\/div>\n\n\n\n<p><\/p>\n\n\n\n<div class=\"wp-block-columns is-layout-flex wp-container-core-columns-is-layout-9d6595d7 wp-block-columns-is-layout-flex\">\n<div class=\"wp-block-column is-layout-flow wp-block-column-is-layout-flow\" style=\"flex-basis:33.33%\">\n<figure class=\"wp-block-image size-large\"><a href=\"https:\/\/doi.org\/10.1515\/hzhz-2026-0001\" target=\"_blank\" rel=\" noreferrer noopener\"><img loading=\"lazy\" decoding=\"async\" width=\"654\" height=\"1024\" src=\"https:\/\/www.hsu-hh.de\/hisost\/wp-content\/uploads\/sites\/832\/2026\/04\/product_pages-654x1024.jpg\" data-credit=\"jh\" alt=\"\" class=\"wp-image-3503\" srcset=\"https:\/\/www.hsu-hh.de\/hisost\/wp-content\/uploads\/sites\/832\/2026\/04\/product_pages-654x1024.jpg 654w, https:\/\/www.hsu-hh.de\/hisost\/wp-content\/uploads\/sites\/832\/2026\/04\/product_pages-192x300.jpg 192w, https:\/\/www.hsu-hh.de\/hisost\/wp-content\/uploads\/sites\/832\/2026\/04\/product_pages-768x1203.jpg 768w, https:\/\/www.hsu-hh.de\/hisost\/wp-content\/uploads\/sites\/832\/2026\/04\/product_pages.jpg 800w\" sizes=\"auto, (max-width: 654px) 100vw, 654px\" \/><\/a><\/figure>\n<\/div>\n\n\n\n<div class=\"wp-block-column is-layout-flow wp-block-column-is-layout-flow\" style=\"flex-basis:66.66%\">\n<p style=\"font-style:italic;font-weight:600\">J\u00f6rn Happel, Der doppelte Fluss. Die Diskussion um den Verlauf des Amudarjas (Oxus) in den Geowissenschaften der Neuzeit, in: Historische Zeitschrift 2026, Band 322, Heft 1, S. 1-46<\/p>\n\n\n\n<p>Der Aufsatz handelt von dem Fluss Amudarja, der in der Antike unter dem Namen \u201eOxus\u201c bekannt wurde, auf Arabisch \u201e\u011eayh\u016bn\u201c hei\u00dft und der seit den 1960er Jahren vor seiner ehemaligen M\u00fcndung (Aralsee) in der W\u00fcste versiegt. Diskutiert wird eine wissenschaftsgeschichtliche Betrachtung dieses Flusses und des Sees: Was wusste man \u00fcber beide in fr\u00fcherer Zeit, was ahnte man, was wusste man nicht oder blendete es bewusst aus? Der Aufsatz konzentriert sich dabei auf die europ\u00e4ischen geographischen Forschungen des 18. und 19. Jahrhunderts, teils mit R\u00fcckgriff auf Quellen (Texte und vor allem Karten) fr\u00fcherer Jahrhunderte. Dem Orientalisten Wilhelm Barthold (1869\u20131930) folgend, wird die These aufgestellt, dass sich in der Debatte des 19. Jahrhunderts die Zukunft der damaligen \u201eErdkunde\u201c im Streit \u00fcber den Lauf des Amudarjas widerspiegelt. Viele der damals Forschenden konnten sich die Lage vor Ort nicht ansehen und waren auf (\u00e4ltere) Literatur oder Berichte angewiesen. Au\u00dferdem besa\u00df die schon seit dem 18. und vor allem seit dem sp\u00e4ten 19. Jahrhundert diskutierte Umleitung des Flusses ins Kaspische Meer politische Sprengkraft. Besprochen wird zudem eine Theorie des 19. Jahrhunderts, dass der Aralsee vom 13. bis zum 16. Jahrhundert nicht oder nur zu einem kleinen Teil existierte, in einer Zeit, als der Amudarja gen Kaspisches Meer floss.<\/p>\n<\/div>\n<\/div>\n\n\n\n<p><\/p>\n\n\n\n<div class=\"wp-block-columns is-layout-flex wp-container-core-columns-is-layout-9d6595d7 wp-block-columns-is-layout-flex\">\n<div class=\"wp-block-column is-layout-flow wp-block-column-is-layout-flow\" style=\"flex-basis:33.33%\">\n<figure class=\"wp-block-image size-full\"><a href=\"https:\/\/www.routledge.com\/Expeditions-in-the-Long-Nineteenth-Century-Discovering-Surveying-and-Ordering\/Happel-Hussinger-Raupach\/p\/book\/9781032479385\" target=\"_blank\" rel=\" noreferrer noopener\"><img loading=\"lazy\" decoding=\"async\" width=\"350\" height=\"538\" src=\"https:\/\/www.hsu-hh.de\/hisost\/wp-content\/uploads\/sites\/832\/2026\/04\/Buch-Hajo-Melanie-Joern.jpg\" data-credit=\"jh\" alt=\"\" class=\"wp-image-3511\" srcset=\"https:\/\/www.hsu-hh.de\/hisost\/wp-content\/uploads\/sites\/832\/2026\/04\/Buch-Hajo-Melanie-Joern.jpg 350w, https:\/\/www.hsu-hh.de\/hisost\/wp-content\/uploads\/sites\/832\/2026\/04\/Buch-Hajo-Melanie-Joern-195x300.jpg 195w\" sizes=\"auto, (max-width: 350px) 100vw, 350px\" \/><\/a><\/figure>\n<\/div>\n\n\n\n<div class=\"wp-block-column is-layout-flow wp-block-column-is-layout-flow\" style=\"flex-basis:66.66%\">\n<p style=\"font-style:italic;font-weight:600\">J\u00f6rn Happel \/Melanie Hussinger \/ Hajo Raupach (ed.), Expeditions in the Long Nineteenth Century Discovering, Surveying, and Ordering, New York \/ London 2024<\/p>\n\n\n\n<p>This book examines the processes of scientific, cultural, political, technical, colonial and violent appropriation during the 19<sup>th<\/sup> century.<\/p>\n\n\n\n<p>The 19<sup>th<\/sup> century was the century of world travel. The earth was explored, surveyed, described, illustrated, and categorized. Travelogues became world bestsellers. Modern technology accompanied the travelers and adventurers: clocks, a postal and telegraph system, surveying equipment, and cameras. The world grew together faster and faster. Previously unknown places became better known: the highest peaks, the coldest spots, the hottest deserts, and the most remote cities. Knowledge about the white spots of the earth was systematically collected. Those who made a name for themselves in the 19th century are still read today. Alexander von Humboldt or Charles Darwin made the epoch a scientific heyday. Ida Pfeiffer or Isabelle Bird (Bishop) traveled to distant continents and took their readers at home on insightful journeys. Hermann V\u00e1mb\u00e9ry or Sir Richard Burton got to know the most remote languages and regions. There are countless travel reports about a fascinating century, which, with surveying and exploration, also brought colonial conquest and exploitation into the world. In ten individual studies, the authors explore travelers from all over the world and analyze their successes. The unifying element of all the studies is the experience of distance and its communication by means of travelogues to the armchair travelers who have stayed at home.<\/p>\n<\/div>\n<\/div>\n\n\n\n<h2 class=\"wp-block-heading\">Laufende Forschungsprojekte <\/h2>\n\n\n\n<p><\/p>\n\n\n\n<details class=\"wp-block-details is-layout-flow wp-block-details-is-layout-flow\"><summary>Aktuelle Forschungsprojekte von <abbr title=\"Professor\">Prof.<\/abbr> <abbr title=\"Doktor\">Dr.<\/abbr> J\u00f6rn Happel<\/summary>\n<p><\/p>\n\n\n\n<p><strong>Der Aralsee<\/strong><\/p>\n\n\n\n<p>Die Vermessung des Imperiums. Der Aralsee, seine Erforschung und das Russl\u00e4ndische Reich im 19. Jahrhundert<\/p>\n\n\n\n<p>Mit der Erstbesegelung des Aralsees 1848\/49 untersucht das Forschungsprojekt die Geschichte Russlands unter transnationaler Perspektive. Gefragt wird nach den Wissenschaftsbeziehungen \u2013 in erster Linie den deutsch-russischen. Im Zentrum stehen &nbsp;weiterhin die technische Erschlie\u00dfung der zentralasiatischen Peripherie und die Verortung Russlands in einer neu verstandenen europ\u00e4ischen Kolonialgeschichte, indem auf die Wechselwirkungen zwischen Kolonisierern und Kolonisierten fokussiert wird. Besonders aufschlussreich sind hierbei &nbsp;die zahlreichen Zeichnungen des Expeditionsmalers. Sie wurden bislang nicht auf ihre Aussagekraft f\u00fcr eine russisch-europ\u00e4ische Kolonial- und Technikgeschichte befragt. \u00dcber die Zeichnungen gelingt ein innovativer Zugang zur Geschichte der Vermessung des Russl\u00e4ndischen Imperiums.<\/p>\n\n\n\n<h2 class=\"wp-block-heading\"><\/h2>\n\n\n\n<p>Mit diesem Forschungsprojekt wurde J\u00f6rn Happel in das <a href=\"https:\/\/www.dfg.de\/foerderung\/programme\/einzelfoerderung\/heisenberg\/index.html\" rel='nofollow'>Heisenberg-Programm<\/a> der Deutschen Forschungsgemeinschaft (DFG) aufgenommen.<\/p>\n\n\n\n<h3 class=\"wp-block-heading\"><strong>Die Oxus-Frage<\/strong><\/h3>\n\n\n\n<p>Ein Fluss, m\u00e4chtig und breit, schl\u00e4ngelt sich durch die W\u00fcste. Nach \u00fcber 1000 Kilometern wird er zunehmend kleiner: bis auf eine Flussrinne zusammenschrumpfend. Daneben ein Flussbett, eingenommen von sandigen Transversald\u00fcnen. Immer enger wird die Rinne, immer breiter werden die Sandfl\u00e4chen um sie herum. Letztlich verschwindet das B\u00e4chlein, einen letzten unter der Sonnenhitze austrocknenden Sumpf bildend.<\/p>\n\n\n\n<p>Sucht man heute die M\u00fcndung des Amudarja auf, braucht es keine Gummistiefel. Wo genau der Fluss seinen letzten Tropfen in der Karakum-W\u00fcste versiegen l\u00e4sst, wei\u00df niemand so genau. Die Fragen \u00fcber den Flussverlauf des Amudarja, \u00fcber seine M\u00fcndung und seine Kan\u00e4le sind deshalb heute ebenso weitgehend unbeantwortbar wie vor \u00fcber 100 Jahren, als die Oxus-Frage europ\u00e4ische Wissenschaftler als Problem der Erdkunde besch\u00e4ftigte, und wie vor \u00fcber 200 Jahren, als sich Peter der Gro\u00dfe des Flusses anzunehmen gedachte. Der Oxus sollte umgeleitet werden und in das Kaspische Meer flie\u00dfen.<\/p>\n\n\n\n<p>Im Zentrum des Forschungsprojekts steht der Amudarja, der antike Oxus, der auf Arabisch \u011eayh\u016bn genannte Fluss. Es geht darum, ihn im Zusammenspiel der Wissenschaften zu entdecken und einzufangen. Ich konzentriere mich dabei auf die europ\u00e4ischen geographischen Forschungen des 19. Jahrhunderts und begebe mich mit den Quellen fr\u00fcherer Jahrhunderte zur\u00fcck auf eine Suche nach einem Fluss, der sich einst nicht b\u00e4ndigen lie\u00df.<\/p>\n\n\n\n<p>Gesichertes Wissen \u00fcber den Oxus sollte wissenschaftliche Erkenntnisse mehren, milit\u00e4rische \u00dcberlegungen in Karten umsetzen helfen und \u00f6konomisches Potential in Aussicht stellen. Gesprochen mit einem der bedeutendsten Orientalisten des fr\u00fchen 20. Jahrhunderts, dem Petersburger Wilhelm Bartold (Vasilij V. Bartol\u2019d), spiegelte sich im Streit um den Lauf des Oxus wie bei keinem anderen Problem des 19. Jahrhunderts \u201edie Zukunft der wissenschaftlichen Erdkunde\u201c (1910). F\u00fcr zahlreiche Wissenschaftler und Publizisten besa\u00df die Beantwortung der Oxus-Frage mithilfe der Umleitung des Flusses in das Kaspische Meer zudem politische Sprengkraft. Der New York Herald glaubte im Jahre 1879:<\/p>\n\n\n\n<p>\u201eIt is highly probable that when the future historian of the nineteenth century, viewing its great events with the dispassionateness and calmness of the twentieth century, shall sum up its most radical political changes he will assign the first place in importance to the reopening of Central Asia to the civilization of the West.\u201c<\/p>\n\n\n\n<h3 class=\"wp-block-heading\"><strong>Europas Urangst vor dem Osten<\/strong><\/h3>\n\n\n\n<p>Asiatische Reiter \u2013 Bolschewistische Monstren. Europas Urangst vor dem Osten<\/p>\n\n\n\n<p>Die Zerst\u00f6rung durch unberechenbare Reiter stellt Europas Urangst vor dem \u201eOsten\u201c dar. Dies kann anhand einer europ\u00e4ischen Bild- und Quellensprache seit dem Fr\u00fchmittelalter belegt werden. Immer wieder hatten Reiterv\u00f6lker f\u00fcr Angst und Schrecken in Europa gesorgt. In ihnen wurde der Untergang der Christenheit gesehen: Die Reiter galten als Abk\u00f6mmlinge der Gog und Magog \u2013 jener alttestamentarischen V\u00f6lker, die im Neuen Testament im Gefolge des Antichristen erscheinen. Schlie\u00dflich wurde im 13. Jahrhundert mit dem Mongolensturm Europas Urangst mit einem konkreten Volk verbunden. Im Ausdruck Mongolensturm schwebt bis heute die Angst vor dem Untergang durch anst\u00fcrmende Barbaren mit. Mit diesem Projekt wird das Ziel verfolgt, einen neuen Zugang zur Darstellungsgeschichte Osteuropas als gef\u00e4hrlichen asiatischen Gegenraum des Westens zu erproben. Grenzen und Jahrhunderte \u00fcberschreitend werden Bilddiskurse offengelegt, die die historische Auseinandersetzung zwischen sesshaften und nicht sesshaften Kulturen thematisieren.<\/p>\n\n\n\n<h3 class=\"wp-block-heading\"><strong>Besatzungsverwaltung in Polen 1915-1918<\/strong><\/h3>\n\n\n\n<p>\u201eKr\u00f3lestwo Polskie w oczach austro-w\u0119gierskiej administracji okupacyjnej w latach 1915-1918\u201c (\u201eDas K\u00f6nigreich Polen in den Augen der \u00f6sterreichisch-ungarischen Besatzungsverwaltung in den Jahren 1915-1918\u201c)<\/p>\n\n\n\n<p>Seit Januar 2024 ist eine internationale Arbeitsgruppe an der UMCS Lublin und der <abbr title=\"Helmut Schmidt Universit\u00e4t\">HSU<\/abbr> damit besch\u00e4ftigt, die k&amp;k-Besatzungszeit w\u00e4hrend des Ersten Weltkriegs in Polen systematisch zu erschlie\u00dfen. Das auf 60 Monate angelegte Projekt wird vom polnischen Bildungsministerium unterst\u00fctzt. Geplant sind eine Website, mehrere eigenst\u00e4ndige Monografien sowie Workshops und Konferenzen.<\/p>\n\n\n\n<p><em>\u2026weitere Informationen folgen\u2026<\/em><\/p>\n<\/details>\n\n\n\n<p><\/p>\n\n\n\n<p><\/p>\n\n\n\n<details class=\"wp-block-details is-layout-flow wp-block-details-is-layout-flow\"><summary>Die Pr\u00e4senz der Toten. Repressionen, Rehabilitierungen und Rituale in postsozialistischen Erinnerungslandschaften (Melanie Hussinger, M.A.)<\/summary>\n<p><\/p>\n\n\n\n<p><strong>Dissertationsprojekt<\/strong><\/p>\n\n\n\n<p>Vom Pariser Vorort Boulogne-Billancourt \u00fcber Moskau bis ins georgische Tbilissi: Das zivilgesellschaftliche Erinnern und \u00f6ffentliche Gedenken an die Opfer der <abbr title=\"sogenannt\">sog.<\/abbr> politischen Repressionen der Sowjetunion hinterlie\u00df und hinterl\u00e4sst seine Spuren in der postsozialistischen Erinnerungslandschaft. Eine besondere gesellschaftliche Initiative, die sich diesem Erinnern seit 2014 verschrieben hat, ist \u201ePoslednij Adres\u201c, die Letzte Adresse. Dieses transnationale Aktivist:innen-Netzwerk bringt mit gesellschaftlicher Unterst\u00fctzung in- und au\u00dferhalb Russlands kleine Gedenkt\u00e4felchen an. Sind die Toten des vorherigen Jahrhunderts dadurch erst einmal pr\u00e4sent in den St\u00e4dten und D\u00f6rfern, entfalten sie eine ganz eigene Dynamik, die von ritualisierten Anbringungszeremonien \u00fcber mediale Diskussionen bis hin zu offenkundigem Vandalismus f\u00fchrt. Immanent dabei sind die Fragen, wer die Opfer der politischen Repressionen sind und ob ihre \u00f6ffentliche Erinnerung gew\u00fcnscht ist. Das Promotionsvorhaben verfolgt die Spuren der Verstorbenen anhand der Letzten Adressen auf verschiedenen Wegen: etwa durch die teilnehmende Beobachtung, Expert:inneninterviews, Archivforschungen oder mithilfe der Aufbereitung und Analyse von <abbr title=\"unter anderem\">u.a.<\/abbr> online gef\u00fchrten Diskursen. Dabei soll stets im Blick behalten werden, dass vereinfachende T\u00e4ter- und Opfergegen\u00fcberstellungen im postsowjetischen Kontext oftmals zu kurz greifen.<\/p>\n<\/details>\n\n\n\n<p><\/p>\n\n\n\n<p><\/p>\n\n\n\n<details class=\"wp-block-details is-layout-flow wp-block-details-is-layout-flow\"><summary>&#8222;Alle Wege f\u00fchren nach Moskau&#8220;.&nbsp;Deutsche Russland-Konstrukte. Erwartungen, Entt\u00e4uschungen, Zukunftsaussichten im deutsch-russischen Verh\u00e4ltnis von 1990-2022 (Julia Hofmann, M.A.)<\/summary>\n<p><\/p>\n<\/details>\n\n\n\n<p><\/p>\n\n\n\n<details class=\"wp-block-details is-layout-flow wp-block-details-is-layout-flow\"><summary>Dimensionen des Kulturkriegs. Verlust polnischer Baudenkm\u00e4ler im Zweiten Weltkrieg (Robert Langner, M.Litt. (University of Glasgow), M.A.)<\/summary>\n<p><\/p>\n\n\n\n<p><strong>Dissertationsprojekt<\/strong><\/p>\n\n\n\n<p>Das wesentliche Erkenntnisinteresse der Arbeit liegt in der Identifizierung von Praktiken bei der Vernichtung polnischer Baudenkm\u00e4ler im Zweiten Weltkrieg durch deutsche Akteure sowie der ihnen zugrunde liegenden Motive. Baudenkm\u00e4ler werden in diesem Zusammenhang als bauliche Zeugnisse einer haptisch materialisierten und gleichsam konstruierten Nationalkultur sowie als identit\u00e4tsstiftende Symbole der \u00f6ffentlichen Sph\u00e4re verstanden. Im Kontext der deutschen Kriegf\u00fchrung und Besatzungsherrschaft in Polen stellen die Strategien zur Beseitigung der \u201egebauten Nation\u201c durch physische Zerst\u00f6rung oder Inbesitznahme einerseits und ideelle Aneignung andererseits eine Dimension eines umfassenderen Kulturkriegs dar, der komplement\u00e4r zum Eroberungs- und Vernichtungskrieg gegen die polnische Bev\u00f6lkerung hinzutrat. Untersuchungsgegenst\u00e4ndlich sind die metropolen Zentren der drei vormaligen polnischen Teilungsgebiete Warschau, Krakau und Posen. Diese werden als Fallstudien herangezogen, um Fremd- und Selbstperzeptionen im Geschichtsbild der T\u00e4ter regional vergleichend zu analysieren und zugleich differenziert gegeneinander abzugrenzen.<\/p>\n<\/details>\n\n\n\n<p><\/p>\n\n\n\n<details class=\"wp-block-details is-layout-flow wp-block-details-is-layout-flow\"><summary>Otto Lenz \u2013 eine politische\u202fBiographie (Christian Dolff, M.A.)<\/summary>\n<p><\/p>\n<\/details>\n\n\n\n<p><\/p>\n\n\n\n<p><\/p>\n\n\n\n<details class=\"wp-block-details is-layout-flow wp-block-details-is-layout-flow\"><summary>Aktuelle Forschungsprojekte von David Jishkariani<\/summary>\n<p><\/p>\n\n\n\n<p>Aktuelle Forschungsprojekte von David Jishkariani: <a href=\"https:\/\/mwsgeorgien.hypotheses.org\/wissenschaft\" rel='nofollow'>https:\/\/mwsgeorgien.hypotheses.org\/wissenschaft<\/a><\/p>\n<\/details>\n\n\n\n<p><\/p>\n\n\n\n<p><\/p>\n\n\n\n<details class=\"wp-block-details is-layout-flow wp-block-details-is-layout-flow\"><summary>Sicherheitskulturen Osteuropas (<abbr title=\"Doktor\">Dr.<\/abbr> Agnieszka Zaga\u0144czyk-Neufeld)<\/summary>\n<p><\/p>\n<\/details>\n\n\n\n<p><\/p>\n\n\n\n<p><\/p>\n\n\n\n<h2 class=\"wp-block-heading\">Abgeschlossene Forschungsprojekte<\/h2>\n\n\n\n<p><\/p>\n\n\n\n<details class=\"wp-block-details is-layout-flow wp-block-details-is-layout-flow\"><summary>Der Neid der Anderen. Experimentelle Reformen der sowjetischen Planwirtschaft (1958-1991) (Hajo Raupach, M.A.)<\/summary>\n<p><\/p>\n\n\n\n<p><strong>Abgeschlossene Dissertation<\/strong><\/p>\n\n\n\n<p>In meiner Dissertation analysiere ich verschiedene experimentelle Versuche, die sowjetische Planwirtschaft von unten zu reformieren. Das sowjetische System der Wirtschaftslenkung gilt, nicht zuletzt vor dem Hintergrund des Zerfalls der Sowjetunion 1991, als wachstumshemmend und ineffizient. Verschiedene Versuche wechselnder sowjetischer Regierungen scheiterten daran, dieses System, das unter dem Diktator Stalin eingef\u00fchrt wurde, zu reformieren. W\u00e4hrend diese zentralen Reformversuche von der historischen Forschung bereits breit untersucht wurden, legt meine Arbeit den Fokus auf lokale Initiativen, denen es gelang, im System der Planwirtschaft eine hohe Arbeitsproduktivit\u00e4t und Effizienz zu erreichen. Dabei arbeite ich anhand von drei Fallbeispielen in der Russischen, Georgischen und Kasachischen Sowjetrepublik heraus, wie es \u00fcberhaupt zur Durchf\u00fchrung der Experimente kam und wie es gelang, die Effizienzprobleme der Planwirtschaft zu beheben.&nbsp;<\/p>\n\n\n\n<p>Einen besonderen Fokus lege ich in meiner Arbeit auf die Frage, wie Innovationen in der kollektivistisch gepr\u00e4gten Gesellschaft der Sowjetunion entstanden und welche Hindernisse sich bei der praktischen Umsetzung dieser Innovationen ergaben. Dabei kann ich anhand der Fallbeispiele aufzeigen, dass jeder Innovator in der Sowjetunion mit dem Problem des Neides konfrontiert war. Neid f\u00fchrt im wirtschaftlichen Kontext zu Sabotage, die wiederum den Preis f\u00fcr innovatives Verhalten f\u00fcr die Innovatoren in die H\u00f6he treibt. Aus diesem Dilemma fanden die Initiatoren der Wirtschaftsexperimente unterschiedliche Auswege. Insbesondere mussten Wege gefunden werden, wie m\u00f6glichst viele an den Erfolgen der Innovationen partizipieren konnten, um Gef\u00fchle des Neides und die mit ihnen einhergehenden negativen Begleiterscheinungen zu vermeiden. Wenn es den Initiatoren der Experimente gelang, ein Netzwerk der Gef\u00e4lligkeiten (blat) um die Innovationen aufzubauen, hatten sie Erfolg. Die mikrogeschichtliche Studie zeigt somit auf, dass es auch in der autorit\u00e4r gef\u00fchrten Sowjetunion mit ihrer schwerf\u00e4lligen Planwirtschaft m\u00f6glich war, erfolgreiche Reformen von unten durchzuf\u00fchren.<\/p>\n<\/details>\n\n\n\n<p><\/p>\n\n\n\n<details class=\"wp-block-details is-layout-flow wp-block-details-is-layout-flow\"><summary>Der Mensch und das Meer von Romantik bis Anthropoz\u00e4n. Eine Umweltgeschichte des Ostseetourismus (<abbr title=\"Doktor\">Dr.<\/abbr> Jan-Hinnerk Antons)<\/summary>\n<p><\/p>\n\n\n\n<p><strong>Abgeschlossene Habilitation<\/strong><\/p>\n\n\n\n<p>Der moderne Ostseetourismus verdankt seine Entstehung ab etwa 1800 einem grundlegenden Wandel im Mensch-Meer-Verh\u00e4ltnis. Durch naturwissenschaftliche, medizinische und romantische Diskurse wandelte sich das Meer von etwas Bedrohlichem zu einem Erholungsort f\u00fcr K\u00f6rper und Seele. Die K\u00fcsten der Ostsee wurden zu einem Sehnsuchtsort.<\/p>\n\n\n\n<p>Tourismus wird hier grunds\u00e4tzlich als Ausdruck eines modernen Bed\u00fcrfnisses nach Rollenvariation und neuen K\u00f6rpererfahrungen verstanden, der den Individuen der funktional differenzierten Gesellschaften ein Gef\u00fchl der Ganzheit, der k\u00f6rperlich-geistigen Einheit erm\u00f6glicht.<\/p>\n\n\n\n<p>Aus dieser Perspektive untersuche ich im Forschungsprojekt sowohl die Wandlungen des Mensch-Meer-Verh\u00e4ltnisses in ihrer Wirkung auf den Ostseetourismus als auch in der Gegenperspektive den Einfluss des Tourismus auf das Mensch-Meer-Verh\u00e4ltnis. In gro\u00dfen Linien verfolge ich dabei in einem ersten Teil die Etablierung der Ostseek\u00fcste als Erholungsraum und Sehnsuchtsort und die Weiterentwicklung des Tourismus samt seiner sozialen Ausweitung im 19. Jahrhundert. Der zweite Teil fokussiert neue K\u00f6rper- und Naturbez\u00fcge des Tourismus der Hochmoderne wie bspw. Freik\u00f6rperkultur, Versportlichung und Camping. Der dritte Teil analysiert schlie\u00dflich neue Diskurse im Ostseetourismus des Anthropoz\u00e4n. Denn ab 1970 gef\u00e4hrdete das Bild der Ostsee als \u201eschmutzigstes Meer der Welt\u201c die wichtigsten Grundlagen des Tourismus. Baden galt nun als potentielle Gesundheitsgefahr und das Bild der Kloake drohte den \u201eSpiegel der Seele\u201c zu vergiften. Welche Antworten fanden die Tourist*innen, die Tourismuswirtschaft, Politik und Zivilgesellschaften auf diese Herausforderungen?<\/p>\n\n\n\n<p>Um Spezifika, Br\u00fcche und Kontinuit\u00e4ten sichtbar machen zu k\u00f6nnen, werden eine Perspektive der longue dur\u00e9e und ein gro\u00dfer geographischer Zuschnitt gew\u00e4hlt: Von der Entstehung des ersten Ostseebades, Heiligendamm 1794, bis zum Ende der Systemkonkurrenz in Europa in den fr\u00fchen 1990ern; von Travem\u00fcnde im S\u00fcdosten bis Terijoki (Selenogorsk) bei St. Petersburg im Osten und Mariehamn auf den Aland-Inseln im Norden. Die Makro-Perspektive muss aufgrund eines nicht immer hinreichenden Forschungsstandes und prinzipieller Erw\u00e4gungen notwendigerweise durch das Hineinzoomen in die Mikroperspektive unterbrochen werden. Denn eine Verkn\u00fcpfung beider Ebenen \u00e4hnlich der globalen Mikrogeschichte verspricht eine \u00fcberm\u00e4\u00dfige Fokussierung auf Strukturen zu umgehen und empirische Fundierung zu erm\u00f6glichen. Das Denken in nationalen R\u00e4umen, welches sich anhand des Themas allenfalls als eine komparative Analyse konzipieren lie\u00dfe, soll hier bewusst gleichzeitig \u00fcber- und unterschritten werden. Regionale und transnationale Zugriffe bieten einen plausibleren Rahmen, um dem Ph\u00e4nomen Ostseetourismus gerecht zu werden. Ob die Ostsee \u00fcberhaupt als Geschichtsregion zu verstehen ist und wodurch diese Region gegebenenfalls charakterisiert w\u00e4re, ist in der Forschung allerdings umstritten. Gegen\u00fcber der Staatenwelt waren die Regionen als R\u00e4ume wirtschaftlicher Verflechtung, prim\u00e4rer Identit\u00e4tsbildung und anderer Strukturmerkmale stabiler, wenn auch mit durchaus variablen Modi politischer Gestaltungsmacht. Entwicklungen in Schleswig, in Holstein und Mecklenburg waren in vielerlei Hinsicht tats\u00e4chlich mehr mit Entwicklungen in Kurland oder auf den finnischen Aland-Inseln verkn\u00fcpft als mit denen in Hessen. Insofern kann der hier verwendete Ansatz als eine auf transregionale Entwicklungen fokussierende Verflechtungsgeschichte des Ostseeraums verstanden werden.<\/p>\n\n\n\n<p>Da eine Umweltgeschichte der Ostsee bisher nicht geschrieben ist, besch\u00e4ftigt sich das Projekt auch stark mit dieser Perspektive. Dabei kommt sowohl der materiellen als auch der kulturellen Ebene der Umweltgeschichte Bedeutung zu. Weitere Anregungen kommen <abbr title=\"unter anderem\">u.a.<\/abbr> aus den Sensory Studies, der K\u00f6rpergeschichte, der Medizingeschichte und der Kunstgeschichte.<\/p>\n<\/details>\n\n\n\n<p><\/p>\n\n\n\n<h2 class=\"wp-block-heading\">Kolloquium<\/h2>\n\n\n\n<details class=\"wp-block-details is-layout-flow wp-block-details-is-layout-flow\"><summary>Fr\u00fchjahrstrimester 2026<\/summary>\n<p>Wenn nicht anders angegeben, findet das Kolloquium dienstags von\u202f17:30 bis 19:00 Uhr im Hauptgeb\u00e4ude H01, Seminarraum 0203 statt.<\/p>\n\n\n\n<p><strong>Programm<\/strong><\/p>\n\n\n\n<p><strong>07.04.2026<\/strong><br>Masterkolloquium<\/p>\n\n\n\n<p><strong>14.04.2026<\/strong><br>Masterkolloquium<\/p>\n\n\n\n<p><strong>21.04.2026<\/strong><br>Masterkolloquium\u202f<\/p>\n\n\n\n<p class=\"has-text-align-left\"><strong>28.04.2026<\/strong> (<em>ge\u00e4nderter Raum: 0204<\/em>)<br><abbr title=\"Doktor\">Dr.<\/abbr>\u202fGrischa\u202fSutterer:\u202fDie Gruppe Wagner. Die Geschichte einer\u202fGewaltgemeinschaft\u202f(zusammen mit der\u202fProfessur f\u00fcr Neuere und Neueste Geschichte)<\/p>\n\n\n\n<p><strong>05.05.2026\u202f<\/strong><br>Keine Angst vor dem Kreml. Deutsche Osteuropaforschung in Zeiten des russischen Angriffskrieges. Podiumsdiskussion mit <abbr title=\"Doktor\">Dr.<\/abbr> Manfred Sapper, Chefredakteur der Zeitschrift \u201eOsteuropa\u201c, und Peggy Lohse, Journalistin und Redakteurin<\/p>\n\n\n\n<p><strong>19.05.2026<\/strong><br><abbr title=\"Privatdozent\">PD<\/abbr> <abbr title=\"Doktor\">Dr.<\/abbr>\u202fTobias Rupprecht: Antikoloniales Imperium? Zu Russlands Rolle in der Bewahrung der Unabh\u00e4ngigkeit von Abessinien, Afghanistan, und Siam um 1900<\/p>\n\n\n\n<p><strong>26.05.2026<\/strong><br>Christian\u202fDolff:\u202fOtto Lenz &#8211; eine politische\u202fBiographie\u202fim Zeichen von Ego-Dokumenten?<\/p>\n\n\n\n<p><strong>02.06.2026<\/strong><br>Erinnerung und Verantwortung. Die deutsch-polnischen Beziehungen nach der Zeitenwende.\u202fEine\u202fVeranstaltung\u202fmit\u202f<abbr title=\"Professor\">Prof.<\/abbr> <abbr title=\"Doktor\">Dr.<\/abbr> Peter Oliver Loew, Direktor des Deutschen Polen-Instituts in Darmstadt und der Generalkonsulin der Republik Polen in Hamburg, Frau Aleksandra\u202fKrystek-Biernacka<br>Ge\u00e4nderte Zeit: 18:00 \u2013 20:00 Uhr<br>Ge\u00e4nderter Raum: Geb\u00e4ude M01 &#8211; Mensa Raum 0008 &#8211; Thomas-Ellwein-Saal<\/p>\n\n\n\n<p><strong>09.06.2026<\/strong><br>Annemarie Polheim:\u202fDas russische souver\u00e4ne Internet\u202f<\/p>\n\n\n\n<p><strong>16.06.2026<\/strong> (<em>ge\u00e4nderter Raum: 0202<\/em>)<br><abbr title=\"Doktor\">Dr.<\/abbr> Katharina\u202fKreuder-Sonnen: Not Western but African! Management und wirtschaftliche Entwicklung im postkolonialen Nigeria, 1960 bis 1990 (zusammen mit der Professur Wissensgeschichte moderner Gesellschaften)<\/p>\n\n\n\n<p><strong>23.06.2026<\/strong><br><abbr title=\"Doktor\">Dr.<\/abbr>\u202fAlexey\u202fTikhomirov: Migrantengep\u00e4ck: Dinge, Agency und Transiterfahrungen in der Geschichte j\u00fcdischer Migration (1880\u2013 1920)<\/p>\n<\/details>\n\n\n\n<p><\/p>\n\n\n\n<details class=\"wp-block-details is-layout-flow wp-block-details-is-layout-flow\"><summary>Herbsttrimester 2025<\/summary>\n<p><strong>14.10.2025<\/strong> <br>G\u00f6tz Aly (Berlin), Wie konnte das geschehen? Deutschland 1933 bis 1945 (Buchvorstellung im H\u00f6rsaal 3 um 18 Uhr)<\/p>\n\n\n\n<p><strong>21.10.2025<\/strong> <br>Vitalij Fastovskij (Universit\u00e4t M\u00fcnster), Identit\u00e4rer Humanitarismus. Die Tolstoy-Foundation im Kalten Krieg<\/p>\n\n\n\n<p><strong>21.10.2025<\/strong> <br>Gemeinsamer Studientag mit der Professur f\u00fcr Neuere und Neuste Geschichte<\/p>\n\n\n\n<p><strong>04.11.2025<\/strong> <br>Rhena St\u00fcrmer (Universit\u00e4t Leipzig), Jenseits des Bolschewismus. Weimarer Linkskommunisten zwischen den Systemen des 20. Jahrhunderts (gemeinsam mit der Professur f\u00fcr Neuere und Neuste Geschichte)<\/p>\n\n\n\n<p><strong>11.11.2025<\/strong> <br>Helena Holzberger (LMU M\u00fcnchen), Medeas R\u00fcckkehr? Die sowjetisch-georgische Handelsflotte im Kalten Krieg<\/p>\n\n\n\n<p><strong>18.11.2025 <\/strong><br>J\u00f6rg Baberowski (HU Berlin), Die letzte Fahrt des Zaren. Als das alte Russland unterging (Buchvorstellung in H\u00f6rsaal 6)<\/p>\n\n\n\n<p><strong>25.11.2025 <\/strong><br>Gundula Pohl (FernUniversit\u00e4t Hagen), Geschichte als Herrschaftsinstrument. Der \u201eGenozid am belarusischen Volk\u201c als Werkzeug autorit\u00e4rer Politik in Belarus 2020-2025.<\/p>\n\n\n\n<p><strong>02.12.2025<\/strong> <br>Tobias Haberkorn (JLU Gie\u00dfen), Expansion statt Revolution. Sowjetisches Landeskundemuseen in den 1920 Jahren<\/p>\n\n\n\n<p><strong>09.12.2025<\/strong> <br>Simon Strau\u00df (Berlin), In der N\u00e4he. Vom politischen Wert einer ostdeutschen Sehnsucht (Buchvorstellung bei Felix Jud um 19 Uhr)<\/p>\n\n\n\n<p><strong>16.12.2025<\/strong> <br>Julia Hofmann (<abbr title=\"Helmut Schmidt Universit\u00e4t\">HSU<\/abbr> Hamburg), \u201eAlle Wege f\u00fchren nach Moskau\u201c: Deutsche Russland-Konstrukte<\/p>\n<\/details>\n\n\n\n<p><\/p>\n\n\n\n<details class=\"wp-block-details is-layout-flow wp-block-details-is-layout-flow\"><summary>Fr\u00fchjahstrimester 2025<\/summary>\n<p><strong>22. April 2025<\/strong><br>Fenja L\u00e4ser (Universit\u00e4t Basel): Schweizer Reisende in der Sowjetunion der Zwischenkriegszeit<\/p>\n\n\n\n<p><strong>8. Mai 2025<\/strong><br>\u201eLunchtalk\u201c mit Markus Payk und J\u00f6rn Happel: Der 8. Mai 1945: Nachdenken \u00fcber Krieg und Frieden (abweichend im Thomas-Ellwein-Saal, 11:45-12:45)<\/p>\n\n\n\n<p><strong>13. Mai 2025<\/strong><br>Paul Schroeck (Albert-Ludwigs-Universit\u00e4t Freiburg): Der Welterkl\u00e4<abbr title=\"rerum\">rer.<\/abbr> Klaus Mehnerts Aufstieg vom Osteuropa-Experten zum public intellectual der fr\u00fchen Bundesrepublik<\/p>\n\n\n\n<p><strong>20. Mai 2025<\/strong><br>Markus Hengelhaupt (Universit\u00e4t Hamburg): J\u00fcdische Perspektiven aus dem (post-)imperialen \u00f6stlichen Europa auf die Peripherien der westlichen Imperien in den 1920er Jahren<\/p>\n\n\n\n<p><strong>3. Juni 2025<\/strong><br>Clea Wanner (Universit\u00e4t Basel): Fragments of Life. Personal Archiveology in post-Yugoslav and post-Soviet Cinema<\/p>\n\n\n\n<p><strong>10. Juni 2025<\/strong><br>Vincent Hoyer (Universit\u00e4t Leipzig): \u201eAus dem \u201aAquarium\u2018 auf den Wawel!\u201c \u2013 Vergn\u00fcgungskulturen und moral panic in den polnischen Teilungsgebieten<\/p>\n\n\n\n<p><strong>17. Juni 2025<\/strong><br>Vitalij Fastovskij (Universit\u00e4t M\u00fcnster): Identit\u00e4rer Humanitarismus: Die Tolstoy Foundation im Kalten Krieg<\/p>\n\n\n\n<p><strong>24. Juni 2025<\/strong><br>David Noack (Universit\u00e4t Bremen\/Universit\u00e4t Mannheim): Das Zweite Turnier der Schatten: Die Politik der Gro\u00dfm\u00e4chte<br>Deutschland, Gro\u00dfbritannien und Sowjetunion im Wechselspiel zueinander im Raum Turkestan 1919\u20131933.<\/p>\n<\/details>\n\n\n\n<p><\/p>\n\n\n\n<details class=\"wp-block-details is-layout-flow wp-block-details-is-layout-flow\"><summary>Herbsttrimester 2024<\/summary>\n<p><strong>15.10.2024<\/strong><br>Stefanie Mahrer (Universit\u00e4t Bern), Wege und Wirkungen Salman Schockens. Von Posen \u00fcber Zwickau nach Jerusalem und New York<\/p>\n\n\n\n<p><strong>22.10.2024<\/strong><br>Jan Arend (LMU M\u00fcnchen\/Universit\u00e4t T\u00fcbingen), Stress und die Transformation in der Tschechoslowakei\/Tschechien, 1960-2000 [nur online]<\/p>\n\n\n\n<p><strong>5.11.2024<\/strong><br>Hera Shokohi (Universit\u00e4t Bonn), Anonymit\u00e4t und Omnipr\u00e4senz. Erinnerungen an stalinistische Verbrechen im post-sowjetischen Kasachstan und der Ukraine<\/p>\n\n\n\n<p><strong>12.11.2024<\/strong><br>Isabella L\u00f6hr (FU Berlin), Demokratie in der postmigrantischen Gesellschaft: Westeuropa seit den 1960er Jahren [gem. Veranstaltung mit den Professuren von Marcus M. Payk &amp; Heinrich Hartmann]<\/p>\n\n\n\n<p><strong>19.11.2024<\/strong><br>Renata Lesiakowska (Maria-Curie-Sk\u0142odowska-Universit\u00e4t Lublin), Die Assimilation der Deutschen in die polnische Gesellschaft in der zweiten H\u00e4lfte des 19. Jahrhunderts<\/p>\n\n\n\n<p><strong>26.11.2024<\/strong><br>Rhea Claudia Rieben (Universit\u00e4t Basel), Erinnern an Fritz Platten. Drei Perspektiven<\/p>\n\n\n\n<p><strong>10.12.2024<\/strong><br>Fabian Baumann (Universit\u00e4t Heidelberg), Verrat und Illoyalit\u00e4t in der Ersten Tschechoslowakischen Republik<\/p>\n\n\n\n<p><strong>17.12.2024<\/strong><br>Andreas Renner (LMU M\u00fcnchen), Russland und die Nordostpassage: Globaler oder nationaler Seeweg? [in der OHG Hamburg]<\/p>\n<\/details>\n\n\n\n<p><\/p>\n\n\n\n<details class=\"wp-block-details is-layout-flow wp-block-details-is-layout-flow\"><summary>Fr\u00fchjahrtrimester 2024<\/summary>\n<p><strong>23.04.2024<\/strong><br>Simon Strau\u00df (FAZ): Krieg und Kultur \u2013 Kultur und Krieg<\/p>\n\n\n\n<p><strong>07.05.2024<\/strong><br>Jawad Daheur (Paris): German Colonisation in the Western Russian Empire: The Perspectives of Environmental History. (Gemeinsam mit der <abbr title=\"Professor\">Prof.<\/abbr> f\u00fcr Wissensgeschichte moderner Gesellschaften)<\/p>\n\n\n\n<p><strong>14.05.2024<\/strong><br>Friedrich Asschenfeldt (Princeton): American Grain for Soviet Hogs. The Rise of Meat consumption and Soviet Grain Imports from the West, 1963-1991<\/p>\n\n\n\n<p><strong>04.06.2024<\/strong><br>Mischa Honeck (Kassel): Small Fingers on Big Triggers: Children and Guns in the US since 1900<\/p>\n\n\n\n<p><strong>11.06.2024<\/strong><br>Igor Narskij (Tscheljabinsk): Die Wei\u00dfe Birke. Die sowjetische Erfindung des \u201erussischen Baums\u201c. Nationale Symbolproduktion und -rezeption in der UdSSR<\/p>\n\n\n\n<p><strong>18.06.2024<\/strong><br>Muriel N\u00e4gler (Bremen): Erfahrungen kriegsgefangener Rotarmistinnen im Kontext des Zweiten Weltkriegs<\/p>\n\n\n\n<p><strong>25.06.2024<\/strong><br>Agnieszka Zaganczyk-Neufeld (Bochum): Die Sekten im russl\u00e4ndischen Imperium 1800-1917. Eine Sozialgeschichte der Glaubensfreiheit<\/p>\n<\/details>\n\n\n\n<p><\/p>\n\n\n\n<details class=\"wp-block-details is-layout-flow wp-block-details-is-layout-flow\"><summary>Herbsttrimester 2023<\/summary>\n<p><strong>17.10.2023<\/strong><br>Pierre Gottschlich (Universit\u00e4t Rostock), China und Indien: Asiatische Gro\u00dfm\u00e4chte auf Konfrontationskurs?<\/p>\n\n\n\n<p><strong>24.10.2023<\/strong><br>Tobias Rupprecht (FU Berlin), Gescheiterte Zivilisierungsmission. Aufstieg und Fall der Russischen Neoliberalen<\/p>\n\n\n\n<p><strong>07.11.2023<\/strong><br>Lekt\u00fcresitzung: Clifford Geertz<\/p>\n\n\n\n<p><strong>14.11.2023<\/strong><br>Lasha Bakradze (Staatliches Literaturmuseum Tbilissi), Deutsch-Georgische Wechself\u00e4lle im 20. Jahrhundert \u2013 Graf Schulenburg und die deutsch-georgischen Beziehungen \u2013 gemeinsame Veranstaltung mit Andreas Hilger, Head Branch Office Georgia, Max Weber Stiftung (Veranstaltungsort: Aula der <abbr title=\"Helmut Schmidt Universit\u00e4t\">HSU<\/abbr>)<\/p>\n\n\n\n<p><strong>20.11.2023<\/strong><br>Bachelorkolloquium (9:45-16 Uhr, Veranstaltungsort: Mensaraum 0001)<\/p>\n\n\n\n<p><strong>28.11.2023<\/strong><br>Alexey Tikhomirov (Universit\u00e4t Bielefeld), R\u00e4ume des Misstrauens: Psychiatrie, Ambivalenz und Moderne in der sp\u00e4ten Sowjetunion<\/p>\n\n\n\n<p><strong>29.11.2023<\/strong><br>Studientag der Professur f\u00fcr Neuere und Neueste Geschichte und der Professur f\u00fcr Geschichte Osteuropas und Ostmitteleuropas an der <abbr title=\"Helmut Schmidt Universit\u00e4t\">HSU<\/abbr><\/p>\n\n\n\n<p><strong>05.12.2023<\/strong><br>Danilo Scholz (KWI Essen), Alexandre Koj\u00e8ve als \u201eFunktion\u00e4r der Menschheit\u201c \u2013 gemeinsame Veranstaltung mit der Professur f\u00fcr Neuere und Neueste Geschichte, Marcus Payk, sowie der Professur f\u00fcr Wissensgeschichte moderner Gesellschaften, Heinrich Hartmann<\/p>\n\n\n\n<p><strong>12.12.2023<\/strong><br>Stefan Brenner (CAU Kiel), Von amoralischen Eroberern und Kulturtr\u00e4gern. Deutungshorizonte der Ostsiedlung in der deutschsprachigen Publizistik zwischen Aufkl\u00e4rung und Romantik<\/p>\n<\/details>\n\n\n\n<p><\/p>\n\n\n\n<details class=\"wp-block-details is-layout-flow wp-block-details-is-layout-flow\"><summary>Herbsttrimester 2022<\/summary>\n<p><strong>04.10., 11.10, 18.10., 25.10.<\/strong><br>Bachelorkolloquium:<\/p>\n\n\n\n<p><strong>01.11.<\/strong><br>Textdiskussion: Jacques Derrida &#8211; No Apocalypse, not now (full speed ahead, seven missiles, seven missives), in: Ders., Apokalypse, Wien 2012, S. 77-111.<\/p>\n\n\n\n<p><strong>08.11.<\/strong><br>Sarah Grandke (Hamburg): Moving memories &#8211; Memories on the move? Erinnerungsinitiativen von christlichen Displaced Persons in Flossenb\u00fcrg 1946\/47.<\/p>\n\n\n\n<p><strong>15.11.<\/strong><br>Textdiskussion: Alf L\u00fcdtke &#8211; Herrschaft als soziale Praxis. Historische und sozial-anthropologische Studien, G\u00f6ttingen 1991, S. 9-51.<\/p>\n\n\n\n<p><strong>29.11.<\/strong><br>J\u00f6rg Baberowski (Berlin): Der sterbliche Gott. Staat und Revolution in Russland.<\/p>\n\n\n\n<p><strong>06.12.<\/strong><br>Boris Belge (Basel): Managing Trade: Infrastructure and Economic Practices in the Port of Odessa (1794\u20131905).<\/p>\n\n\n\n<p><strong>13.12.<\/strong><br>Dittmar Dahlmann (Bonn): Zur falschen Zeit am falschen Ort. Ein Augsburger Juwelier und seine Aufzeichnungen \u00fcber die &#8222;Zeit der Wirren&#8220; (1598-1613).<\/p>\n<\/details>\n\n\n\n<p><\/p>\n\n\n\n<details class=\"wp-block-details is-layout-flow wp-block-details-is-layout-flow\"><summary>Fr\u00fchjahrstrimester 2022<\/summary>\n<p><strong>12.4., 19.04. und 26.04.2022<\/strong><br>Masterkolloquium<\/p>\n\n\n\n<p><strong>3.5.2022<\/strong><br>Buchvorstellung bei Boysen + Mauke, Hamburg Ivo Mijnssen Russia\u2019s Hero Cities. From Postwar Ruins to Soviet Heroarchy<\/p>\n\n\n\n<p><strong>9.5.2022<\/strong><br>Antrittsvorlesung<br>J\u00f6rn Happel (<abbr title=\"Helmut Schmidt Universit\u00e4t\">HSU<\/abbr> Hamburg) Wo liegt Britsch-Mulla?<br>Lebenswelten im \u00f6stlichen Europa und die Grammatik eines Ortes<\/p>\n\n\n\n<p><strong>10.5.2022<\/strong><br>Symposium zu Ehren Rudolf Marks: Symon Petljura und seine Zeit<\/p>\n\n\n\n<p><strong>17.5.2022<\/strong><br>Klaus Gestwa (Universit\u00e4t T\u00fcbingen) Putins Angriffskrieg in der Ukraine. Zeithistorische Hintergr\u00fcnde und politische Folgen<\/p>\n\n\n\n<p><strong>24.5.2022<\/strong><br>Katharina Kucher (IOS Regensburg) Kindheit als Privileg. Bildungsideale und Erziehungspraktiken in Russland (1750-1920)<\/p>\n\n\n\n<p><strong>31.5.2022<\/strong><br>Zaur Gasimov (Universit\u00e4t Bonn) Zwischen Budapest, Kasan und Istanbul: Ungarische und sowjetische Spezialisten in der T\u00fcrkei<\/p>\n\n\n\n<p><strong>7.6.2022<\/strong><br>Maren R\u00f6ger (GWZO Leipzig) Kriegsbeziehungen: Intimit\u00e4t, Gewalt und Prostitution im besetzten Polen 1939 bis 1945<\/p>\n\n\n\n<p><strong>14.6.2022<\/strong><br>Michael Hagemeister (Universit\u00e4t Bochum) Die \u201eProtokolle der Weisen von Zion\u201c und der Mythos der j\u00fcdischen Weltverschw\u00f6rung<\/p>\n\n\n\n<p><strong>21.6.2022<\/strong><br>Margarita Pavlova (Universit\u00e4t Gie\u00dfen) Political in Form, Cultural in Content? Civic Activism and Historic Preservation in Leningrad during Perestroika<\/p>\n<\/details>\n\n\n\n<p><\/p>\n","protected":false},"excerpt":{"rendered":"<p>Aktuelle Publikationen Heiko Haumann \/ J\u00f6rn Happel (Hg.), Die Russische Revolution 1917, 3. Auflage, K\u00f6ln 2025 Die Russische Revolution hat die Welt ver\u00e4ndert. Dieses Buch w\u00e4hlt einen neuen Blick auf [&hellip;]<\/p>\n","protected":false},"author":26,"featured_media":3499,"parent":0,"menu_order":0,"comment_status":"closed","ping_status":"closed","template":"","meta":{"footnotes":""},"categories":[4,29],"tags":[],"class_list":["post-112","page","type-page","status-publish","has-post-thumbnail","hentry","category-forschung","category-nachrichtenslider"],"_links":{"self":[{"href":"https:\/\/www.hsu-hh.de\/hisost\/wp-json\/wp\/v2\/pages\/112","targetHints":{"allow":["GET"]}}],"collection":[{"href":"https:\/\/www.hsu-hh.de\/hisost\/wp-json\/wp\/v2\/pages"}],"about":[{"href":"https:\/\/www.hsu-hh.de\/hisost\/wp-json\/wp\/v2\/types\/page"}],"author":[{"embeddable":true,"href":"https:\/\/www.hsu-hh.de\/hisost\/wp-json\/wp\/v2\/users\/26"}],"replies":[{"embeddable":true,"href":"https:\/\/www.hsu-hh.de\/hisost\/wp-json\/wp\/v2\/comments?post=112"}],"version-history":[{"count":60,"href":"https:\/\/www.hsu-hh.de\/hisost\/wp-json\/wp\/v2\/pages\/112\/revisions"}],"predecessor-version":[{"id":3513,"href":"https:\/\/www.hsu-hh.de\/hisost\/wp-json\/wp\/v2\/pages\/112\/revisions\/3513"}],"wp:featuredmedia":[{"embeddable":true,"href":"https:\/\/www.hsu-hh.de\/hisost\/wp-json\/wp\/v2\/media\/3499"}],"wp:attachment":[{"href":"https:\/\/www.hsu-hh.de\/hisost\/wp-json\/wp\/v2\/media?parent=112"}],"wp:term":[{"taxonomy":"category","embeddable":true,"href":"https:\/\/www.hsu-hh.de\/hisost\/wp-json\/wp\/v2\/categories?post=112"},{"taxonomy":"post_tag","embeddable":true,"href":"https:\/\/www.hsu-hh.de\/hisost\/wp-json\/wp\/v2\/tags?post=112"}],"curies":[{"name":"wp","href":"https:\/\/api.w.org\/{rel}","templated":true}]}}