{"id":938,"date":"2024-11-26T13:47:50","date_gmt":"2024-11-26T12:47:50","guid":{"rendered":"https:\/\/www.hsu-hh.de\/ggb\/?page_id=938"},"modified":"2025-01-23T09:14:04","modified_gmt":"2025-01-23T08:14:04","slug":"sylvia-harder-m-a-geb-sylvia-erben","status":"publish","type":"page","link":"https:\/\/www.hsu-hh.de\/ggb\/sylvia-harder-m-a-geb-sylvia-erben","title":{"rendered":"Sylvia Harder M.A.   &#8211;    (geb. Sylvia Erben)"},"content":{"rendered":"\n<p>Wissenschaftliche Mitarbeiterin <\/p>\n\n\n\n<hr class=\"wp-block-separator has-alpha-channel-opacity\" \/>\n\n\n\n<div class=\"wp-block-media-text has-media-on-the-right is-stacked-on-mobile\" style=\"grid-template-columns:auto 24%\"><div class=\"wp-block-media-text__content\">\n<p class=\"has-grey-background-color has-background\"><em>E-Mail-Adresse:<\/em><br><a href=\"mailto:harders@hsu-hh.de\" rel='nofollow'>harders@hsu-hh.de<\/a><br><em>Postanschrift:<\/em> Postfach 700822, 22008 Hamburg<br><br><em>Telefonnummer:<\/em> +49 40 6541 &#8211; 2874<br><br><em>Besuchsadresse:<\/em><br>Holstenhofweg 85, 22043 Hamburg<br>Geb\u00e4ude&nbsp;H4, Raum 115<br><br><em>Sprechzeit:<\/em> nach Vereinbarung<\/p>\n<\/div><figure class=\"wp-block-media-text__media\"><img loading=\"lazy\" decoding=\"async\" width=\"381\" height=\"466\" src=\"https:\/\/www.hsu-hh.de\/ggb\/wp-content\/uploads\/sites\/679\/2024\/11\/Harder-Sylvia.jpeg\" data-credit=\"Sylvia Harder \" alt=\"\" class=\"wp-image-940 size-full\" srcset=\"https:\/\/www.hsu-hh.de\/ggb\/wp-content\/uploads\/sites\/679\/2024\/11\/Harder-Sylvia.jpeg 381w, https:\/\/www.hsu-hh.de\/ggb\/wp-content\/uploads\/sites\/679\/2024\/11\/Harder-Sylvia-245x300.jpeg 245w\" sizes=\"auto, (max-width: 381px) 100vw, 381px\" \/><\/figure><\/div>\n\n\n\n<hr class=\"wp-block-separator has-alpha-channel-opacity\" \/>\n\n\n\n<p class=\"has-text-align-left\"><strong>Zur Person <\/strong><\/p>\n\n\n\n<p class=\"has-text-align-left\">Sylvia Harder (geb. Sylvia Erben) hat Politikwissenschaft und Germanistik in Regensburg und anschlie\u00dfend Friedensforschung und internationale Politik an der Eberhard Karls Universit\u00e4t in T\u00fcbingen und der Jawaharlal Nehru Universit\u00e4t in Neu-Delhi studiert. Vor Ihrer Anstellung an der <abbr title=\"Helmut Schmidt Universit\u00e4t\">HSU<\/abbr> bearbeitete sie als wissenschaftliche Mitarbeiterin unter Finanzierung der Hans B\u00f6ckler Stiftung das Forschungsprojekt \u201eGewerkschaften und Rechtspopulismus. Erfahrungen im L\u00e4ndervergleich\u201c an der Universit\u00e4t T\u00fcbingen. Sie promoviert zum Thema &#8222;Solidarit\u00e4t als Herausforderung nonformaler au\u00dferschulischer politischer Erwachsenenbildung&#8220;. Zu Sylvia Harders (geb. Sylvia Erben) Arbeitsschwerpunkten z\u00e4hlen Populismusforschung, Friedens- und Konfliktforschung, Rechtsextremismus und politische Bildung, sowie Politische Bildung in staatlichen Gewaltorganisationen (v.a. Bundeswehr). Neben ihrer Lehrt\u00e4tigkeit an der <abbr title=\"Helmut Schmidt Universit\u00e4t\">HSU<\/abbr>, der Universit\u00e4t T\u00fcbingen und der Universit\u00e4t Gie\u00dfen ist sie als freie Referentin f\u00fcr politische Bildung mit den Themenschwerpunkten: Rechtspopulismus, Gruppenbezogene Menschenfeindlichkeit, Jugendbeteiligung sowie Friedensbildung t\u00e4tig.  Sylvia Harder ist dar\u00fcber hinaus ausgebildete Betzavta-Trainerin. <\/p>\n\n\n\n<p class=\"has-text-align-left\">Ihr Grund- und Masterstudium erfolgte mit Unterst\u00fctzung der Heinrich-B\u00f6ll-Stiftung sowie des Max Weber Programms Bayern. <br>In Ihrer Promotion wurde Sylvia Harder bis 2024 von der Hans-B\u00f6ckler-Stiftung gef\u00f6rdert. <\/p>\n\n\n\n<hr class=\"wp-block-separator has-alpha-channel-opacity\" \/>\n\n\n\n<div class=\"wp-block-columns is-layout-flex wp-container-core-columns-is-layout-9d6595d7 wp-block-columns-is-layout-flex\">\n<div class=\"wp-block-column is-layout-flow wp-block-column-is-layout-flow\" style=\"flex-basis:25%\">\n<figure class=\"wp-block-image size-medium is-resized\"><img loading=\"lazy\" decoding=\"async\" width=\"211\" height=\"300\" src=\"https:\/\/www.hsu-hh.de\/ggb\/wp-content\/uploads\/sites\/679\/2024\/11\/Cover_Buzzwords-211x300.jpeg\" data-credit=\"Wochenschauverlag \" alt=\"\" class=\"wp-image-1001\" style=\"width:162px;height:auto\" srcset=\"https:\/\/www.hsu-hh.de\/ggb\/wp-content\/uploads\/sites\/679\/2024\/11\/Cover_Buzzwords-211x300.jpeg 211w, https:\/\/www.hsu-hh.de\/ggb\/wp-content\/uploads\/sites\/679\/2024\/11\/Cover_Buzzwords-722x1024.jpeg 722w, https:\/\/www.hsu-hh.de\/ggb\/wp-content\/uploads\/sites\/679\/2024\/11\/Cover_Buzzwords-768x1090.jpeg 768w, https:\/\/www.hsu-hh.de\/ggb\/wp-content\/uploads\/sites\/679\/2024\/11\/Cover_Buzzwords-1083x1536.jpeg 1083w, https:\/\/www.hsu-hh.de\/ggb\/wp-content\/uploads\/sites\/679\/2024\/11\/Cover_Buzzwords-1444x2048.jpeg 1444w, https:\/\/www.hsu-hh.de\/ggb\/wp-content\/uploads\/sites\/679\/2024\/11\/Cover_Buzzwords-1100x1561.jpeg 1100w, https:\/\/www.hsu-hh.de\/ggb\/wp-content\/uploads\/sites\/679\/2024\/11\/Cover_Buzzwords-scaled.jpeg 1804w\" sizes=\"auto, (max-width: 211px) 100vw, 211px\" \/><\/figure>\n\n\n\n<figure class=\"wp-block-image size-full\"><img loading=\"lazy\" decoding=\"async\" width=\"158\" height=\"224\" src=\"https:\/\/www.hsu-hh.de\/ggb\/wp-content\/uploads\/sites\/679\/2024\/11\/Cover_Exkludierende-Solidaritaet-der-Rechten.webp\" data-credit=\"Springer VS\" alt=\"\" class=\"wp-image-1000\" \/><\/figure>\n<\/div>\n\n\n\n<div class=\"wp-block-column is-layout-flow wp-block-column-is-layout-flow\" style=\"flex-basis:50%\">\n<h2 class=\"wp-block-heading has-text-align-center\">Ver\u00f6ffentlichungen <\/h2>\n\n\n\n<p>(2023) Politische Bildung und Solidarit\u00e4t. Perspektiven auf ein transformatives Konzept. Zugriff auf:  <a href=\"https:\/\/politischbilden.de\/material\/politische-bildung-und-soldiaritaet\/\" rel='nofollow'>https:\/\/politischbilden.de\/material\/politische-bildung-und-soldiaritaet\/<\/a><\/p>\n\n\n\n<p>(2023) Solidarit\u00e4t. In: Demokratie gegen Menschenfeindlichkeit. <a href=\"https:\/\/elibrary.utb.de\/toc\/zdgm\/8\/2\" rel='nofollow'>Demokratie gegen Menschenfeindlichkeit<\/a> (JG 8\/ Heft 2), S. 113-115.<\/p>\n\n\n\n<p id=\"yui_3_17_2_1_1732623783067_611\">(2022) mit Bieling, Hans-J\u00fcrgen: Exklusionslinien in der wohlfahrtsstaatlichen Programmatik und Praxis rechtspopulistischer Parteien in \u00d6sterreich, Schweden und den Niederlanden. In: Sorce et al. (<abbr title=\"Herausgeber\">Hrsg.<\/abbr>): <a href=\"https:\/\/link.springer.com\/book\/10.1007\/978-3-658-36891-3\" rel='nofollow'>Exkludierende Solidarit\u00e4t der Rechten.<\/a> Springer VS: Bielefeld, S.21-36. [free access]<\/p>\n\n\n\n<p>(2020) mit Bieling, Hans-J\u00fcrgen: Gewerkschaften und Rechtspopulismus. Erfahrungen und Lernprozesse aus \u00d6sterreich, Schweden und den Niederlanden im Vergleich. Study 440. Hans B\u00f6ckler Stiftung. Zugriff unter:<a href=\"https:\/\/www.boeckler.de\/de\/faust-detail.htm?sync_id=HBS-007684\" rel='nofollow'> https:\/\/www.boeckler.de\/de\/faust-detail.htm?sync_id=HBS-007684.<\/a><\/p>\n\n\n\n<p>(2019): Who watches the Watchmen? Die Rolle des <a href=\"https:\/\/elibrary.utb.de\/toc\/polit\/5\/3\" rel='nofollow'>Verfassungsschutzes im NSU-Komplex. In: Politikum, 5 (3), S.54-60.<\/a><\/p>\n<\/div>\n\n\n\n<div class=\"wp-block-column is-layout-flow wp-block-column-is-layout-flow\" style=\"flex-basis:25%\"><div class=\"wp-block-image\">\n<figure class=\"alignright size-medium is-resized\"><img loading=\"lazy\" decoding=\"async\" width=\"208\" height=\"300\" src=\"https:\/\/www.hsu-hh.de\/ggb\/wp-content\/uploads\/sites\/679\/2024\/11\/Cover_Gewerkschaftsstudie-208x300.jpeg\" data-credit=\"Hans B\u00f6ckler Stiftung\" alt=\"\" class=\"wp-image-999\" style=\"width:164px;height:auto\" srcset=\"https:\/\/www.hsu-hh.de\/ggb\/wp-content\/uploads\/sites\/679\/2024\/11\/Cover_Gewerkschaftsstudie-208x300.jpeg 208w, https:\/\/www.hsu-hh.de\/ggb\/wp-content\/uploads\/sites\/679\/2024\/11\/Cover_Gewerkschaftsstudie-708x1024.jpeg 708w, https:\/\/www.hsu-hh.de\/ggb\/wp-content\/uploads\/sites\/679\/2024\/11\/Cover_Gewerkschaftsstudie-768x1110.jpeg 768w, https:\/\/www.hsu-hh.de\/ggb\/wp-content\/uploads\/sites\/679\/2024\/11\/Cover_Gewerkschaftsstudie.jpeg 1024w\" sizes=\"auto, (max-width: 208px) 100vw, 208px\" \/><\/figure>\n<\/div>\n\n<div class=\"wp-block-image\">\n<figure class=\"alignright size-medium is-resized\"><img loading=\"lazy\" decoding=\"async\" width=\"212\" height=\"300\" src=\"https:\/\/www.hsu-hh.de\/ggb\/wp-content\/uploads\/sites\/679\/2024\/11\/Cover-Politikum-Schattenpolitik-212x300.jpeg\" data-credit=\"Wochenschauverlag \" alt=\"\" class=\"wp-image-1002\" style=\"width:164px;height:auto\" srcset=\"https:\/\/www.hsu-hh.de\/ggb\/wp-content\/uploads\/sites\/679\/2024\/11\/Cover-Politikum-Schattenpolitik-212x300.jpeg 212w, https:\/\/www.hsu-hh.de\/ggb\/wp-content\/uploads\/sites\/679\/2024\/11\/Cover-Politikum-Schattenpolitik-724x1024.jpeg 724w, https:\/\/www.hsu-hh.de\/ggb\/wp-content\/uploads\/sites\/679\/2024\/11\/Cover-Politikum-Schattenpolitik-768x1087.jpeg 768w, https:\/\/www.hsu-hh.de\/ggb\/wp-content\/uploads\/sites\/679\/2024\/11\/Cover-Politikum-Schattenpolitik-1085x1536.jpeg 1085w, https:\/\/www.hsu-hh.de\/ggb\/wp-content\/uploads\/sites\/679\/2024\/11\/Cover-Politikum-Schattenpolitik-1447x2048.jpeg 1447w, https:\/\/www.hsu-hh.de\/ggb\/wp-content\/uploads\/sites\/679\/2024\/11\/Cover-Politikum-Schattenpolitik-1100x1557.jpeg 1100w, https:\/\/www.hsu-hh.de\/ggb\/wp-content\/uploads\/sites\/679\/2024\/11\/Cover-Politikum-Schattenpolitik-scaled.jpeg 1809w\" sizes=\"auto, (max-width: 212px) 100vw, 212px\" \/><\/figure>\n<\/div><\/div>\n<\/div>\n\n\n\n<hr class=\"wp-block-separator has-alpha-channel-opacity\" \/>\n\n\n\n<div class=\"wp-block-columns is-layout-flex wp-container-core-columns-is-layout-9d6595d7 wp-block-columns-is-layout-flex\">\n<div class=\"wp-block-column is-layout-flow wp-block-column-is-layout-flow\">\n<h1 class=\"wp-block-heading\">Promotion<\/h1>\n\n\n\n<h3 class=\"wp-block-heading\">Solidarit\u00e4t als Herausforderung nonformaler politischer Erwachsenenbildung in der Auseinandersetzung mit rechts <\/h3>\n\n\n\n<p id=\"yui_3_17_2_1_1732623783067_565\">Es ist eine weitverbreitete Annahme, dass politische Bildungsformate in der Auseinandersetzung mit rechtspopulistischen Weltbildern eine zentrale Rolle spielen: Forderungen, mehr politische Bildungsformate \u2013 gezielt auch im au\u00dferschulischen Bereich &#8211; in der Besch\u00e4ftigung mit Rechtspopulismus zu f\u00f6rdern, unterliegt h\u00e4ufig die Annahme, dass Seminare und Bildungsbausteine zu einer Solidarisierung mit Bev\u00f6lkerungsgruppen beitragen k\u00f6nnen, die in rechten Weltbildern diskriminiert werden. Trotz des vermeintlichen Potentials, das der politischen Bildung hinsichtlich einer Begegnung des rechten Gedankenguts attestiert wird scheint allerdings weitgehend unklar zu sein, wie angemessene Bildungsangebote aussehen k\u00f6nnten, die populistische Ph\u00e4nomene bearbeiten. W\u00e4hrend eine pr\u00e4ventive Bearbeitung von Einstellungen, die rechtspopulistisch anschlussf\u00e4hig sind, bereits seit vielen Jahren <abbr title=\"unter anderem\">u.a.<\/abbr> in Form von (Rechts)Extremismuspr\u00e4vention stattfindet, stellt sich die Frage, ob politische Bildung durch Seminare, Fortbildungen und weitere Veranstaltungsformate eine Form des Umgangs mit rechtspopulistischen Einstellungen sein kann und wo politische Bildungsarbeit f\u00fcr eine wirksame Be- und Entgegnung konzeptionell ansetzen muss.&nbsp;<\/p>\n\n\n\n<p id=\"yui_3_17_2_1_1732623783067_579\">Ziel der Dissertation ist es daher, offenzulegen, welche Erfahrung bislang mit unterschiedlichen Be- und Entgegnungsstrategien im Umgang mit Rechtspopulismus in der au\u00dferschulischen politischen Bildung gemacht worden sind und auf welche Solidarit\u00e4tsvorstellungen und Normen dabei zur\u00fcckgegriffen wird. Hierbei sollen verschiedene (staatliche, kirchliche, gewerkschaftliche und freie zivilgesellschaftliche) Tr\u00e4ger der politischen Bildungsarbeit in einem Ost-West-Vergleich im Hinblick auf die durch sie entwickelten Umgangsstrategien mit dem Rechtspopulismus untersucht werden.<\/p>\n\n\n\n<p>Betreuer: <abbr title=\"Professor\">Prof.<\/abbr> <abbr title=\"Doktor\">Dr.<\/abbr> Hans-J\u00fcrgen Bieling (Universit\u00e4t T\u00fcbingen); Zweitbetreuung: <abbr title=\"Professor\">Prof.<\/abbr> <abbr title=\"Doktor\">Dr.<\/abbr> Sophie Schmitt (JLU Gie\u00dfen)<\/p>\n<\/div>\n\n\n\n<div class=\"wp-block-column is-layout-flow wp-block-column-is-layout-flow\">\n<h1 class=\"wp-block-heading\">Plattformprojekt <\/h1>\n\n\n\n<h3 class=\"wp-block-heading\">Politische Bildung in Bundeswehr und BOS: Digitale Schnittstellenplattform <\/h3>\n\n\n\n<p>Ziel des Projektes ist die Schaffung einer digitalen und im open Access zug\u00e4nglichen Lehr-Lernplattform zur Weiterbildung von Multiplikator*innen der politischen Bildung in der Bundeswehr. Langfristig sollen Bildner*innen in Polizei und Beh\u00f6rden und Organisationen mit Sicherheitsfunktionen mitgedacht werden.&nbsp;&nbsp;<\/p>\n\n\n\n<p><a href=\"https:\/\/www.hsu-hh.de\/ggb\/politische-bildung-in-bundeswehr-und-bos\">Weitere Informationen zu Projekt und  Projektmitarbeiter*innen&#8230; <\/a><\/p>\n<\/div>\n<\/div>\n","protected":false},"excerpt":{"rendered":"<p>Wissenschaftliche Mitarbeiterin E-Mail-Adresse:harders@hsu-hh.dePostanschrift: Postfach 700822, 22008 Hamburg Telefonnummer: +49 40 6541 &#8211; 2874 Besuchsadresse:Holstenhofweg 85, 22043 HamburgGeb\u00e4ude&nbsp;H4, Raum 115 Sprechzeit: nach Vereinbarung Zur Person Sylvia Harder (geb. Sylvia Erben) hat [&hellip;]<\/p>\n","protected":false},"author":4046,"featured_media":0,"parent":0,"menu_order":0,"comment_status":"closed","ping_status":"closed","template":"","meta":{"footnotes":""},"categories":[4],"tags":[],"class_list":["post-938","page","type-page","status-publish","hentry","category-forschung"],"_links":{"self":[{"href":"https:\/\/www.hsu-hh.de\/ggb\/wp-json\/wp\/v2\/pages\/938","targetHints":{"allow":["GET"]}}],"collection":[{"href":"https:\/\/www.hsu-hh.de\/ggb\/wp-json\/wp\/v2\/pages"}],"about":[{"href":"https:\/\/www.hsu-hh.de\/ggb\/wp-json\/wp\/v2\/types\/page"}],"author":[{"embeddable":true,"href":"https:\/\/www.hsu-hh.de\/ggb\/wp-json\/wp\/v2\/users\/4046"}],"replies":[{"embeddable":true,"href":"https:\/\/www.hsu-hh.de\/ggb\/wp-json\/wp\/v2\/comments?post=938"}],"version-history":[{"count":12,"href":"https:\/\/www.hsu-hh.de\/ggb\/wp-json\/wp\/v2\/pages\/938\/revisions"}],"predecessor-version":[{"id":1123,"href":"https:\/\/www.hsu-hh.de\/ggb\/wp-json\/wp\/v2\/pages\/938\/revisions\/1123"}],"wp:attachment":[{"href":"https:\/\/www.hsu-hh.de\/ggb\/wp-json\/wp\/v2\/media?parent=938"}],"wp:term":[{"taxonomy":"category","embeddable":true,"href":"https:\/\/www.hsu-hh.de\/ggb\/wp-json\/wp\/v2\/categories?post=938"},{"taxonomy":"post_tag","embeddable":true,"href":"https:\/\/www.hsu-hh.de\/ggb\/wp-json\/wp\/v2\/tags?post=938"}],"curies":[{"name":"wp","href":"https:\/\/api.w.org\/{rel}","templated":true}]}}