{"id":5991,"date":"2023-01-10T13:49:24","date_gmt":"2023-01-10T12:49:24","guid":{"rendered":"https:\/\/www.hsu-hh.de\/ees\/?page_id=5991"},"modified":"2025-02-28T12:05:36","modified_gmt":"2025-02-28T11:05:36","slug":"dtec-emob-archiv","status":"publish","type":"page","link":"https:\/\/www.hsu-hh.de\/ees\/en\/dtec-emob-archiv","title":{"rendered":"dtec emob \u2013 Alle Nachrichten"},"content":{"rendered":"\n<hr class=\"wp-block-separator has-alpha-channel-opacity is-style-wide\" \/>\n\n\n\n<h2 class=\"wp-block-heading\"><strong>01. Februar 2023 &#8211; Projektevaluation<\/strong><\/h2>\n\n\n\n<p>Am 01. und 02. Februar fand die Begehung durch den Wissenschaftsrat auf dem Gel\u00e4nde der Helmut-Schmidt-Universit\u00e4t statt. Die Evaluierung erfolgte am 01.02. durch die Vorstellung der Forschungsschwerpunkte und verschiedener <em>dtec.bw<\/em> Projekte. Hierf\u00fcr pr\u00e4sentierten <abbr title=\"Professor\">Prof.<\/abbr> Detlef Schulz als Dachprojektleiter des Bereiches Energie und Digitalisierung und Andreas Stadler als Mitarbeiter im Projekt dtec emob die aktuellen St\u00e4nde und Fortschritte. Am 02.02. erfolgte eine offene Diskussion mit Mitgliedern des Wissenschaftsrates, an welchem Andreas Stadler und Maik Plenz teilnahmen und das Projekt dtec emob erfolgreich vertreten konnten.<\/p>\n\n\n\n<hr class=\"wp-block-separator has-alpha-channel-opacity\" \/>\n\n\n\n<p><strong>26. Januar 2023 &#8211; dtec.bw-workshop Digitalization and AI Use in the Research Area &#8222;Energy and Digitalization&#8220;<\/strong><\/p>\n\n\n\n<p>Um fortschreitende Ergebnisse im Bereich der KI-Nutzung in den einzelnen Projekten zu diskutieren und weitere Kontakte zu kn\u00fcpfen wurde der zweite KI-Workshop <em>dtec.bw-workshop Digitalization and AI Use in the Research Area &#8222;Energy and Digitalization&#8220;<\/em> organisiert. F\u00fcr dtec emob stellte Dennis Salvador Versen einen aktuellen Arbeitsstand sowie einen Software-Demonstrator zur Veranschaulichung der Steuerung und Sichbarmachung der KI-Steuerung vor.<\/p>\n\n\n\n<hr class=\"wp-block-separator has-alpha-channel-opacity\" \/>\n\n\n\n<p><strong>7. Januar 2023 <strong> \u2013 <\/strong>Roundtable &#8222;Kick-Off&#8220;<\/strong><\/p>\n\n\n\n<p>Die im Rahmen des Projektes initiierte Roundtables sind mit der Kick-Off-Veranstaltung am 27. Januar gestartet. Mit 19 externen G\u00e4sten (unter anderem von Stromnetz Hamburg und der Stadtplanung) entstanden in den R\u00e4umlichkeiten von hySOLUTIONS Interessante Diskussionen im Rahmen der Vortr\u00e4ge von ersten Ergebnissen und weiteren Projektpl\u00e4nen. Ein anschlie\u00dfendes Get-Together sorgte f\u00fcr einen lockeren Ausklang der Veranstaltung.<\/p>\n\n\n\n<p>Die Roundtables werden in den Themenbereichen Stadtplanung, Energietechnik (und Netze) sowie Mobilit\u00e4tstr\u00e4ger projektbegleitend einen regelm\u00e4\u00dfigen Austausch mit Partnern und Interessierten Unternehmen und Beh\u00f6rden der Stadt Hamburg erm\u00f6glichen.<\/p>\n\n\n\n<hr class=\"wp-block-separator has-alpha-channel-opacity\" \/>\n\n\n\n<p><strong>Dezember 2022 \u2013 Ver\u00f6ffentlichung des dtec Sammelbandes<\/strong><br>Der im Rahmen der dtec Projekte erschienene Sammelband &#8222;dtec.bw-Beitr\u00e4ge der Helmut-Schmidt-Universit\u00e4t \/ Universit\u00e4t der Bundeswehr Hamburg: Forschungsaktivit\u00e4ten im Zentrum f\u00fcr Digitalisierungs- und Technologieforschung der Bundeswehr dtec.bw &#8211; Band 1 \u00b7 2022&#8220; ist erschienen <a href=\"https:\/\/doi.org\/10.24405\/14522\" rel='nofollow'>Sammelband-Link<\/a>. dtec emob ist mit zwei Beitr\u00e4gen vertreten. <a href=\"http:\/\/doi.org\/10.24405\/14530\" rel='nofollow'>Beitrag 1<\/a> zeigt den aktuellen Stand der KI-Netzsteuerung, <a href=\"https:\/\/doi.org\/10.24405\/14529\" rel='nofollow'>Beitrag 2<\/a> den Aufbau einer PHIL-Testumgebung.<\/p>\n\n\n\n<hr class=\"wp-block-separator has-alpha-channel-opacity\" \/>\n\n\n\n<p><strong>Dezember 2022 \u2013 Artikel in Hamburger Beitr\u00e4gen zum technischen Klimaschutz Band 4<\/strong><br>In den diesj\u00e4hrigen Ausgabe der Zeitschrift Hamburger Beitr\u00e4ge zum technischen Klimaschutz: Analyse, Digitalisierung und Flexibilisierung von Energiem\u00e4rkten, Elektromobilit\u00e4t, Sektorenkopplung, Elektroenergienetzen und Wasserstoffsystemen (<a href=\"https:\/\/doi.org\/10.24405\/14584\" rel='nofollow'>Link<\/a>) ist dtec emob mit drei Artikeln vertreten. Gazmend Mavraj beschreibt die Energieverbrauchsmodelle elektrischer Transportdrohnen (<a href=\"http:\/\/doi.org\/10.24405\/14591\" rel='nofollow'>Link<\/a>), Edvard Avdevi\u010dius beschreibt den Hochlauf von E-LKW in Hamburg (<a href=\"https:\/\/doi.org\/10.24405\/14587\" rel='nofollow'>Link<\/a>) und Andreas Stadler zeigt ein Konzept f\u00fcr ein Netz- und Kommunikationslabor (<a href=\"https:\/\/doi.org\/10.24405\/14588\" rel='nofollow'>Link<\/a>)<\/p>\n\n\n\n<hr class=\"wp-block-separator has-alpha-channel-opacity\" \/>\n\n\n\n<div class=\"wp-block-columns is-layout-flex wp-container-core-columns-is-layout-9d6595d7 wp-block-columns-is-layout-flex\">\n<div class=\"wp-block-column is-layout-flow wp-block-column-is-layout-flow\" style=\"flex-basis:80%\">\n<p><strong>November 2022 <strong>\u2013<\/strong> Entgegennahme des KIA EV6<\/strong><br>Um im weiteren Projektverlauf verschiedene Ladeinfrastrukturen, Steuerungs- und Entladungsoptionen praktisch zu pr\u00fcfen, wurde ein R\u00fcckspeisef\u00e4higes Elektroauto &#8211; der KIA EV6 &#8211; im Rahmen des dtec emob Projektes beschafft und entgegengenommen. Dieses Fahrzeug wird im weiteren Verlauf des Projektes an verschiedenen Versuchen zum KI-basierten LLM teilnehmen und dem Forschungsprojekt f\u00fcr umfangreiche Analyse zur Ver\u00e4nderung der Ladeleistung je SOC (State-of-Charge) dienen.<\/p>\n<\/div>\n\n\n\n<div class=\"wp-block-column is-vertically-aligned-center is-layout-flow wp-block-column-is-layout-flow\" style=\"flex-basis:20%\">\n<figure class=\"wp-block-image size-large\"><img loading=\"lazy\" decoding=\"async\" width=\"1024\" height=\"808\" src=\"https:\/\/www.hsu-hh.de\/ees\/wp-content\/uploads\/sites\/680\/2023\/01\/MicrosoftTeams-image-scaled-e1674037102441-1024x808.jpg\" data-credit=\"Nils Pinke\" alt=\"\" class=\"wp-image-6405\" srcset=\"https:\/\/www.hsu-hh.de\/ees\/wp-content\/uploads\/sites\/680\/2023\/01\/MicrosoftTeams-image-scaled-e1674037102441-1024x808.jpg 1024w, https:\/\/www.hsu-hh.de\/ees\/wp-content\/uploads\/sites\/680\/2023\/01\/MicrosoftTeams-image-scaled-e1674037102441-300x237.jpg 300w, https:\/\/www.hsu-hh.de\/ees\/wp-content\/uploads\/sites\/680\/2023\/01\/MicrosoftTeams-image-scaled-e1674037102441-768x606.jpg 768w, https:\/\/www.hsu-hh.de\/ees\/wp-content\/uploads\/sites\/680\/2023\/01\/MicrosoftTeams-image-scaled-e1674037102441-1536x1213.jpg 1536w, https:\/\/www.hsu-hh.de\/ees\/wp-content\/uploads\/sites\/680\/2023\/01\/MicrosoftTeams-image-scaled-e1674037102441-1100x868.jpg 1100w, https:\/\/www.hsu-hh.de\/ees\/wp-content\/uploads\/sites\/680\/2023\/01\/MicrosoftTeams-image-scaled-e1674037102441.jpg 1548w\" sizes=\"auto, (max-width: 1024px) 100vw, 1024px\" \/><\/figure>\n<\/div>\n<\/div>\n\n\n\n<hr class=\"wp-block-separator has-alpha-channel-opacity\" \/>\n\n\n\n<div class=\"wp-block-columns is-layout-flex wp-container-core-columns-is-layout-9d6595d7 wp-block-columns-is-layout-flex\">\n<div class=\"wp-block-column is-layout-flow wp-block-column-is-layout-flow\" style=\"flex-basis:66.66%\">\n<div class=\"wp-block-columns is-layout-flex wp-container-core-columns-is-layout-9d6595d7 wp-block-columns-is-layout-flex\">\n<div class=\"wp-block-column is-layout-flow wp-block-column-is-layout-flow\" style=\"flex-basis:100%\">\n<div class=\"wp-block-columns is-not-stacked-on-mobile is-layout-flex wp-container-core-columns-is-layout-9d6595d7 wp-block-columns-is-layout-flex\">\n<div class=\"wp-block-column is-layout-flow wp-block-column-is-layout-flow\" style=\"flex-basis:100%\">\n<p><strong>26. Oktober 2022 \u2013 dtec Workshops f\u00fcr &#8222;Energie &amp; Digitalisierung&#8220; und &#8222;K\u00fcnstliche Intelligenz&#8220;<\/strong><br>Um weitere dtec Projektmitarbeiter kennenzulernen, die Projekte vorzustellen und erste Ergebnisse zu diskutieren wurden die Workships &#8222;dtec Workshop Energie und Digitalisierung&#8220; und &#8222;K\u00fcnstliche Intelligenz&#8220; von dtec CopuleIT! und dtec emob ausgerichtet. Dabei waren wir jeweils mit zwei Vortr\u00e4gen vertreten:<br>Dennis Salvador Versen pr\u00e4sentierte erste Projektergebnisse (&#8222;Last-Lade-Management f\u00fcr E-Autos f\u00fcr ein Niederspannungsnetz mit Reinforcement Learning&#8220;). Andreas Stadler durfte das Projekt vorstellen (&#8222;Durchgehend digital gesteuerte Netz- und Ladeinfrastruktur f\u00fcr Land-, Luft- und Wasserelektromobilit\u00e4t&#8220;).<\/p>\n<\/div>\n<\/div>\n<\/div>\n<\/div>\n<\/div>\n\n\n\n<div class=\"wp-block-column is-vertically-aligned-center is-layout-flow wp-block-column-is-layout-flow\" style=\"flex-basis:33%\">\n<figure class=\"wp-block-image size-large is-resized\"><img loading=\"lazy\" decoding=\"async\" width=\"1024\" height=\"682\" src=\"https:\/\/www.hsu-hh.de\/ees\/wp-content\/uploads\/sites\/680\/2022\/11\/DAB8187-1024x682.jpg\" data-credit=\"Dr. Daniel Becker\" alt=\"Dennis Salvador Versen h\u00e4lt einen Vortrag\" class=\"wp-image-5817\" style=\"width:366px;height:244px\" srcset=\"https:\/\/www.hsu-hh.de\/ees\/wp-content\/uploads\/sites\/680\/2022\/11\/DAB8187-1024x682.jpg 1024w, https:\/\/www.hsu-hh.de\/ees\/wp-content\/uploads\/sites\/680\/2022\/11\/DAB8187-300x200.jpg 300w, https:\/\/www.hsu-hh.de\/ees\/wp-content\/uploads\/sites\/680\/2022\/11\/DAB8187-768x512.jpg 768w, https:\/\/www.hsu-hh.de\/ees\/wp-content\/uploads\/sites\/680\/2022\/11\/DAB8187-1536x1024.jpg 1536w, https:\/\/www.hsu-hh.de\/ees\/wp-content\/uploads\/sites\/680\/2022\/11\/DAB8187-1100x733.jpg 1100w, https:\/\/www.hsu-hh.de\/ees\/wp-content\/uploads\/sites\/680\/2022\/11\/DAB8187.jpg 2000w\" sizes=\"auto, (max-width: 1024px) 100vw, 1024px\" \/><figcaption class=\"wp-element-caption\">Dennis Salvador Versen h\u00e4lt seinen Vortrag im dtec Workshop &#8222;K\u00fcnstliche Intelligenz&#8220;<\/figcaption><\/figure>\n<\/div>\n<\/div>\n\n\n\n<hr class=\"wp-block-separator has-alpha-channel-opacity\" \/>\n\n\n\n<p><strong>27. September 2022 \u2013 Yuzhuo Fu pr\u00e4sentiert auf der NEIS 2022<\/strong><br>Erfolgreich pr\u00e4sentierte und verteidigte Yuzhuo Fu das von ihm und Dennis Salvador Versen geschriebene Paper &#8222;AI-based charging management for the integration of electric vehicles using a reference low voltage grid in Hamburg&#8220; auf der Conference on Sustainable Energy Supply and Energy Storage Systems &#8211; NEIS 2022. Herzlichen Gl\u00fcckwunsch.<\/p>\n\n\n\n<hr class=\"wp-block-separator has-alpha-channel-opacity\" \/>\n\n\n\n<div class=\"wp-block-columns is-layout-flex wp-container-core-columns-is-layout-9d6595d7 wp-block-columns-is-layout-flex\">\n<div class=\"wp-block-column is-layout-flow wp-block-column-is-layout-flow\" style=\"flex-basis:80%\">\n<p><strong>17. August 2022 <strong>\u2013<\/strong> Ankunft der Klimakammer<\/strong><br>F\u00fcr das Klimalabor in den R\u00e4umen des Fachgebiets wurde eine CTS-Klimakammer beschafft. Diese bietet die M\u00f6glichkeit Teile von Elektromobilit\u00e4tstr\u00e4gern und Ladeinfrastrukturen in einem fest definierten Temperaturbereich zwischen -70\u00b0C und 180\u00b0C und einem relativen Luftfeuchtigkeitsbereich von 10 % bis 80 % zu betreiben. Nach der folgenden Einf\u00fchrungsveranstaltung zu den technischen Grundlagen, der Nutzung und der Programmierung kann die Forschung zu den klimatischen Einf\u00fcssen auf die Elektromobilit\u00e4t im Projekt dtec emob beginnen.<\/p>\n<\/div>\n\n\n\n<div class=\"wp-block-column is-vertically-aligned-center is-layout-flow wp-block-column-is-layout-flow\" style=\"flex-basis:20%\">\n<figure class=\"wp-block-image size-large\"><img loading=\"lazy\" decoding=\"async\" width=\"818\" height=\"1024\" src=\"https:\/\/www.hsu-hh.de\/ees\/wp-content\/uploads\/sites\/680\/2023\/01\/IMG_5112-scaled-e1674035653197-818x1024.jpg\" data-credit=\"Andreas Stadler\" alt=\"\" class=\"wp-image-6400\" srcset=\"https:\/\/www.hsu-hh.de\/ees\/wp-content\/uploads\/sites\/680\/2023\/01\/IMG_5112-scaled-e1674035653197-818x1024.jpg 818w, https:\/\/www.hsu-hh.de\/ees\/wp-content\/uploads\/sites\/680\/2023\/01\/IMG_5112-scaled-e1674035653197-240x300.jpg 240w, https:\/\/www.hsu-hh.de\/ees\/wp-content\/uploads\/sites\/680\/2023\/01\/IMG_5112-scaled-e1674035653197-768x962.jpg 768w, https:\/\/www.hsu-hh.de\/ees\/wp-content\/uploads\/sites\/680\/2023\/01\/IMG_5112-scaled-e1674035653197.jpg 889w\" sizes=\"auto, (max-width: 818px) 100vw, 818px\" \/><\/figure>\n<\/div>\n<\/div>\n\n\n\n<hr class=\"wp-block-separator has-alpha-channel-opacity\" \/>\n\n\n\n<p><strong>Januar 2022 \u2013 Artikel in Hamburger Beitr\u00e4gen zum technischen Klimaschutz Band 3<\/strong><br>Im dritten Band der Hamburger Beitr\u00e4ge zum technischen Klimaschutz: Stand der Technik und Digitalisierung bei integrierten Energiesystemen, Sektorenkopplungs- und Mobilit\u00e4tstechnologien (<a href=\"https:\/\/doi.org\/10.24405\/13942\" rel='nofollow'>Link<\/a>) wurden zwei Artikel von dtec emob ver\u00f6ffentlicht. Yuzhuo Fu und Azrina Mujanovic haben den Hochlauf und Energiebedarf von Paketdrohnen analysiert (<a href=\"https:\/\/doi.org\/10.24405\/13961\" rel='nofollow'>Link<\/a>). Henrik Wienken und Andreas Stadler beschrieben den zuk\u00fcnftigen Energievbedarf der Containerschiffe (<a href=\"https:\/\/doi.org\/10.24405\/13960\" rel='nofollow'>Link<\/a>).<\/p>\n\n\n\n<p><br><\/p>\n","protected":false},"excerpt":{"rendered":"<p>01. Februar 2023 &#8211; Projektevaluation Am 01. und 02. Februar fand die Begehung durch den Wissenschaftsrat auf dem Gel\u00e4nde der Helmut-Schmidt-Universit\u00e4t statt. Die Evaluierung erfolgte am 01.02. durch die Vorstellung [&hellip;]<\/p>\n","protected":false},"author":2932,"featured_media":0,"parent":0,"menu_order":0,"comment_status":"closed","ping_status":"closed","template":"","meta":{"footnotes":""},"categories":[348,957,7],"tags":[],"class_list":["post-5991","page","type-page","status-publish","hentry","category-projects","category-projekte-en","category-research"],"_links":{"self":[{"href":"https:\/\/www.hsu-hh.de\/ees\/wp-json\/wp\/v2\/pages\/5991","targetHints":{"allow":["GET"]}}],"collection":[{"href":"https:\/\/www.hsu-hh.de\/ees\/wp-json\/wp\/v2\/pages"}],"about":[{"href":"https:\/\/www.hsu-hh.de\/ees\/wp-json\/wp\/v2\/types\/page"}],"author":[{"embeddable":true,"href":"https:\/\/www.hsu-hh.de\/ees\/wp-json\/wp\/v2\/users\/2932"}],"replies":[{"embeddable":true,"href":"https:\/\/www.hsu-hh.de\/ees\/wp-json\/wp\/v2\/comments?post=5991"}],"version-history":[{"count":14,"href":"https:\/\/www.hsu-hh.de\/ees\/wp-json\/wp\/v2\/pages\/5991\/revisions"}],"predecessor-version":[{"id":7950,"href":"https:\/\/www.hsu-hh.de\/ees\/wp-json\/wp\/v2\/pages\/5991\/revisions\/7950"}],"wp:attachment":[{"href":"https:\/\/www.hsu-hh.de\/ees\/wp-json\/wp\/v2\/media?parent=5991"}],"wp:term":[{"taxonomy":"category","embeddable":true,"href":"https:\/\/www.hsu-hh.de\/ees\/wp-json\/wp\/v2\/categories?post=5991"},{"taxonomy":"post_tag","embeddable":true,"href":"https:\/\/www.hsu-hh.de\/ees\/wp-json\/wp\/v2\/tags?post=5991"}],"curies":[{"name":"wp","href":"https:\/\/api.w.org\/{rel}","templated":true}]}}