{"id":1445,"date":"2026-04-14T16:07:20","date_gmt":"2026-04-14T14:07:20","guid":{"rendered":"https:\/\/www.hsu-hh.de\/bep\/?page_id=1445"},"modified":"2026-08-28T14:19:29","modified_gmt":"2026-08-28T12:19:29","slug":"sh_voe","status":"publish","type":"page","link":"https:\/\/www.hsu-hh.de\/bep\/sh_voe\/","title":{"rendered":"Ver\u00f6ffentlichungen"},"content":{"rendered":"\n<p class=\"wp-block-paragraph\"><em><abbr title=\"Doktor\">Dr.<\/abbr> Simon Helling<\/em><\/p>\n\n\n\n<h3 class=\"wp-block-heading\">Monographie<\/h3>\n\n\n\n<ul class=\"wp-block-list\">\n<li><em>\u00dcber das Gegebene hinaus. Philosophische Modelle transzendierender Bildung bei Fichte, Hegel, Adorno und Heydorn<\/em>, Berlin 2025.<\/li>\n<\/ul>\n\n\n\n<h3 class=\"wp-block-heading\">Artikel<\/h3>\n\n\n\n<ul class=\"wp-block-list\">\n<li>\u201eDialektische Logik und musikalische Form nach Adorno\u201c, in: Anne Becker <abbr title=\"unter anderem\">u.a.<\/abbr> (<abbr title=\"Herausgeber\">Hrsg.<\/abbr>): <em>Das Fortleben der klassischen deutschen Philosophie in der kritischen Theorie<\/em>, W\u00fcrzburg 2025.<\/li>\n\n\n\n<li>(gemeinsam mit Anne Gr\u00e4f, Pia Rojahn, Michael St\u00e4dtler, Thassilo Polcik) <em>Verstrudelt und verkantet. Lehrkonzepte zur F\u00f6rderung der Koh\u00e4renz im Lehramtsstudium<\/em>. Bergische Universit\u00e4t Wuppertal 2024,<br>https:\/\/www.pedocs.de\/volltexte\/2024\/30734\/pdf\/Graef_et_al_2024_Verstrudelt_und_verkantet.pdf<\/li>\n\n\n\n<li>\u201eDie produktive \u00e4sthetische Einbildungskraft als bildender Gehalt des Musikunterrichts\u201c, in: Anne Gr\u00e4f <abbr title=\"unter anderem\">u.a.<\/abbr> (<abbr title=\"Herausgeber\">Hrsg.<\/abbr>): <em>Fragmentierung in der Lehrkr\u00e4ftebildung<\/em>, Baden-Baden 2024.<\/li>\n\n\n\n<li>\u201eProduktiver Schmerz anstelle des hilflosen. Funktionen des Widerspruchs im Bildungsprozess: Gegenstand, Herrschaft, Regression\u201c, in: Jaro Ehlers <abbr title=\"unter anderem\">u.a.<\/abbr> (<abbr title=\"Herausgeber\">Hrsg.<\/abbr>): <em>Subjekt und Befreiung. Beitr\u00e4ge zur kritischen Theorie<\/em>, Berlin 2022.<br>(als Herausgeber) <em>Anthropologie in der klassischen deutschen Philosophie<\/em>, W\u00fcrzburg 2021.<\/li>\n\n\n\n<li>\u201eKenntnisse, die Erkenntnisse werden sollen. Das Bildungsprogramm der &#8218;Ph\u00e4nomenologie&#8216; und seine Voraussetzungen in der Gewohnheit\u201c, in: B. Bowman <abbr title=\"unter anderem\">u.a.<\/abbr> (<abbr title=\"Herausgeber\">Hrsg.<\/abbr>): <em>Hegel-Jahrbuch 2019, Hegels Enzyklop\u00e4disches System und sein Erbe<\/em>, Berlin 2019.<\/li>\n\n\n\n<li>\u201eWider die Maxime, Recht zu behalten. Der Prozess gegenseitiger Bildung bei Fichte\u201c, in: Bauer, Alexander Max und Baratella, Nils (<abbr title=\"Herausgeber\">Hrsg.<\/abbr>):<em> Oldenburger Jahrbuch f\u00fcr Philosophie 2017\/2018<\/em>, Oldenburg 2019.<\/li>\n\n\n\n<li>\u201eDer Materialismus \u00e4sthetischer Erfahrung bei Adorno\u201c, \u201eGiornale di Metafisica\u201c 1\/2015<\/li>\n<\/ul>\n\n\n\n<h3 class=\"wp-block-heading\">Herausgeberschaften<\/h3>\n\n\n\n<ul class=\"wp-block-list\">\n<li>(gemeinsam mit Anne Gr\u00e4f, Daniel Losch, Thassilo Polcik, Pia Rojahn, Sebastian Wendland) <em>Fragmentierung in der Lehrkr\u00e4ftebildung. Das Lehramtsstudium im Spannungsfeld von Professionsorientierung, Bildungstheorie und (Fach-)Wissenschaft<\/em>, Baden-Baden 2024.<\/li>\n\n\n\n<li>(gemeinsam mit Christoph Asmuth) <em>Anthropologie in der klassischen deutschen Philosophie<\/em>, W\u00fcrzburg 2021.<\/li>\n<\/ul>\n","protected":false},"excerpt":{"rendered":"<p>Dr. Simon Helling Monographie Artikel Herausgeberschaften<\/p>\n","protected":false},"author":96,"featured_media":0,"parent":0,"menu_order":0,"comment_status":"closed","ping_status":"closed","template":"","meta":{"footnotes":""},"categories":[8],"tags":[],"class_list":["post-1445","page","type-page","status-publish","hentry","category-team"],"lang":"de","translations":{"de":1445},"pll_sync_post":{},"_links":{"self":[{"href":"https:\/\/www.hsu-hh.de\/bep\/wp-json\/wp\/v2\/pages\/1445","targetHints":{"allow":["GET"]}}],"collection":[{"href":"https:\/\/www.hsu-hh.de\/bep\/wp-json\/wp\/v2\/pages"}],"about":[{"href":"https:\/\/www.hsu-hh.de\/bep\/wp-json\/wp\/v2\/types\/page"}],"author":[{"embeddable":true,"href":"https:\/\/www.hsu-hh.de\/bep\/wp-json\/wp\/v2\/users\/96"}],"replies":[{"embeddable":true,"href":"https:\/\/www.hsu-hh.de\/bep\/wp-json\/wp\/v2\/comments?post=1445"}],"version-history":[{"count":2,"href":"https:\/\/www.hsu-hh.de\/bep\/wp-json\/wp\/v2\/pages\/1445\/revisions"}],"predecessor-version":[{"id":1514,"href":"https:\/\/www.hsu-hh.de\/bep\/wp-json\/wp\/v2\/pages\/1445\/revisions\/1514"}],"wp:attachment":[{"href":"https:\/\/www.hsu-hh.de\/bep\/wp-json\/wp\/v2\/media?parent=1445"}],"wp:term":[{"taxonomy":"category","embeddable":true,"href":"https:\/\/www.hsu-hh.de\/bep\/wp-json\/wp\/v2\/categories?post=1445"},{"taxonomy":"post_tag","embeddable":true,"href":"https:\/\/www.hsu-hh.de\/bep\/wp-json\/wp\/v2\/tags?post=1445"}],"curies":[{"name":"wp","href":"https:\/\/api.w.org\/{rel}","templated":true}]}}