{"id":250,"date":"2021-03-09T17:39:07","date_gmt":"2021-03-09T16:39:07","guid":{"rendered":"https:\/\/www.hsu-hh.de\/bedarfsgerechtigkeit\/?page_id=250"},"modified":"2024-02-19T11:43:01","modified_gmt":"2024-02-19T10:43:01","slug":"aktuelles","status":"publish","type":"page","link":"https:\/\/www.hsu-hh.de\/bedarfsgerechtigkeit\/aktuelles\/","title":{"rendered":"Aktuelles"},"content":{"rendered":"\n<div style=\"height:100px\" aria-hidden=\"true\" class=\"wp-block-spacer\"><\/div>\n\n\n\n<h4 class=\"wp-block-heading\">19.02.2024: Promotion von Alexander Max Bauer<\/h4>\n\n\n\n<div class=\"wp-block-columns is-layout-flex wp-container-core-columns-is-layout-9d6595d7 wp-block-columns-is-layout-flex\">\n<div class=\"wp-block-column is-layout-flow wp-block-column-is-layout-flow\">\n<p>Wir gratulieren Alexander Max Bauer von der Carl von Ossietzky Universit\u00e4t Oldenburg ganz herzlich zur erfolgreich bestandenen Promotion! Max hat k\u00fcrzlich seine Dissertation mit dem Titel \u201cEmpirische Studien zu Fragen der Bedarfsgerechtigkeit\u201d erfolgreich verteidigt. Erstgutachter der Arbeit war Mark Siebel, Zweitgutachter war Markus Tepe.<\/p>\n<\/div>\n\n\n\n<div class=\"wp-block-column is-layout-flow wp-block-column-is-layout-flow\">\n<figure class=\"wp-block-image size-large\"><img loading=\"lazy\" decoding=\"async\" width=\"1024\" height=\"646\" src=\"https:\/\/www.hsu-hh.de\/bedarfsgerechtigkeit\/wp-content\/uploads\/sites\/857\/2024\/02\/IMG_8005-1024x646.jpeg\" data-credit=\"Alexander Max Bauer\" alt=\"\" class=\"wp-image-394\" srcset=\"https:\/\/www.hsu-hh.de\/bedarfsgerechtigkeit\/wp-content\/uploads\/sites\/857\/2024\/02\/IMG_8005-1024x646.jpeg 1024w, https:\/\/www.hsu-hh.de\/bedarfsgerechtigkeit\/wp-content\/uploads\/sites\/857\/2024\/02\/IMG_8005-300x189.jpeg 300w, https:\/\/www.hsu-hh.de\/bedarfsgerechtigkeit\/wp-content\/uploads\/sites\/857\/2024\/02\/IMG_8005-768x484.jpeg 768w, https:\/\/www.hsu-hh.de\/bedarfsgerechtigkeit\/wp-content\/uploads\/sites\/857\/2024\/02\/IMG_8005-1536x969.jpeg 1536w, https:\/\/www.hsu-hh.de\/bedarfsgerechtigkeit\/wp-content\/uploads\/sites\/857\/2024\/02\/IMG_8005-2048x1292.jpeg 2048w, https:\/\/www.hsu-hh.de\/bedarfsgerechtigkeit\/wp-content\/uploads\/sites\/857\/2024\/02\/IMG_8005-1100x694.jpeg 1100w\" sizes=\"auto, (max-width: 1024px) 100vw, 1024px\" \/><\/figure>\n<\/div>\n<\/div>\n\n\n\n<div style=\"height:100px\" aria-hidden=\"true\" class=\"wp-block-spacer\"><\/div>\n\n\n\n<h4 class=\"wp-block-heading\">18.06.2021: Promotion von Manuel Schwaninger<\/h4>\n\n\n\n<div class=\"wp-block-columns is-layout-flex wp-container-core-columns-is-layout-9d6595d7 wp-block-columns-is-layout-flex\">\n<div class=\"wp-block-column is-layout-flow wp-block-column-is-layout-flow\">\n<p>Wir gratulieren Manuel Schwaniger von der Universit\u00e4t Wien ganz herzlich zur erfolgreich bestandenen Promotion! Manuel ist im&nbsp;Teilprojekt B1&nbsp;der Forschergruppe besch\u00e4ftigt (\u201eVerteilungspr\u00e4ferenzen und Bedarfsgerechtigkeit in Netzwerken\u201c).<\/p>\n<\/div>\n\n\n\n<div class=\"wp-block-column is-layout-flow wp-block-column-is-layout-flow\"><div class=\"wp-block-image is-style-default\">\n<figure class=\"alignleft size-thumbnail\"><img loading=\"lazy\" decoding=\"async\" width=\"150\" height=\"150\" src=\"https:\/\/www.hsu-hh.de\/bedarfsgerechtigkeit\/wp-content\/uploads\/sites\/857\/2021\/10\/Download-150x150.jpeg\" data-credit=\"Schwaninger\" alt=\"Foto\" class=\"wp-image-307\" srcset=\"https:\/\/www.hsu-hh.de\/bedarfsgerechtigkeit\/wp-content\/uploads\/sites\/857\/2021\/10\/Download-150x150.jpeg 150w, https:\/\/www.hsu-hh.de\/bedarfsgerechtigkeit\/wp-content\/uploads\/sites\/857\/2021\/10\/Download-100x100.jpeg 100w\" sizes=\"auto, (max-width: 150px) 100vw, 150px\" \/><\/figure>\n<\/div>\n\n\n<p><\/p>\n<\/div>\n<\/div>\n\n\n\n<div style=\"height:100px\" aria-hidden=\"true\" class=\"wp-block-spacer\"><\/div>\n\n\n\n<h4 class=\"wp-block-heading\">31.05.2021: Neue Ver\u00f6ffentlichung von Andreas Nicklisch<\/h4>\n\n\n\n<p>Andreas Nicklisch hat gemeinsam mit&nbsp;Louis Putterman und&nbsp;Christian Th\u00f6ni ein neues Papier ver\u00f6ffentlicht. Im Journal of Public Economics ist k\u00fcrzlich \u201eTrigger-happy or precisionist? On demand for monitoring in peer-based public-goods provision\u201d erschienen. Sie finden die Publikation unter dem folgenden Link:&nbsp;<a rel=\"noreferrer noopener\" href=\"https:\/\/doi.org\/10.1016\/j.jpubeco.2021.104429\" target=\"_blank\">https:\/\/doi.org\/10.1016\/j.jpubeco.2021.104429<\/a><\/p>\n\n\n\n<div style=\"height:100px\" aria-hidden=\"true\" class=\"wp-block-spacer\"><\/div>\n\n\n\n<h4 class=\"wp-block-heading\">25.08.2020: Promotion von Sabine Neuhofer<\/h4>\n\n\n\n<div class=\"wp-block-columns is-layout-flex wp-container-core-columns-is-layout-9d6595d7 wp-block-columns-is-layout-flex\">\n<div class=\"wp-block-column is-layout-flow wp-block-column-is-layout-flow\">\n<p>Wir gratulieren Sabine Neuhofer von der Universit\u00e4t Wien ganz herzlich zur erfolgreich bestandenen Promotion! Sabine ist im&nbsp;Teilprojekt B1&nbsp;der Forschergruppe besch\u00e4ftigt (\u201eVerteilungspr\u00e4ferenzen und Bedarfsgerechtigkeit in Netzwerken\u201c).<\/p>\n<\/div>\n\n\n\n<div class=\"wp-block-column is-layout-flow wp-block-column-is-layout-flow\"><div class=\"wp-block-image is-style-default\">\n<figure class=\"alignleft size-thumbnail\"><img loading=\"lazy\" decoding=\"async\" width=\"150\" height=\"150\" src=\"https:\/\/www.hsu-hh.de\/bedarfsgerechtigkeit\/wp-content\/uploads\/sites\/857\/2021\/03\/sabine_foto-150x150.jpg\" data-credit=\"Neuhofer\" alt=\"Foto\" class=\"wp-image-256\" srcset=\"https:\/\/www.hsu-hh.de\/bedarfsgerechtigkeit\/wp-content\/uploads\/sites\/857\/2021\/03\/sabine_foto-150x150.jpg 150w, https:\/\/www.hsu-hh.de\/bedarfsgerechtigkeit\/wp-content\/uploads\/sites\/857\/2021\/03\/sabine_foto-100x100.jpg 100w\" sizes=\"auto, (max-width: 150px) 100vw, 150px\" \/><\/figure>\n<\/div>\n\n\n<p><\/p>\n<\/div>\n<\/div>\n\n\n\n<div style=\"height:100px\" aria-hidden=\"true\" class=\"wp-block-spacer\"><\/div>\n\n\n\n<h4 class=\"wp-block-heading\">07.05.2020: Bedarfsbuch der Forschergruppe im Springer-Verlag erschienen<\/h4>\n\n\n\n<div class=\"wp-block-columns is-layout-flex wp-container-core-columns-is-layout-9d6595d7 wp-block-columns-is-layout-flex\">\n<div class=\"wp-block-column is-layout-flow wp-block-column-is-layout-flow\">\n<p>Das von Stefan Traub und Bernhard Kittel herausgegebene Buch&nbsp;<em>Need-Based Distributive Justice: An Interdisciplinary Perspective<\/em>&nbsp;(<abbr title=\"International Standard Book Number\">ISBN<\/abbr> 978-3-030-44120-3) ist soeben im Springer Verlag erschienen und nun auch Online (<a href=\"https:\/\/www.springer.com\/de\/book\/9783030441203\" rel='nofollow'>Link<\/a>) und im Buchhandel erh\u00e4ltlich.&nbsp;Spannende Beitr\u00e4ge zur Bedarfsgerechtigkeit aus verschiedenen Perspektiven gibt es neben den Herausgebern von Mark Siebel, Thomas Schramme, Adele Diederich, Frank Nullmeier, Tanja Pritzlaff-Scheele, Kai-Uwe Schnapp, Markus Tepe, Andreas Nicklisch und Fabian Paetzel.&nbsp;<\/p>\n<\/div>\n\n\n\n<div class=\"wp-block-column is-layout-flow wp-block-column-is-layout-flow\">\n<figure class=\"wp-block-image size-large is-resized\"><img loading=\"lazy\" decoding=\"async\" width=\"768\" height=\"575\" src=\"https:\/\/www.hsu-hh.de\/bedarfsgerechtigkeit\/wp-content\/uploads\/sites\/857\/2021\/03\/Buchdeckel.jpeg\" data-credit=\"FOR2104\" alt=\"Buchdeckel\" class=\"wp-image-255\" style=\"width:192px;height:144px\" srcset=\"https:\/\/www.hsu-hh.de\/bedarfsgerechtigkeit\/wp-content\/uploads\/sites\/857\/2021\/03\/Buchdeckel.jpeg 768w, https:\/\/www.hsu-hh.de\/bedarfsgerechtigkeit\/wp-content\/uploads\/sites\/857\/2021\/03\/Buchdeckel-300x225.jpeg 300w\" sizes=\"auto, (max-width: 768px) 100vw, 768px\" \/><\/figure>\n<\/div>\n<\/div>\n\n\n\n<div style=\"height:100px\" aria-hidden=\"true\" class=\"wp-block-spacer\"><\/div>\n\n\n\n<h4 class=\"wp-block-heading\">07.05.2020: Neue Ver\u00f6ffentlichung im Journal Economics Letters<\/h4>\n\n\n\n<p>Marina Chugunova&nbsp;hat gemeinsam mit&nbsp;Wolfgang Luhan und&nbsp;Andreas Nicklisch&nbsp;ein neues Paper ver\u00f6ffentlicht. Im Journal Economics Letters ist k\u00fcrzlich \u201eWhen to leave carrots for sticks: On the evolution of sanctioning institutions in open communities\u201d erschienen. Sie finden die Publikation unter dem folgenden Link:&nbsp;<a href=\"https:\/\/doi.org\/10.1016\/j.econlet.2020.109155\" rel='nofollow'>https:\/\/doi.org\/10.1016\/j.econlet.2020.109155<\/a>.<\/p>\n\n\n\n<div style=\"height:100px\" aria-hidden=\"true\" class=\"wp-block-spacer\"><\/div>\n\n\n\n<h4 class=\"wp-block-heading\">27.04.2020: Sammelband &#8222;Empirical Research and Normative Theory&#8220; erschienen<\/h4>\n\n\n\n<p>Seit Montag ist der Sammelband &#8222;Empricial Research and Normative Theory&#8220; erh\u00e4ltlich (<a href=\"https:\/\/www.degruyter.com\/view\/title\/540265?tab_body=toc-62810\" rel='nofollow'>https:\/\/www.degruyter.com\/view\/title\/540265?tab_body=toc-62810<\/a>).&nbsp;Spannende Beitr\u00e4ge gibt es unter anderem von Lars Schwettmann, David Miller und Guillermina Jasso.&nbsp;Herausgeber des Sammelbandes sind Alexander Max Bauer (aus dem Teilprojekt A2&nbsp;\u201eMa\u00dfe der Bedarfsgerechtigkeit, Expertise und Koh\u00e4renz\u201c der Forschergruppe) und Malte Meyerhuber.<\/p>\n\n\n\n<div style=\"height:100px\" aria-hidden=\"true\" class=\"wp-block-spacer\"><\/div>\n\n\n\n<h4 class=\"wp-block-heading\">02.04.2020: Neue Publikation und neues Video aus dem Teilprojekt B1<\/h4>\n\n\n\n<p>Bernhard Kittel hat gemeinsam mit Sabine Neuhofer und Manuel Schwaninger ein neues Paper ver\u00f6ffentlicht. im Journal PLOS ONE ist k\u00fcrzlich \u201eThe impact of need on distributive decisions: Experimental evidence on anchor effects of exogenous thresholds in the laboratory\u201d erschienen. Sie finden die Publikation unter dem folgenden Link:&nbsp;<a href=\"https:\/\/doi.org\/10.1371\/journal.pone.0228753\" rel='nofollow'>https:\/\/doi.org\/10.1371\/journal.pone.0228753<\/a>. Auf der Webseite der Universit\u00e4t Wien wurde zudem ein Artikel (inklusive kurzem Video) \u00fcber die Publikation ver\u00f6ffentlicht:&nbsp;<a href=\"https:\/\/medienportal.univie.ac.at\/videos\/uni-wien-forscht\/detailansicht\/artikel\/sozialleistungen-teilen-oder-nicht-teilen\/\" rel='nofollow'>https:\/\/medienportal.univie.ac.at\/videos\/uni-wien-forscht\/detailansicht\/artikel\/sozialleistungen-teilen-oder-nicht-teilen\/<\/a>.<\/p>\n\n\n\n<div style=\"height:100px\" aria-hidden=\"true\" class=\"wp-block-spacer\"><\/div>\n\n\n\n<h4 class=\"wp-block-heading\">21.02.2020: Buchdeckel f\u00fcr in K\u00fcrze erscheinendes Bedarfsbuch aus der Forschergruppe<\/h4>\n\n\n\n<div class=\"wp-block-columns is-layout-flex wp-container-core-columns-is-layout-9d6595d7 wp-block-columns-is-layout-flex\">\n<div class=\"wp-block-column is-layout-flow wp-block-column-is-layout-flow\">\n<p>Im Springer-Verlag erscheint in K\u00fcrze das von Stefan Traub und Bernhard Kittel herausgegebene Buch&nbsp;<em>Need-Based Distributive Justice: An Interdisciplinary Perspective<\/em>&nbsp;(<abbr title=\"International Standard Book Number\">ISBN<\/abbr> 978-3-030-44120-3). Als Vorgeschmack auf das Buch sehen Sie hier bereits den Buchdeckel (<a href=\"https:\/\/bedarfsgerechtigkeit.hsu-hh.de\/dropbox\/tp\/978-3-030-44120-3_cover_traub.pdf\" rel='nofollow'>hier auch als pdf verf\u00fcgbar<\/a>).<\/p>\n<\/div>\n\n\n\n<div class=\"wp-block-column is-layout-flow wp-block-column-is-layout-flow\">\n<figure class=\"wp-block-image size-large is-resized\"><img loading=\"lazy\" decoding=\"async\" width=\"768\" height=\"575\" src=\"https:\/\/www.hsu-hh.de\/bedarfsgerechtigkeit\/wp-content\/uploads\/sites\/857\/2021\/03\/Buchdeckel.jpeg\" data-credit=\"FOR2104\" alt=\"Buchdeckel\" class=\"wp-image-255\" style=\"width:192px;height:144px\" srcset=\"https:\/\/www.hsu-hh.de\/bedarfsgerechtigkeit\/wp-content\/uploads\/sites\/857\/2021\/03\/Buchdeckel.jpeg 768w, https:\/\/www.hsu-hh.de\/bedarfsgerechtigkeit\/wp-content\/uploads\/sites\/857\/2021\/03\/Buchdeckel-300x225.jpeg 300w\" sizes=\"auto, (max-width: 768px) 100vw, 768px\" \/><\/figure>\n\n\n\n<p><\/p>\n<\/div>\n<\/div>\n\n\n\n<div style=\"height:100px\" aria-hidden=\"true\" class=\"wp-block-spacer\"><\/div>\n\n\n\n<h4 class=\"wp-block-heading\">17.02.2020: Neue Ver\u00f6ffentlichung aus der Forschergruppe zu Need und Frames<\/h4>\n\n\n\n<p>Adele Diederich,&nbsp;Marc&nbsp;Wyszynski und&nbsp;Stefan&nbsp;Traub aus der Forschergruppe haben gemeinsam&nbsp;ein neues Paper ver\u00f6ffentlicht. Im Journal&nbsp;<em>Theory and Decision<\/em>&nbsp;&nbsp;ist k\u00fcrzlich \u201eNeed, frames, and time constrains in risky decision-making\u201d erschienen (<a href=\"https:\/\/doi.org\/10.1007\/s11238-020-09744-6\" rel='nofollow'>https:\/\/doi.org\/10.1007\/s11238-020-09744-6<\/a>).<\/p>\n\n\n\n<div style=\"height:100px\" aria-hidden=\"true\" class=\"wp-block-spacer\"><\/div>\n\n\n\n<h4 class=\"wp-block-heading\">14.11.2019: Forschergruppe diskutiert am DIW Berlin \u00fcber Bedarfsgerechtigkeit<\/h4>\n\n\n\n<p>Stefan Traub und Bernhard Kittel aus der Forschergruppe haben am 06.11.2019 bei einem Lunchtime-Meeting des DIW Berlin gemeinsam mit Jule Adriaans, Stefan Liebig und J\u00fcrgen Schupp \u00fcber das Thema &#8222;Bedarfsgerechtigkeit oder bedingungsloses Grundeinkommen &#8211; Wie k\u00f6nnen Verteilungskonflikte k\u00fcnftig gel\u00f6st werden?&#8220; diskutiert. Weitere Informationen zur Veranstaltung finden Sie unter dem folgenden <a href=\"https:\/\/www.diw.de\/de\/diw_01.c.684089.de\/veranstaltungen\/bedarfsgerechtigkeit_oder_bedingungsl...onflikte_kuenftig_geloest_werden.html\" rel='nofollow'>Link<\/a>.<\/p>\n\n\n\n<div style=\"height:100px\" aria-hidden=\"true\" class=\"wp-block-spacer\"><\/div>\n\n\n\n<h4 class=\"wp-block-heading\">25.09.2019: Neuer Sammelband &#8222;Philosophie zwischen Sein und Sollen&#8220; erschienen<\/h4>\n\n\n\n<div class=\"wp-block-columns is-layout-flex wp-container-core-columns-is-layout-9d6595d7 wp-block-columns-is-layout-flex\">\n<div class=\"wp-block-column is-layout-flow wp-block-column-is-layout-flow\">\n<p>Inspiriert durch die Arbeit der Forschergruppe erscheint kommenden Sommer der Sammelband \u00bbEmpirical Research and Normative Theory\u00ab bei de Gruyter, mit Beitr\u00e4gen unter anderem von Guillermina Jasso, James Konow (als reprint), David Miller, Albert Musschenga, Norbert Paulo und Lars Schwettmann (<a href=\"https:\/\/www.degruyter.com\/view\/product\/507046\" rel='nofollow'>https:\/\/www.degruyter.com\/view\/product\/507046<\/a>). F\u00fcr alle, die bis dahin nicht warten k\u00f6nnen, ist letzten Monat schon ein deutscher Band zum gleichen Themenkomplex erschienen (<a href=\"https:\/\/www.degruyter.com\/view\/product\/507042\" rel='nofollow'>https:\/\/www.degruyter.com\/view\/product\/507042<\/a>). Beide Sammelb\u00e4nder werden von Alexander Max Bauer (aus dem Teilprojekt A2&nbsp;\u201eMa\u00dfe der Bedarfsgerechtigkeit, Expertise und Koh\u00e4renz\u201c der Forschergruppe) und Malte Meyerhuber herausgegeben.<\/p>\n<\/div>\n\n\n\n<div class=\"wp-block-column is-layout-flow wp-block-column-is-layout-flow\">\n<figure class=\"wp-block-image size-large\"><img loading=\"lazy\" decoding=\"async\" width=\"150\" height=\"221\" src=\"https:\/\/www.hsu-hh.de\/bedarfsgerechtigkeit\/wp-content\/uploads\/sites\/857\/2021\/03\/Buch_2.jpeg\" data-credit=\"\" alt=\"Buch_2\" class=\"wp-image-254\" \/><\/figure>\n<\/div>\n<\/div>\n\n\n\n<div style=\"height:100px\" aria-hidden=\"true\" class=\"wp-block-spacer\"><\/div>\n\n\n\n<h4 class=\"wp-block-heading\">28.06.2019: Weitere neue Ver\u00f6ffentlichung aus D1<\/h4>\n\n\n\n<p>Andreas Nicklisch (Teilprojekt D1) hat gemeinsam mit&nbsp;Marcus Giamattei, J\u00fcrgen Huber, Johann Graf Lambsdorff und Stefan Palan eine weitere neue Ver\u00f6ffentlichung:&nbsp;&#8222;Who inflates the bubble? Forecasters and traders in experimental asset markets&#8220;, forthcoming im&nbsp;Journal of Economic Dynamics and Control.<\/p>\n\n\n\n<div style=\"height:100px\" aria-hidden=\"true\" class=\"wp-block-spacer\"><\/div>\n\n\n\n<h4 class=\"wp-block-heading\">28.06.2019: Neue Ver\u00f6ffentlichung aus D1<\/h4>\n\n\n\n<p>Andreas Nicklisch (Teilprojekt D1 der Forschergruppe) hat gemeinsam mit Anke Gerber und Stefan Voigt ein neues Paper ver\u00f6ffentlicht. Im&nbsp;<em>Journal of Economic Behavior and Organization<\/em>&nbsp;ist k\u00fcrzlich \u201eThe role of ignorance in the emergence of redistribution\u201d erschienen (<a href=\"https:\/\/doi.org\/10.1016\/j.jebo.2019.04.021\" rel='nofollow'>https:\/\/doi.org\/10.1016\/j.jebo.2019.04.021<\/a>).<\/p>\n\n\n\n<div style=\"height:100px\" aria-hidden=\"true\" class=\"wp-block-spacer\"><\/div>\n\n\n\n<h4 class=\"wp-block-heading\">13.03.2019: Neue Videos von der Uni Wien<\/h4>\n\n\n\n<p>Vom 28.2-3.3.2018 fand die Abschlusstagung der ersten F\u00f6rderphase der FOR2104 an der Universit\u00e4t Wien statt. Ein Video zur Veranstaltung finden Sie unter dem folgenden Link:&nbsp;<a href=\"https:\/\/www.youtube.com\/watch?v=gNaQjn9CNhQ&amp;list=PLjJY3zbU0WVP7NidhOibms9IK4q5LDfZF&amp;index=4\" rel='nofollow'>https:\/\/www.youtube.com\/watch?v=gNaQjn9CNhQ&amp;list=PLjJY3zbU0WVP7NidhOibms9IK4q5LDfZF&amp;index=4<\/a>.&nbsp;Am 6. M\u00e4rz 2018 fand zudem eine Podiumsdiskussion zum Thema &#8222;Bedarfsgerechtigkeit&#8220; an der Universit\u00e4t Wien statt. Hierzu gibt es ebenfalls ein Video unter:&nbsp;<a href=\"https:\/\/www.youtube.com\/watch?v=SAy0rGihn4w\" rel='nofollow'>https:\/\/www.youtube.com\/watch?v=SAy0rGihn4w<\/a>.<\/p>\n\n\n\n<div style=\"height:100px\" aria-hidden=\"true\" class=\"wp-block-spacer\"><\/div>\n\n\n\n<h4 class=\"wp-block-heading\">11.03.2019: Promotion von Frauke Meyer<\/h4>\n\n\n\n<div class=\"wp-block-columns is-layout-flex wp-container-core-columns-is-layout-9d6595d7 wp-block-columns-is-layout-flex\">\n<div class=\"wp-block-column is-layout-flow wp-block-column-is-layout-flow\">\n<p>Wir gratulieren Frauke Meyer aus dem Teilprojekt A2 der Forschergruppe zur erfolgreich bestandenen Promotion! Auf dem Bild sind neben Frauke Meyer ihre beiden Betreuer&nbsp;Thomas Dohmen und Martin Strobel zu sehen.&nbsp;Die Dissertation von Frauke Meyer ist in digitaler Form unter folgendem Link zu finden:<br><a href=\"https:\/\/cris.maastrichtuniversity.nl\/portal\/files\/32568712\/c6306.pdf\" rel='nofollow'>https:\/\/cris.maastrichtuniversity.nl\/portal\/files\/32568712\/c6306.pdf<\/a><\/p>\n<\/div>\n\n\n\n<div class=\"wp-block-column is-layout-flow wp-block-column-is-layout-flow\">\n<figure class=\"wp-block-image size-large is-resized\"><img loading=\"lazy\" decoding=\"async\" width=\"768\" height=\"622\" src=\"https:\/\/www.hsu-hh.de\/bedarfsgerechtigkeit\/wp-content\/uploads\/sites\/857\/2021\/03\/Bild_Frauke.jpeg\" data-credit=\"Frauke Meyer\" alt=\"Bild_Frauke\" class=\"wp-image-252\" style=\"width:192px;height:156px\" srcset=\"https:\/\/www.hsu-hh.de\/bedarfsgerechtigkeit\/wp-content\/uploads\/sites\/857\/2021\/03\/Bild_Frauke.jpeg 768w, https:\/\/www.hsu-hh.de\/bedarfsgerechtigkeit\/wp-content\/uploads\/sites\/857\/2021\/03\/Bild_Frauke-300x243.jpeg 300w\" sizes=\"auto, (max-width: 768px) 100vw, 768px\" \/><\/figure>\n\n\n\n<p><\/p>\n<\/div>\n<\/div>\n\n\n\n<div style=\"height:100px\" aria-hidden=\"true\" class=\"wp-block-spacer\"><\/div>\n\n\n\n<h4 class=\"wp-block-heading\">13.12.2018: Neue Ver\u00f6ffentlichung aus dem Teilprojekt A1<\/h4>\n\n\n\n<p>Adele Diederich und Marc Wyszynski (Teilprojekt A1 der Forschergruppe) haben k\u00fcrzlich gemeinsam mit Ilana Ritov ein neues Paper ver\u00f6ffentlicht. Im Journal&nbsp;<em>Judgment and Decision Making<\/em>&nbsp;ist \u201eModerators of framing effects in variations of the Asian Disease problem: Time constraint, need and disease type\u201d erschienen (<a href=\"http:\/\/journal.sjdm.org\/vol13.6.html\" rel='nofollow'>http:\/\/journal.sjdm.org\/vol13.6.html<\/a>).<\/p>\n\n\n\n<div style=\"height:100px\" aria-hidden=\"true\" class=\"wp-block-spacer\"><\/div>\n\n\n\n<h4 class=\"wp-block-heading\">10.11.2018: Promotion von Marina Chugunova<\/h4>\n\n\n\n<div class=\"wp-block-columns is-layout-flex wp-container-core-columns-is-layout-9d6595d7 wp-block-columns-is-layout-flex\">\n<div class=\"wp-block-column is-layout-flow wp-block-column-is-layout-flow\">\n<p>FOR 2104 gratuliert Marina Chugunova (Teilprojekt D1) zur erfolgreichen Promotion! Am 19.10.2018 verteidigte <abbr title=\"Doktor\">Dr.<\/abbr> Chugunova an der Uni Hamburg erfolgreich Ihre Dissertation mit dem Titel \u201cInstitutional Consequences of Justice on Cooperation and Redistribution Systems\u201d. Mit auf dem Bild (v.l.n.r.r): Kai-Uwe Schnapp (Erstgutachter), Andreas Nicklisch (Betreuer) und Stefan Traub (Zweitgutachter). Der n\u00e4chste Karriereschritt ist bereits gemacht: Seit kurzem arbeitet Marina Chugunova als Senior Research Fellow am Max-Planck-Institut f\u00fcr Innovation und Wettbewerb in M\u00fcnchen (<a href=\"https:\/\/www.ip.mpg.de\/de.html\" rel='nofollow'>https:\/\/www.ip.mpg.de\/de.html<\/a>). Wir w\u00fcnschen viel Erfolg f\u00fcr den weiteren Berufsweg.<\/p>\n<\/div>\n\n\n\n<div class=\"wp-block-column is-layout-flow wp-block-column-is-layout-flow\">\n<figure class=\"wp-block-image size-large is-resized\"><img loading=\"lazy\" decoding=\"async\" width=\"768\" height=\"576\" src=\"https:\/\/www.hsu-hh.de\/bedarfsgerechtigkeit\/wp-content\/uploads\/sites\/857\/2021\/03\/Bild_Marina.jpeg\" data-credit=\"Marina Chugunova\" alt=\"Bild_Marina\" class=\"wp-image-253\" style=\"width:384px;height:288px\" srcset=\"https:\/\/www.hsu-hh.de\/bedarfsgerechtigkeit\/wp-content\/uploads\/sites\/857\/2021\/03\/Bild_Marina.jpeg 768w, https:\/\/www.hsu-hh.de\/bedarfsgerechtigkeit\/wp-content\/uploads\/sites\/857\/2021\/03\/Bild_Marina-300x225.jpeg 300w\" sizes=\"auto, (max-width: 768px) 100vw, 768px\" \/><\/figure>\n<\/div>\n<\/div>\n\n\n\n<div style=\"height:100px\" aria-hidden=\"true\" class=\"wp-block-spacer\"><\/div>\n\n\n\n<h4 class=\"wp-block-heading\">01.11.2018: Neue Publikation<\/h4>\n\n\n\n<p>Von Manuel Schwaninger, Sabine Neuhofer und Bernhard Kittel (Universit\u00e4t Wien und Teilprojekt B1 der Forschergruppe) ist eine neue Publikation bei&nbsp;Social Science Research erschienen: &#8222;Offers beyond the negotiating dyad: Including the excluded in a network exchange experiment&#8220; (<a href=\"https:\/\/doi.org\/10.1016\/j.ssresearch.2018.10.014\" rel='nofollow'>https:\/\/doi.org\/10.1016\/j.ssresearch.2018.10.014<\/a>).<\/p>\n\n\n\n<div style=\"height:100px\" aria-hidden=\"true\" class=\"wp-block-spacer\"><\/div>\n\n\n\n<h4 class=\"wp-block-heading\"> 21.06.2018: Uni-Zeitschrift der Uni Oldenburg berichtet \u00fcber Verl\u00e4ngerung der FOR 2104<\/h4>\n\n\n\n<p>Die Uni-Zeitschrift der Uni Oldenburg berichtet auf Seite 4 \u00fcber die Verl\u00e4ngerung der FOR 2104. Einen Link finden Sie hier: <a href=\"http:\/\/www.presse.uni-oldenburg.de\/uni-info\/2018\/3\/\" rel='nofollow'>http:\/\/www.presse.uni-oldenburg.de\/uni-info\/2018\/3\/<\/a><\/p>\n\n\n\n<div style=\"height:100px\" aria-hidden=\"true\" class=\"wp-block-spacer\"><\/div>\n\n\n\n<h4 class=\"wp-block-heading\">09.06.2018: Markus Tepe und Maximilian Lutz tragen Arbeiten der FOR2104 auf mehreren Konferenzen vor<\/h4>\n\n\n\n<p>Markus Tepe und Maximilan Lutz tragen das Thema &#8222;Redistribution by lot. Evidence from a real-effort experiment&#8220; bei der&nbsp;European Political Science Association (EPSA), 8th Annual Conference, beim&nbsp;European Consortium for Poltical Research (ECPR) und bei der&nbsp;Jahrestagung der&nbsp;Deutschen Vereinigung f\u00fcr Politikwissenschaft (DVPW) vor.<\/p>\n\n\n\n<div style=\"height:100px\" aria-hidden=\"true\" class=\"wp-block-spacer\"><\/div>\n\n\n\n<h4 class=\"wp-block-heading\">07.06.2018: &#8222;derStandard&#8220; berichtet \u00fcber Podiumsdiskussion der FOR2104 in Wien<\/h4>\n\n\n\n<p>Am 6. M\u00e4rz 2018 fand eine Podiumsdiskussion zum Thema &#8222;Bedarfsgerechtigkeit&#8220; an der Universit\u00e4t Wien statt. Bernhard Kittel leitete mit einem Vortrag die Diskussion ein. Danach diskutierte Kittel mit Vertretern verschiedener politischer Begr\u00fcndungsstrategien, darunter Erich Fenninger (Volkshilfe \u00d6sterreich), Markus Marterbauer (AK Wien) und Rolf Glei\u00dfner (WK\u00d6).&nbsp;Eric Frey,&nbsp;Chef vom Dienst von derStandard,&nbsp;moderierte den Abend. Einen Bericht der Universit\u00e4t Wien finden Sie unter&nbsp;<a href=\"http:\/\/wissenschaftundpraxis.univie.ac.at\/rueckblick-2018\/\" rel='nofollow'>http:\/\/wissenschaftundpraxis.univie.ac.at\/rueckblick-2018\/<\/a>. Eric Frey berichtete zudem im Standard von der Veranstaltung:&nbsp;<a href=\"https:\/\/derstandard.at\/2000076298440\/BudgetpolitikGerechtigkeit-in-der-ist-Ansichtssache\" rel='nofollow'>https:\/\/derstandard.at\/2000076298440\/BudgetpolitikGerechtigkeit-in-der-ist-Ansichtssache<\/a>.<\/p>\n\n\n\n<div style=\"height:100px\" aria-hidden=\"true\" class=\"wp-block-spacer\"><\/div>\n\n\n\n<h4 class=\"wp-block-heading\">30.05.2018: Neue Ver\u00f6ffentlichungen von Andreas Nicklisch<\/h4>\n\n\n\n<p>Andreas Nicklisch hat zwei neue Publikationen. Zum einen wurde das Paper &#8222;Parents&#8216; Ambitions and Children&#8217;s Competitiveness&#8220; (gemeinsam mit M. Khadjavi) im Journal of Economic Psychology zur Ver\u00f6ffentlichung angenommen. Zum anderen wird &#8222;The joint Journal articles benefits of observed and unobserved social sanctions&#8220; (mit A. Gl\u00f6ckner &amp; S. Kube) im Journal of Behavioral and Experimental Economics erscheinen.<\/p>\n\n\n\n<div style=\"height:100px\" aria-hidden=\"true\" class=\"wp-block-spacer\"><\/div>\n\n\n\n<h4 class=\"wp-block-heading\">13.01.2018: DFG bewilligt 2,4 Millionen Euro f\u00fcr die Fortf\u00fchrung der Forschergruppe \u201eBedarfsgerechtigkeit und Verteilungsprozeduren\u201c (FOR 2104)<\/h4>\n\n\n\n<p>Die Deutsche Forschungsgemeinschaft (DFG) hat die Fortf\u00fchrung der Forschergruppe \u201eBedarfsgerechtigkeit und Verteilungsprozeduren\u201c (FOR 2104) f\u00fcr weitere drei Jahre bewilligt. Die Forschergruppe erh\u00e4lt insgesamt rund 2,4 Millionen Euro.<\/p>\n\n\n\n<p>Die Deutsche Forschungsgemeinschaft (DFG) hat die Fortf\u00fchrung der Forschergruppe \u201eBedarfsgerechtigkeit und Verteilungsprozeduren\u201c (FOR 2104) f\u00fcr weitere drei Jahre bewilligt. Die Forschergruppe erh\u00e4lt insgesamt rund 2,4 Millionen Euro. Die Mittel verteilen sich gr\u00f6\u00dftenteils auf Personal (insgesamt 10 wissenschaftliche Mitarbeit-Stellen f\u00fcr Doktoranden und Post-Doktoranden) und Probandenhonorare f\u00fcr die geplanten Experimente. Zudem soll in der zweiten F\u00f6rderphase ein Teil der Mittel f\u00fcr \u00d6ffentlichkeitsarbeit in Form von Transfer-Workshops verwendet werden. Die Forschergruppe will gemeinsam mit Akteuren aus Wirtschaft, Politik, Verwaltung und Organisationen die Ergebnisse des Projekts \u00f6ffentlich diskutieren und aus der Diskussion mit Nichtwissenschaftlern praxisorientierte Empfehlungen destillieren. Zus\u00e4tzlich zu den in der ersten Phase bewilligten sieben Teilprojekten konnte ein zus\u00e4tzliches Teilprojekt, geleitet von <abbr title=\"Professor\">Prof.<\/abbr> Kai-Uwe Schnapp (Uni Hamburg), eingeworben werden. Sprecher der Forschergruppe bleibt <abbr title=\"Professor\">Prof.<\/abbr> Stefan Traub (<abbr title=\"Helmut Schmidt Universit\u00e4t\">HSU<\/abbr> Hamburg).<\/p>\n\n\n\n<p>In den insgesamt acht Teilprojekten, die an den Universit\u00e4ten Hamburg, Bremen, Oldenburg, Wien (\u00d6sterreich), der Jacobs University Bremen, der Helmut-Schmidt Universit\u00e4t Hamburg, und der Hochschule f\u00fcr Technik und Wirtschaft Chur (Schweiz) angesiedelt sind, wird in den kommenden drei Jahren weiterhin an einer durch empirisch-experimentelle Evidenz gest\u00fctzten normativen Theorie der Bedarfsgerechtigkeit geforscht. Eine Besonderheit von FOR 2104 ist der interdisziplin\u00e4re Zuschnitt, der die Disziplinen \u00d6konomie, Philosophie, Politikwissenschaft, Psychologie und Soziologie umfasst und in den Teilprojekten jeweils zu Tandems verbindet. In methodischer Hinsicht ist die Gruppe innovativ, weil alle Teilprojekte mit Hilfe von Laborexperimenten Daten zum Verhalten von Versuchspersonen in Verteilungssituationen sammeln. Es wird also direkt beobachtet, was Menschen als gerechte Verteilung empfinden und an welchen Gerechtigkeitsma\u00dfst\u00e4ben sie ihr Verhalten ausrichten. &nbsp;Die erste F\u00f6rderphase (4.2015-3.2018) hat gezeigt, dass die Verteilung von Ressourcen nach gesellschaftlich anerkannten Bedarfen ein zentrales Handlungs- und Gerechtigkeitsprinzip in Verteilungssituationen darstellt. Bedarfsgerechte Steuer- und Transfersysteme sind im Allgemeinen widerspruchsfreier, politisch legitimer und stabiler und \u00f6konomisch nachhaltiger als solche, die sich rein an Leistungsgerechtigkeit oder Gleichheit orientieren.<\/p>\n\n\n\n<p>In der nun genehmigten zweiten F\u00f6rderphase stehen unterschiedliche Konzeptionen der Bedarfsgerechtigkeit im Mittelpunkt, die sich aus Heterogenit\u00e4t \u2013 also unterschiedlichen Gruppenmitgliedschaften, die auf erworbenen (<abbr title=\"zum Beispiel\">z.B.<\/abbr> Leistung) oder zugeschriebenen Eigenschaften (<abbr title=\"zum Beispiel\">z.B.<\/abbr> Geschlecht oder Herkunft) basieren \u2013 ergeben. Es wird zu \u00fcberpr\u00fcfen sein, welchen Reichweiteneinschr\u00e4nkungen das Bedarfsprinzip unterliegt, welches Ausma\u00df an Differenzierung und anerkennungsf\u00e4higer Begr\u00fcndung auftritt und ob es auch in Gegenwart ausgepr\u00e4gter Heterogenit\u00e4t konsistent ermittelte, legitime, stabile und nachhaltige Verteilungsergebnisse erzeugt.<\/p>\n\n\n\n<div style=\"height:100px\" aria-hidden=\"true\" class=\"wp-block-spacer\"><\/div>\n\n\n\n<h4 class=\"wp-block-heading\">13.01.2018: Abschlusskonferenz der ersten F\u00f6rderphase<\/h4>\n\n\n\n<p>Abschlusstagung f\u00fcr die erste F\u00f6rderphase vom 28.2 bis 3.3.2018 an der Uni Wien.<\/p>\n\n\n\n<p>Vom 28.2-3.3.2018 findet die Abschlusstagung der ersten F\u00f6rderphase der FOR2104 an der Uni Wien statt.&nbsp;<\/p>\n\n\n\n<p>Auf der Tagung werden die Ergebnisse der ersten F\u00f6rderphase (2015-2018) vorgestellt und mit ausgewiesenen Forschern diskutiert.&nbsp;<\/p>\n\n\n\n<p>Wir freuen uns auf eine spannende Konferenz.<\/p>\n\n\n\n<div style=\"height:100px\" aria-hidden=\"true\" class=\"wp-block-spacer\"><\/div>\n\n\n\n<h4 class=\"wp-block-heading\">30.08.2017: Tanja Pritzlaff-Scheele tr\u00e4gt Arbeit der FOR2104 auf der APSA in San Francisco vor<\/h4>\n\n\n\n<p>Tanja Pritzlaff-Scheele tr\u00e4gt Arbeiten der FOR2104 auf dem&nbsp;<a href=\"http:\/\/web.apsanet.org\/apsa2017\/\" rel='nofollow'>APSA Annual Meeting in San Francisco (31.0.8.-03.09.)<\/a>&nbsp;vor.<\/p>\n\n\n\n<div style=\"height:100px\" aria-hidden=\"true\" class=\"wp-block-spacer\"><\/div>\n\n\n\n<h4 class=\"wp-block-heading\">30.08.2017: Andreas Nicklisch, Stefan Traub und Fabian Paetzel tragen Arbeiten der FOR2104 auf der ESA Konferenz (6-9.9) in Wien vor.<\/h4>\n\n\n\n<p><a href=\"http:\/\/esa2017.wu.ac.at\/\" rel='nofollow'>Andreas Nicklisch, Stefan Traub und Fabian Paetzel tragen Arbeiten der FOR2104 auf der ESA Konferenz (6-9.9) in Wien vor.<\/a><\/p>\n\n\n\n<div style=\"height:100px\" aria-hidden=\"true\" class=\"wp-block-spacer\"><\/div>\n\n\n\n<h4 class=\"wp-block-heading\">30.08.2017: Markus Tepe und Bernhard Kittel tragen Arbeiten der FOR2104 auf der ECPR Konferenz in Oslo vor<\/h4>\n\n\n\n<p><a href=\"http:\/\/ecpr.eu\/Events\/EventDetails.aspx?EventID=96\" rel='nofollow'>Markus Tepe und Bernhard Kittel tragen Arbeiten der FOR2104 auf der ECPR Konferenz in Oslo vor.<\/a><\/p>\n\n\n\n<div style=\"height:100px\" aria-hidden=\"true\" class=\"wp-block-spacer\"><\/div>\n\n\n\n<h4 class=\"wp-block-heading\">29.08.2017: &#8222;Das ist so was von unfair! Wie verteilt man etwas gerecht?&#8220;, KinderUni 2017<\/h4>\n\n\n\n<p>KinderUni mit Mark Siebel, Universit\u00e4t Oldenburg, 30. August 2017<\/p>\n\n\n\n<p>Mark Siebel wird am 30. August 2017 eine Vorlesung zum Thema &#8222;Das ist so was von unfair! Wie verteilt man etwas gerecht?&#8220; im Rahmen der KinderUni halten.&nbsp;<\/p>\n\n\n\n<div style=\"height:100px\" aria-hidden=\"true\" class=\"wp-block-spacer\"><\/div>\n\n\n\n<h4 class=\"wp-block-heading\">06.03.2017: Bernhard Kittel auf der ACCER in Duisburg<\/h4>\n\n\n\n<p><a href=\"http:\/\/accer.org\/index.php?page=ActForth\" rel='nofollow'>Bernhard Kittel tr\u00e4gt auf dem ACCER Workshop &#8222;Cross-Cultural Experiments in the Social Sciences, Economics and Management&#8220; in Duisburg vor.<\/a>&nbsp;<\/p>\n\n\n\n<div style=\"height:100px\" aria-hidden=\"true\" class=\"wp-block-spacer\"><\/div>\n\n\n\n<h4 class=\"wp-block-heading\">29.08.2017: \u201eVom Lehnstuhl auf die Stra\u00dfe\u201c, Portr\u00e4t von Mark Siebel<\/h4>\n\n\n\n<p>\u201eVom Lehnstuhl auf die Stra\u00dfe\u201c, Portr\u00e4t von Mark Siebel, EINBLICKE 61, Ausgabe 2016, Oldenburg.<\/p>\n\n\n\n<div style=\"height:100px\" aria-hidden=\"true\" class=\"wp-block-spacer\"><\/div>\n\n\n\n<h4 class=\"wp-block-heading\">16.11.2016: Workshop der Doktoranden an der Uni Wien<\/h4>\n\n\n\n<p>Am 17-18.11.2016 findet der Workshop f\u00fcr die wissenschaftlichen Mitarbeiter der FOR2104 an der Universit\u00e4t Wien statt.<\/p>\n\n\n\n<p>Alle Doktoranden stellen den aktuellen Arbeitsstand ihrer Dissertationen vor. Gemeinsam werden offene Fragen und m\u00f6gliche Schwierigkeiten besprochen.&nbsp;<\/p>\n\n\n\n<div style=\"height:100px\" aria-hidden=\"true\" class=\"wp-block-spacer\"><\/div>\n\n\n\n<h4 class=\"wp-block-heading\">02.05.2016: Treffen der Taskforce &#8222;Bedarf im Experiment&#8220;<\/h4>\n\n\n\n<p>Erstes Treffen war am 4.4.2016 an der Uni Bremen<\/p>\n\n\n\n<p>Die Taskforce &#8222;Bedarf im Experiment&#8220; hat ihre Arbeit aufgenommen. Das n\u00e4chste Treffen wird gerade vorbereitet. Ziel der Taskforce ist <abbr title=\"unter anderem\">u.a.<\/abbr> die Entwicklung von innovativen Designs, die Bedarfe im Experiment induzieren.&nbsp;<\/p>\n\n\n\n<div style=\"height:100px\" aria-hidden=\"true\" class=\"wp-block-spacer\"><\/div>\n\n\n\n<h4 class=\"wp-block-heading\">02.05.2016: Z-tree Workshop<\/h4>\n\n\n\n<p>Z-tree Workshop an der <abbr title=\"Helmut Schmidt Universit\u00e4t\">HSU<\/abbr> f\u00fcr die Mitarbeiter der FOR2104 war am 31.3 und 1.4.2016<\/p>\n\n\n\n<p>Am 31.3 und am 1.4.2016 hat die FOR2104 an der <abbr title=\"Helmut Schmidt Universit\u00e4t\">HSU<\/abbr> in Hamburg einen Doktoranden Workshop f\u00fcr die Software Z-tree angeboten. Herr <abbr title=\"Doktor\">Dr.<\/abbr> Sascha F\u00fcllbrunn hat diesen Workshop geleitet. Die FOR2104 bedankt sich bei den Doktoranden f\u00fcr die tolle Mitarbeit und beim Dozenten, der den Workshop ganz wunderbar geleitet hat.<\/p>\n\n\n\n<div style=\"height:100px\" aria-hidden=\"true\" class=\"wp-block-spacer\"><\/div>\n\n\n\n<h4 class=\"wp-block-heading\">08.02.2016: Workshop der FOR2104 am HWK in Delmenhorst<\/h4>\n\n\n\n<p>Workshop vom 10.2-12.2.2016 am HWK in Delmenhorst<\/p>\n\n\n\n<p>Vom 10.2-12.2 treffen sich die Mitglieder der Forschergruppe am HWK in Delmenhorst.&nbsp;<a href=\"https:\/\/bedarfsgerechtigkeit.hsu-hh.de\/aktuelles\/Programm_Stand20160208.pdf\" rel='nofollow'>Das Programm zur Tagung finden Sie hier<\/a>. Als Gastredner d\u00fcrfen wir <abbr title=\"Professor\">Prof.<\/abbr> <abbr title=\"Doktor\">Dr.<\/abbr> Claudia Landwehr und <abbr title=\"Professor\">Prof.<\/abbr> <abbr title=\"Doktor\">Dr.<\/abbr> Stefan Liebig begr\u00fc\u00dfen.<\/p>\n\n\n\n<div style=\"height:100px\" aria-hidden=\"true\" class=\"wp-block-spacer\"><\/div>\n\n\n\n<h4 class=\"wp-block-heading\">25.09.2015: FOR2104 auf der GfeW-Tagung in Hamburg<\/h4>\n\n\n\n<p>FOR2104 auf der GfeW-Tagung in Hamburg<\/p>\n\n\n\n<p>Die Forschergruppe ist auf der Tagung der Gesellschaft f\u00fcr experimentelle Wirtschaftsforschung (GfeW) an der Uni Hamburg mit einem eigenen Panel vertreten.<\/p>\n\n\n\n<p><a href=\"http:\/\/www.gfew.de\/tagungen.php?seite=13-1\" rel='nofollow'>Zur Konferenzseite.<\/a><\/p>\n\n\n\n<div style=\"height:100px\" aria-hidden=\"true\" class=\"wp-block-spacer\"><\/div>\n\n\n\n<h4 class=\"wp-block-heading\">16.09.2015: Studentische Hilfskr\u00e4fte gesucht!<\/h4>\n\n\n\n<p>Studentische Hilfskr\u00e4fte an der Helmut Schmidt Uni gesucht.<\/p>\n\n\n\n<p>Wir suchen ab sofort zwei studentische Hilfskr\u00e4fte, wobei der Stundenumfang flexibel ausgestaltet werden kann und ein Teil der Arbeitszeit zu Hause geleistet werden kann. Ihre Aufgaben liegen in der allgemeinen Unterst\u00fctzung des Lehrstuhls f\u00fcr Verhaltens\u00f6konomie an der Helmut Schmidt Universit\u00e4t Hamburg. Da wir unsere B\u00fcros in Hamburg haben m\u00fcssten Sie entweder in Hamburg wohnen oder einmal pro Woche nach Hamburg fahren.&nbsp;<br><br>Die Bewerberin <abbr title=\"beziehungsweise\">bzw.<\/abbr> der Bewerber muss nicht ein Student der <abbr title=\"Volkswirtschaftslehre\">VWL<\/abbr> sein. W\u00fcnschenswert sind Kenntnisse im Programmieren (Visual Basic, z-tree oder \u00e4hnliches) oder in der Anwendung von Statistikprogrammen (<abbr title=\"zum Beispiel\">z.B.<\/abbr> Stata). Wir freuen uns \u00fcber Ihre (Kurz)-Bewerbung. Gerne stehe ich f\u00fcr Fragen bereit.<br><br>Ihre Bewerbung sollte nicht mehr als 2 Seiten umfassen, einen kurzen Lebenslauf und Ihre F\u00e4higkeiten aufweisen und zudem erkennen lassen ob Sie in Hamburg wohnen oder einmal pro Woche nach Hamburg pendeln k\u00f6nnen.&nbsp;<br><br>Bewerbungen bitte an:&nbsp;<a>fpaetzel@hsu-hh.de.<\/a><br><br>Bewerbungsende: 24.9.2015<br><br><br>Wir freuen uns auf Ihre Bewerbung<br><br><abbr title=\"Doktor\">Dr.<\/abbr> Fabian Paetzel<\/p>\n\n\n\n<div style=\"height:100px\" aria-hidden=\"true\" class=\"wp-block-spacer\"><\/div>\n\n\n\n<h4 class=\"wp-block-heading\">29.08.2015 \u201eTheorie der Gerechtigkeit gesucht\u201c<\/h4>\n\n\n\n<p>Interview mit Mark Siebel und Markus Tepe<\/p>\n\n\n\n<p>Das Interview \u201eTheorie der Gerechtigkeit gesucht\u201c mit Mark Siebel und Markus Tepe, UNI-INFO 3\/2015, Oldenburg, kann unter dem folgenden Link heruntergeladen werden: <a href=\"http:\/\/www.presse.uni-oldenburg.de\/uni-info\/2015\/3\/uni-info-2015-03-ds.pdf\" rel='nofollow'>http:\/\/www.presse.uni-oldenburg.de\/uni-info\/2015\/3\/uni-info-2015-03-ds.pdf<\/a><\/p>\n","protected":false},"excerpt":{"rendered":"<p>19.02.2024: Promotion von Alexander Max Bauer Wir gratulieren Alexander Max Bauer von der Carl von Ossietzky Universit\u00e4t Oldenburg ganz herzlich zur erfolgreich bestandenen Promotion! Max hat k\u00fcrzlich seine Dissertation mit [&hellip;]<\/p>\n","protected":false},"author":878,"featured_media":0,"parent":0,"menu_order":0,"comment_status":"closed","ping_status":"closed","template":"","meta":{"footnotes":""},"categories":[51],"tags":[],"class_list":["post-250","page","type-page","status-publish","hentry","category-news-de"],"_links":{"self":[{"href":"https:\/\/www.hsu-hh.de\/bedarfsgerechtigkeit\/wp-json\/wp\/v2\/pages\/250","targetHints":{"allow":["GET"]}}],"collection":[{"href":"https:\/\/www.hsu-hh.de\/bedarfsgerechtigkeit\/wp-json\/wp\/v2\/pages"}],"about":[{"href":"https:\/\/www.hsu-hh.de\/bedarfsgerechtigkeit\/wp-json\/wp\/v2\/types\/page"}],"author":[{"embeddable":true,"href":"https:\/\/www.hsu-hh.de\/bedarfsgerechtigkeit\/wp-json\/wp\/v2\/users\/878"}],"replies":[{"embeddable":true,"href":"https:\/\/www.hsu-hh.de\/bedarfsgerechtigkeit\/wp-json\/wp\/v2\/comments?post=250"}],"version-history":[{"count":11,"href":"https:\/\/www.hsu-hh.de\/bedarfsgerechtigkeit\/wp-json\/wp\/v2\/pages\/250\/revisions"}],"predecessor-version":[{"id":397,"href":"https:\/\/www.hsu-hh.de\/bedarfsgerechtigkeit\/wp-json\/wp\/v2\/pages\/250\/revisions\/397"}],"wp:attachment":[{"href":"https:\/\/www.hsu-hh.de\/bedarfsgerechtigkeit\/wp-json\/wp\/v2\/media?parent=250"}],"wp:term":[{"taxonomy":"category","embeddable":true,"href":"https:\/\/www.hsu-hh.de\/bedarfsgerechtigkeit\/wp-json\/wp\/v2\/categories?post=250"},{"taxonomy":"post_tag","embeddable":true,"href":"https:\/\/www.hsu-hh.de\/bedarfsgerechtigkeit\/wp-json\/wp\/v2\/tags?post=250"}],"curies":[{"name":"wp","href":"https:\/\/api.w.org\/{rel}","templated":true}]}}